{"id":1289,"date":"2019-09-20T14:22:27","date_gmt":"2019-09-20T12:22:27","guid":{"rendered":"https:\/\/www.lassociation.fr\/auteur\/parrondo\/"},"modified":"2019-12-03T19:45:11","modified_gmt":"2019-12-03T18:45:11","slug":"parrondo","status":"publish","type":"auteur","link":"https:\/\/www.lassociation.fr\/en\/auteur\/parrondo\/","title":{"rendered":"Parrondo"},"content":{"rendered":"<p>Jos\u00e9 Parrondo vit et travaille \u00e0 Li\u00e8ge. Photographe de formation, il pratique l\u2019illustration et la bande dessin\u00e9e en autodidacte.<\/p>\n<p>Il est l\u2019auteur d\u2019une quarantaine de livres jeunesse et de bandes dessin\u00e9es, parus principalement \u00e0 L\u2019Association et Le Rouergue, mais aussi chez Delcourt, MeMo, Les Requins Marteaux, etc. Sa bande dessin\u00e9e Allez raconte, r\u00e9alis\u00e9e avec Lewis Trondheim, a \u00e9t\u00e9 adapt\u00e9e en dessin anim\u00e9 (90 \u00e9pisodes et un long m\u00e9trage).<\/p>\n<p>\u00ab <em>Parrondo construit une \u0153uvre au sens constamment \u00e9branl\u00e9, \u00e0 la fois brumeuse et \u00e9vidente, mais toujours dr\u00f4le et malicieuse (&#8230;) Imaginons un voyageur qui prend toujours le mauvais train. Le train qui va n\u2019importe o\u00f9. Il n\u2019y a pas une infinit\u00e9 de n\u2019importe o\u00f9. Donc le voyageur finira bien par arriver l\u00e0 o\u00f9 il veut.<\/em><\/p>\n<p><em>Toute l\u2019ing\u00e9niosit\u00e9 de Parrondo est l\u00e0, dans cette juxtaposition de choses simples \u2014 qui aboutissent \u00e0 une r\u00e9solution implacable, mais pourtant tout aussi absurde \u2014 de parvenir \u00e0 nous parler de son r\u00e9cit, mais aussi de son approche artistique, tout en connotant l\u2019id\u00e9e d\u2019une qu\u00eate plus personnelle au travers de la m\u00e9taphore du voyage. Parrondo semble nous expliquer de cette fa\u00e7on que la direction dans laquelle on cherche importe peu, l\u2019important c\u2019est de chercher, quitte \u00e0 se tromper.<\/em>\u00bb\u2028- Lo\u00efc Massa\u00efa, <a href=\"http:\/\/du9.org\" target=\"_blank\" rel=\"noopener noreferrer\">du9.org<\/a><\/p>\n","protected":false},"featured_media":0,"template":"","class_list":["post-1289","auteur","type-auteur","status-publish","hentry"],"acf":[],"yoast_head":"<title>Parrondo - L\u2019Association<\/title>\n<meta name=\"robots\" content=\"index, follow, max-snippet:-1, max-image-preview:large, max-video-preview:-1\" \/>\n<link rel=\"canonical\" href=\"https:\/\/www.lassociation.fr\/en\/auteur\/parrondo\/\" \/>\n<meta property=\"og:locale\" content=\"en_US\" \/>\n<meta property=\"og:type\" content=\"article\" \/>\n<meta property=\"og:title\" content=\"Parrondo - L\u2019Association\" \/>\n<meta property=\"og:description\" content=\"Jos\u00e9 Parrondo vit et travaille \u00e0 Li\u00e8ge. Photographe de formation, il pratique l\u2019illustration et la bande dessin\u00e9e en autodidacte. Il est l\u2019auteur d\u2019une quarantaine de livres jeunesse et de bandes dessin\u00e9es, parus principalement \u00e0 L\u2019Association et Le Rouergue, mais aussi chez Delcourt, MeMo, Les Requins Marteaux, etc. Sa bande dessin\u00e9e Allez raconte, r\u00e9alis\u00e9e avec Lewis [&hellip;]\" \/>\n<meta property=\"og:url\" content=\"https:\/\/www.lassociation.fr\/en\/auteur\/parrondo\/\" \/>\n<meta property=\"og:site_name\" content=\"L\u2019Association\" \/>\n<meta property=\"article:publisher\" content=\"https:\/\/www.facebook.com\/lhydrelasso\/\" \/>\n<meta property=\"article:modified_time\" content=\"2019-12-03T18:45:11+00:00\" \/>\n<meta property=\"og:image\" content=\"https:\/\/www.lassociation.fr\/backoffice\/wp-content\/uploads\/2019\/11\/asso_large.png\" \/>\n\t<meta property=\"og:image:width\" content=\"1200\" \/>\n\t<meta property=\"og:image:height\" content=\"630\" \/>\n\t<meta property=\"og:image:type\" content=\"image\/png\" \/>\n<meta name=\"twitter:card\" content=\"summary_large_image\" \/>\n<meta name=\"twitter:site\" content=\"@lassociation\" \/>\n<script type=\"application\/ld+json\" class=\"yoast-schema-graph\">{\"@context\":\"https:\\\/\\\/schema.org\",\"@graph\":[{\"@type\":\"WebPage\",\"@id\":\"https:\\\/\\\/www.lassociation.fr\\\/en\\\/auteur\\\/parrondo\\\/\",\"url\":\"https:\\\/\\\/www.lassociation.fr\\\/en\\\/auteur\\\/parrondo\\\/\",\"name\":\"Parrondo - L\u2019Association\",\"isPartOf\":{\"@id\":\"https:\\\/\\\/www.lassociation.fr\\\/en\\\/#website\"},\"datePublished\":\"2019-09-20T12:22:27+00:00\",\"dateModified\":\"2019-12-03T18:45:11+00:00\",\"breadcrumb\":{\"@id\":\"https:\\\/\\\/www.lassociation.fr\\\/en\\\/auteur\\\/parrondo\\\/#breadcrumb\"},\"inLanguage\":\"en-US\",\"potentialAction\":[{\"@type\":\"ReadAction\",\"target\":[\"https:\\\/\\\/www.lassociation.fr\\\/en\\\/auteur\\\/parrondo\\\/\"]}]},{\"@type\":\"BreadcrumbList\",\"@id\":\"https:\\\/\\\/www.lassociation.fr\\\/en\\\/auteur\\\/parrondo\\\/#breadcrumb\",\"itemListElement\":[{\"@type\":\"ListItem\",\"position\":1,\"name\":\"Accueil\",\"item\":\"https:\\\/\\\/www.lassociation.fr\\\/en\\\/\"},{\"@type\":\"ListItem\",\"position\":2,\"name\":\"Parrondo\"}]},{\"@type\":\"WebSite\",\"@id\":\"https:\\\/\\\/www.lassociation.fr\\\/en\\\/#website\",\"url\":\"https:\\\/\\\/www.lassociation.fr\\\/en\\\/\",\"name\":\"L\u2019Association\",\"description\":\"Maison d\u2019\u00e9dition fran\u00e7aise de bande dessin\u00e9e, fond\u00e9e en 1990.\",\"publisher\":{\"@id\":\"https:\\\/\\\/www.lassociation.fr\\\/en\\\/#organization\"},\"potentialAction\":[{\"@type\":\"SearchAction\",\"target\":{\"@type\":\"EntryPoint\",\"urlTemplate\":\"https:\\\/\\\/www.lassociation.fr\\\/en\\\/?s={search_term_string}\"},\"query-input\":{\"@type\":\"PropertyValueSpecification\",\"valueRequired\":true,\"valueName\":\"search_term_string\"}}],\"inLanguage\":\"en-US\"},{\"@type\":\"Organization\",\"@id\":\"https:\\\/\\\/www.lassociation.fr\\\/en\\\/#organization\",\"name\":\"L\u2019Association\",\"url\":\"https:\\\/\\\/www.lassociation.fr\\\/en\\\/\",\"logo\":{\"@type\":\"ImageObject\",\"inLanguage\":\"en-US\",\"@id\":\"https:\\\/\\\/www.lassociation.fr\\\/en\\\/#\\\/schema\\\/logo\\\/image\\\/\",\"url\":\"https:\\\/\\\/www.lassociation.fr\\\/backoffice\\\/wp-content\\\/uploads\\\/2019\\\/11\\\/asso_large.png\",\"contentUrl\":\"https:\\\/\\\/www.lassociation.fr\\\/backoffice\\\/wp-content\\\/uploads\\\/2019\\\/11\\\/asso_large.png\",\"width\":1200,\"height\":630,\"caption\":\"L\u2019Association\"},\"image\":{\"@id\":\"https:\\\/\\\/www.lassociation.fr\\\/en\\\/#\\\/schema\\\/logo\\\/image\\\/\"},\"sameAs\":[\"https:\\\/\\\/www.facebook.com\\\/lhydrelasso\\\/\",\"https:\\\/\\\/x.com\\\/lassociation\",\"https:\\\/\\\/www.instagram.com\\\/editions_lassociation\",\"https:\\\/\\\/fr.wikipedia.org\\\/wiki\\\/LAssociation\",\"https:\\\/\\\/www.youtube.com\\\/@editions_lassociation\"]}]}<\/script>","yoast_head_json":{"title":"Parrondo - L\u2019Association","robots":{"index":"index","follow":"follow","max-snippet":"max-snippet:-1","max-image-preview":"max-image-preview:large","max-video-preview":"max-video-preview:-1"},"canonical":"https:\/\/www.lassociation.fr\/en\/auteur\/parrondo\/","og_locale":"en_US","og_type":"article","og_title":"Parrondo - L\u2019Association","og_description":"Jos\u00e9 Parrondo vit et travaille \u00e0 Li\u00e8ge. Photographe de formation, il pratique l\u2019illustration et la bande dessin\u00e9e en autodidacte. Il est l\u2019auteur d\u2019une quarantaine de livres jeunesse et de bandes dessin\u00e9es, parus principalement \u00e0 L\u2019Association et Le Rouergue, mais aussi chez Delcourt, MeMo, Les Requins Marteaux, etc. Sa bande dessin\u00e9e Allez raconte, r\u00e9alis\u00e9e avec Lewis [&hellip;]","og_url":"https:\/\/www.lassociation.fr\/en\/auteur\/parrondo\/","og_site_name":"L\u2019Association","article_publisher":"https:\/\/www.facebook.com\/lhydrelasso\/","article_modified_time":"2019-12-03T18:45:11+00:00","og_image":[{"width":1200,"height":630,"url":"https:\/\/www.lassociation.fr\/backoffice\/wp-content\/uploads\/2019\/11\/asso_large.png","type":"image\/png"}],"twitter_card":"summary_large_image","twitter_site":"@lassociation","schema":{"@context":"https:\/\/schema.org","@graph":[{"@type":"WebPage","@id":"https:\/\/www.lassociation.fr\/en\/auteur\/parrondo\/","url":"https:\/\/www.lassociation.fr\/en\/auteur\/parrondo\/","name":"Parrondo - L\u2019Association","isPartOf":{"@id":"https:\/\/www.lassociation.fr\/en\/#website"},"datePublished":"2019-09-20T12:22:27+00:00","dateModified":"2019-12-03T18:45:11+00:00","breadcrumb":{"@id":"https:\/\/www.lassociation.fr\/en\/auteur\/parrondo\/#breadcrumb"},"inLanguage":"en-US","potentialAction":[{"@type":"ReadAction","target":["https:\/\/www.lassociation.fr\/en\/auteur\/parrondo\/"]}]},{"@type":"BreadcrumbList","@id":"https:\/\/www.lassociation.fr\/en\/auteur\/parrondo\/#breadcrumb","itemListElement":[{"@type":"ListItem","position":1,"name":"Accueil","item":"https:\/\/www.lassociation.fr\/en\/"},{"@type":"ListItem","position":2,"name":"Parrondo"}]},{"@type":"WebSite","@id":"https:\/\/www.lassociation.fr\/en\/#website","url":"https:\/\/www.lassociation.fr\/en\/","name":"L\u2019Association","description":"Maison d\u2019\u00e9dition fran\u00e7aise de bande dessin\u00e9e, fond\u00e9e en 1990.","publisher":{"@id":"https:\/\/www.lassociation.fr\/en\/#organization"},"potentialAction":[{"@type":"SearchAction","target":{"@type":"EntryPoint","urlTemplate":"https:\/\/www.lassociation.fr\/en\/?s={search_term_string}"},"query-input":{"@type":"PropertyValueSpecification","valueRequired":true,"valueName":"search_term_string"}}],"inLanguage":"en-US"},{"@type":"Organization","@id":"https:\/\/www.lassociation.fr\/en\/#organization","name":"L\u2019Association","url":"https:\/\/www.lassociation.fr\/en\/","logo":{"@type":"ImageObject","inLanguage":"en-US","@id":"https:\/\/www.lassociation.fr\/en\/#\/schema\/logo\/image\/","url":"https:\/\/www.lassociation.fr\/backoffice\/wp-content\/uploads\/2019\/11\/asso_large.png","contentUrl":"https:\/\/www.lassociation.fr\/backoffice\/wp-content\/uploads\/2019\/11\/asso_large.png","width":1200,"height":630,"caption":"L\u2019Association"},"image":{"@id":"https:\/\/www.lassociation.fr\/en\/#\/schema\/logo\/image\/"},"sameAs":["https:\/\/www.facebook.com\/lhydrelasso\/","https:\/\/x.com\/lassociation","https:\/\/www.instagram.com\/editions_lassociation","https:\/\/fr.wikipedia.org\/wiki\/LAssociation","https:\/\/www.youtube.com\/@editions_lassociation"]}]}},"_links":{"self":[{"href":"https:\/\/www.lassociation.fr\/en\/wp-json\/wp\/v2\/auteur\/1289","targetHints":{"allow":["GET"]}}],"collection":[{"href":"https:\/\/www.lassociation.fr\/en\/wp-json\/wp\/v2\/auteur"}],"about":[{"href":"https:\/\/www.lassociation.fr\/en\/wp-json\/wp\/v2\/types\/auteur"}],"wp:attachment":[{"href":"https:\/\/www.lassociation.fr\/en\/wp-json\/wp\/v2\/media?parent=1289"}],"curies":[{"name":"wp","href":"https:\/\/api.w.org\/{rel}","templated":true}]}}