{"id":13950,"date":"2020-06-02T12:09:02","date_gmt":"2020-06-02T10:09:02","guid":{"rendered":"https:\/\/www.lassociation.fr\/?post_type=product&#038;p=13950"},"modified":"2026-03-09T19:43:28","modified_gmt":"2026-03-09T18:43:28","slug":"mon-lapin-quotidien-14","status":"publish","type":"product","link":"https:\/\/www.lassociation.fr\/en\/catalogue\/mon-lapin-quotidien-14\/","title":{"rendered":"Mon Lapin Quotidien #14"},"content":{"rendered":"<p><strong><i>Mon Lapin Quotidien<\/i>\u00a0remet le nez dehors, apr\u00e8s deux mois pass\u00e9s claquemur\u00e9 en son clapier.<\/strong><\/p>\n<div>\n<p>Le temps du confinement, ce n\u2019est pas le covid mais un autre virus \u00e9trange qui a infect\u00e9 notre <a href=\"https:\/\/www.lassociation.fr\/catalogue\/collections\/lapin\/\">Lapin<\/a>, pour provoquer chez lui une mutation sans pr\u00e9c\u00e9dent dans le r\u00e8gne animal, en le transformant en pangolin :\u00a0<a href=\"https:\/\/monpangolindavril.tumblr.com\" target=\"_blank\" rel=\"noopener noreferrer\"><i>Mon Pangolin d&#8217;Avril<\/i><\/a>&#8230; Ce furent 30 pages t\u00e9l\u00e9-publi\u00e9es sur les internets entre le 9 avril et le 10 mai.<\/p>\n<p>Aujourd\u2019hui gu\u00e9ri, <em>Mon Lapin Quotidien<\/em> revoit la lumi\u00e8re du jour avec un num\u00e9ro consacr\u00e9 \u00e0 LA NUIT. CQFD.<\/p>\n<p>Un num\u00e9ro de 16 pages, envelopp\u00e9 d\u2019une douce bichromie bleue-nuit pour le m\u00eame prix !<\/p>\n<p>Un num\u00e9ro qui fait le tour de la nuit, sans omettre d\u2019\u00e9voquer \u2013 voire : d\u2019invoquer \u2013 le jour.<\/p>\n<p>Un num\u00e9ro gu\u00e9ri, mais pas sans s\u00e9quelles, qui conserve les stigmates de sa maladie sous la forme d\u2019un poster central<i> Mon Pangolin d\u2019Avril<\/i>, r\u00e9unissant les pires moments de l\u2019\u00e9pisode infectieux qu\u2019a travers\u00e9 l\u2019animal, \u00e0 la mani\u00e8re d\u2019un dazibao \u00e0 afficher sur tous les murs.<\/p>\n<p>Suite au num\u00e9ro 13 et \u00e0 la fusion cosmique Faucompr\u00e9 \/ Killoffer aux manettes du journal \u2013 et toujours avec Rocco aux manettes de la maquette, qu\u2019on se rassure ! \u2013 de nouvelles recrues atterrissent sur la plan\u00e8te MLQ. Parmi elles Charles Pennequin, T\u00e9a Alvarrobie, Baptiste Brunello, Jackie Berroyer, Ma\u00eft\u00e9 Grandjouan, David Dufresne, Petra Mrzyk &amp; Jean-Fran\u00e7ois Moriceau, Aleksandra Waliszewska, Fantazio, Dans le ciel tout va bien, Laurent Impeduglia, Valfret Asperatus, Tom de P\u00e9kin, Hector de la Vall\u00e9e, Baptiste Virot, Camille Lavaud, Geoffroy Pithon, Martes Bathori, etc.<\/p>\n<\/div>\n","protected":false},"excerpt":{"rendered":"<p>Mon Lapin Quotidien\u00a0remet le nez dehors, apr\u00e8s deux mois pass\u00e9s claquemur\u00e9 en son clapier. Le temps du confinement, ce n\u2019est pas le covid mais un autre virus \u00e9trange qui a infect\u00e9 notre Lapin, pour provoquer chez lui une mutation sans pr\u00e9c\u00e9dent dans le r\u00e8gne animal, en le transformant en pangolin :\u00a0Mon Pangolin d&#8217;Avril&#8230; Ce furent [&hellip;]<\/p>\n","protected":false},"featured_media":13951,"template":"","meta":{"_acf_changed":false},"product_cat":[40],"product_tag":[],"class_list":{"0":"post-13950","1":"product","2":"type-product","3":"status-publish","4":"has-post-thumbnail","6":"product_cat-lapin","7":"member-discount","8":"discount-restricted","10":"first","11":"instock","12":"taxable","13":"shipping-taxable","14":"purchasable","15":"product-type-simple"},"acf":[],"yoast_head":"<title>Mon Lapin Quotidien #14 - L\u2019Association<\/title>\n<meta name=\"robots\" content=\"index, follow, max-snippet:-1, max-image-preview:large, max-video-preview:-1\" \/>\n<link rel=\"canonical\" href=\"https:\/\/www.lassociation.fr\/en\/catalogue\/mon-lapin-quotidien-14\/\" \/>\n<meta property=\"og:locale\" content=\"en_US\" \/>\n<meta property=\"og:type\" content=\"article\" \/>\n<meta property=\"og:title\" content=\"Mon Lapin Quotidien #14 - L\u2019Association\" \/>\n<meta property=\"og:description\" content=\"Mon Lapin Quotidien\u00a0remet le nez dehors, apr\u00e8s deux mois pass\u00e9s claquemur\u00e9 en son clapier. Le temps du confinement, ce n\u2019est pas le covid mais un autre virus \u00e9trange qui a infect\u00e9 notre Lapin, pour provoquer chez lui une mutation sans pr\u00e9c\u00e9dent dans le r\u00e8gne animal, en le transformant en pangolin :\u00a0Mon Pangolin d&#8217;Avril&#8230; Ce furent [&hellip;]\" \/>\n<meta property=\"og:url\" content=\"https:\/\/www.lassociation.fr\/en\/catalogue\/mon-lapin-quotidien-14\/\" \/>\n<meta property=\"og:site_name\" content=\"L\u2019Association\" \/>\n<meta property=\"article:publisher\" content=\"https:\/\/www.facebook.com\/lhydrelasso\/\" \/>\n<meta property=\"article:modified_time\" content=\"2026-03-09T18:43:28+00:00\" \/>\n<meta property=\"og:image\" content=\"https:\/\/www.lassociation.fr\/backoffice\/wp-content\/uploads\/2020\/06\/9782844147929-p1-768x1086.png\" \/>\n\t<meta property=\"og:image:width\" content=\"768\" \/>\n\t<meta property=\"og:image:height\" content=\"1086\" \/>\n\t<meta property=\"og:image:type\" content=\"image\/png\" \/>\n<meta name=\"twitter:card\" content=\"summary_large_image\" \/>\n<meta name=\"twitter:site\" content=\"@lassociation\" \/>\n<script type=\"application\/ld+json\" class=\"yoast-schema-graph\">{\"@context\":\"https:\\\/\\\/schema.org\",\"@graph\":[{\"@type\":\"WebPage\",\"@id\":\"https:\\\/\\\/www.lassociation.fr\\\/en\\\/catalogue\\\/mon-lapin-quotidien-14\\\/\",\"url\":\"https:\\\/\\\/www.lassociation.fr\\\/en\\\/catalogue\\\/mon-lapin-quotidien-14\\\/\",\"name\":\"Mon Lapin Quotidien #14 - L\u2019Association\",\"isPartOf\":{\"@id\":\"https:\\\/\\\/www.lassociation.fr\\\/en\\\/#website\"},\"primaryImageOfPage\":{\"@id\":\"https:\\\/\\\/www.lassociation.fr\\\/en\\\/catalogue\\\/mon-lapin-quotidien-14\\\/#primaryimage\"},\"image\":{\"@id\":\"https:\\\/\\\/www.lassociation.fr\\\/en\\\/catalogue\\\/mon-lapin-quotidien-14\\\/#primaryimage\"},\"thumbnailUrl\":\"https:\\\/\\\/www.lassociation.fr\\\/backoffice\\\/wp-content\\\/uploads\\\/2020\\\/06\\\/9782844147929-p1.png\",\"datePublished\":\"2020-06-02T10:09:02+00:00\",\"dateModified\":\"2026-03-09T18:43:28+00:00\",\"breadcrumb\":{\"@id\":\"https:\\\/\\\/www.lassociation.fr\\\/en\\\/catalogue\\\/mon-lapin-quotidien-14\\\/#breadcrumb\"},\"inLanguage\":\"en-US\",\"potentialAction\":[{\"@type\":\"ReadAction\",\"target\":[\"https:\\\/\\\/www.lassociation.fr\\\/en\\\/catalogue\\\/mon-lapin-quotidien-14\\\/\"]}]},{\"@type\":\"ImageObject\",\"inLanguage\":\"en-US\",\"@id\":\"https:\\\/\\\/www.lassociation.fr\\\/en\\\/catalogue\\\/mon-lapin-quotidien-14\\\/#primaryimage\",\"url\":\"https:\\\/\\\/www.lassociation.fr\\\/backoffice\\\/wp-content\\\/uploads\\\/2020\\\/06\\\/9782844147929-p1.png\",\"contentUrl\":\"https:\\\/\\\/www.lassociation.fr\\\/backoffice\\\/wp-content\\\/uploads\\\/2020\\\/06\\\/9782844147929-p1.png\",\"width\":1240,\"height\":1754},{\"@type\":\"BreadcrumbList\",\"@id\":\"https:\\\/\\\/www.lassociation.fr\\\/en\\\/catalogue\\\/mon-lapin-quotidien-14\\\/#breadcrumb\",\"itemListElement\":[{\"@type\":\"ListItem\",\"position\":1,\"name\":\"Accueil\",\"item\":\"https:\\\/\\\/www.lassociation.fr\\\/en\\\/\"},{\"@type\":\"ListItem\",\"position\":2,\"name\":\"Catalog\",\"item\":\"https:\\\/\\\/www.lassociation.fr\\\/en\\\/catalogue\\\/\"},{\"@type\":\"ListItem\",\"position\":3,\"name\":\"Mon Lapin Quotidien #14\"}]},{\"@type\":\"WebSite\",\"@id\":\"https:\\\/\\\/www.lassociation.fr\\\/en\\\/#website\",\"url\":\"https:\\\/\\\/www.lassociation.fr\\\/en\\\/\",\"name\":\"L\u2019Association\",\"description\":\"Maison d\u2019\u00e9dition fran\u00e7aise de bande dessin\u00e9e, fond\u00e9e en 1990.\",\"publisher\":{\"@id\":\"https:\\\/\\\/www.lassociation.fr\\\/en\\\/#organization\"},\"potentialAction\":[{\"@type\":\"SearchAction\",\"target\":{\"@type\":\"EntryPoint\",\"urlTemplate\":\"https:\\\/\\\/www.lassociation.fr\\\/en\\\/?s={search_term_string}\"},\"query-input\":{\"@type\":\"PropertyValueSpecification\",\"valueRequired\":true,\"valueName\":\"search_term_string\"}}],\"inLanguage\":\"en-US\"},{\"@type\":\"Organization\",\"@id\":\"https:\\\/\\\/www.lassociation.fr\\\/en\\\/#organization\",\"name\":\"L\u2019Association\",\"url\":\"https:\\\/\\\/www.lassociation.fr\\\/en\\\/\",\"logo\":{\"@type\":\"ImageObject\",\"inLanguage\":\"en-US\",\"@id\":\"https:\\\/\\\/www.lassociation.fr\\\/en\\\/#\\\/schema\\\/logo\\\/image\\\/\",\"url\":\"https:\\\/\\\/www.lassociation.fr\\\/backoffice\\\/wp-content\\\/uploads\\\/2019\\\/11\\\/asso_large.png\",\"contentUrl\":\"https:\\\/\\\/www.lassociation.fr\\\/backoffice\\\/wp-content\\\/uploads\\\/2019\\\/11\\\/asso_large.png\",\"width\":1200,\"height\":630,\"caption\":\"L\u2019Association\"},\"image\":{\"@id\":\"https:\\\/\\\/www.lassociation.fr\\\/en\\\/#\\\/schema\\\/logo\\\/image\\\/\"},\"sameAs\":[\"https:\\\/\\\/www.facebook.com\\\/lhydrelasso\\\/\",\"https:\\\/\\\/x.com\\\/lassociation\",\"https:\\\/\\\/www.instagram.com\\\/editions_lassociation\",\"https:\\\/\\\/fr.wikipedia.org\\\/wiki\\\/LAssociation\",\"https:\\\/\\\/www.youtube.com\\\/@editions_lassociation\"]}]}<\/script>","yoast_head_json":{"title":"Mon Lapin Quotidien #14 - L\u2019Association","robots":{"index":"index","follow":"follow","max-snippet":"max-snippet:-1","max-image-preview":"max-image-preview:large","max-video-preview":"max-video-preview:-1"},"canonical":"https:\/\/www.lassociation.fr\/en\/catalogue\/mon-lapin-quotidien-14\/","og_locale":"en_US","og_type":"article","og_title":"Mon Lapin Quotidien #14 - L\u2019Association","og_description":"Mon Lapin Quotidien\u00a0remet le nez dehors, apr\u00e8s deux mois pass\u00e9s claquemur\u00e9 en son clapier. Le temps du confinement, ce n\u2019est pas le covid mais un autre virus \u00e9trange qui a infect\u00e9 notre Lapin, pour provoquer chez lui une mutation sans pr\u00e9c\u00e9dent dans le r\u00e8gne animal, en le transformant en pangolin :\u00a0Mon Pangolin d&#8217;Avril&#8230; Ce furent [&hellip;]","og_url":"https:\/\/www.lassociation.fr\/en\/catalogue\/mon-lapin-quotidien-14\/","og_site_name":"L\u2019Association","article_publisher":"https:\/\/www.facebook.com\/lhydrelasso\/","article_modified_time":"2026-03-09T18:43:28+00:00","og_image":[{"width":768,"height":1086,"url":"https:\/\/www.lassociation.fr\/backoffice\/wp-content\/uploads\/2020\/06\/9782844147929-p1-768x1086.png","type":"image\/png"}],"twitter_card":"summary_large_image","twitter_site":"@lassociation","schema":{"@context":"https:\/\/schema.org","@graph":[{"@type":"WebPage","@id":"https:\/\/www.lassociation.fr\/en\/catalogue\/mon-lapin-quotidien-14\/","url":"https:\/\/www.lassociation.fr\/en\/catalogue\/mon-lapin-quotidien-14\/","name":"Mon Lapin Quotidien #14 - L\u2019Association","isPartOf":{"@id":"https:\/\/www.lassociation.fr\/en\/#website"},"primaryImageOfPage":{"@id":"https:\/\/www.lassociation.fr\/en\/catalogue\/mon-lapin-quotidien-14\/#primaryimage"},"image":{"@id":"https:\/\/www.lassociation.fr\/en\/catalogue\/mon-lapin-quotidien-14\/#primaryimage"},"thumbnailUrl":"https:\/\/www.lassociation.fr\/backoffice\/wp-content\/uploads\/2020\/06\/9782844147929-p1.png","datePublished":"2020-06-02T10:09:02+00:00","dateModified":"2026-03-09T18:43:28+00:00","breadcrumb":{"@id":"https:\/\/www.lassociation.fr\/en\/catalogue\/mon-lapin-quotidien-14\/#breadcrumb"},"inLanguage":"en-US","potentialAction":[{"@type":"ReadAction","target":["https:\/\/www.lassociation.fr\/en\/catalogue\/mon-lapin-quotidien-14\/"]}]},{"@type":"ImageObject","inLanguage":"en-US","@id":"https:\/\/www.lassociation.fr\/en\/catalogue\/mon-lapin-quotidien-14\/#primaryimage","url":"https:\/\/www.lassociation.fr\/backoffice\/wp-content\/uploads\/2020\/06\/9782844147929-p1.png","contentUrl":"https:\/\/www.lassociation.fr\/backoffice\/wp-content\/uploads\/2020\/06\/9782844147929-p1.png","width":1240,"height":1754},{"@type":"BreadcrumbList","@id":"https:\/\/www.lassociation.fr\/en\/catalogue\/mon-lapin-quotidien-14\/#breadcrumb","itemListElement":[{"@type":"ListItem","position":1,"name":"Accueil","item":"https:\/\/www.lassociation.fr\/en\/"},{"@type":"ListItem","position":2,"name":"Catalog","item":"https:\/\/www.lassociation.fr\/en\/catalogue\/"},{"@type":"ListItem","position":3,"name":"Mon Lapin Quotidien #14"}]},{"@type":"WebSite","@id":"https:\/\/www.lassociation.fr\/en\/#website","url":"https:\/\/www.lassociation.fr\/en\/","name":"L\u2019Association","description":"Maison d\u2019\u00e9dition fran\u00e7aise de bande dessin\u00e9e, fond\u00e9e en 1990.","publisher":{"@id":"https:\/\/www.lassociation.fr\/en\/#organization"},"potentialAction":[{"@type":"SearchAction","target":{"@type":"EntryPoint","urlTemplate":"https:\/\/www.lassociation.fr\/en\/?s={search_term_string}"},"query-input":{"@type":"PropertyValueSpecification","valueRequired":true,"valueName":"search_term_string"}}],"inLanguage":"en-US"},{"@type":"Organization","@id":"https:\/\/www.lassociation.fr\/en\/#organization","name":"L\u2019Association","url":"https:\/\/www.lassociation.fr\/en\/","logo":{"@type":"ImageObject","inLanguage":"en-US","@id":"https:\/\/www.lassociation.fr\/en\/#\/schema\/logo\/image\/","url":"https:\/\/www.lassociation.fr\/backoffice\/wp-content\/uploads\/2019\/11\/asso_large.png","contentUrl":"https:\/\/www.lassociation.fr\/backoffice\/wp-content\/uploads\/2019\/11\/asso_large.png","width":1200,"height":630,"caption":"L\u2019Association"},"image":{"@id":"https:\/\/www.lassociation.fr\/en\/#\/schema\/logo\/image\/"},"sameAs":["https:\/\/www.facebook.com\/lhydrelasso\/","https:\/\/x.com\/lassociation","https:\/\/www.instagram.com\/editions_lassociation","https:\/\/fr.wikipedia.org\/wiki\/LAssociation","https:\/\/www.youtube.com\/@editions_lassociation"]}]}},"_links":{"self":[{"href":"https:\/\/www.lassociation.fr\/en\/wp-json\/wp\/v2\/product\/13950","targetHints":{"allow":["GET"]}}],"collection":[{"href":"https:\/\/www.lassociation.fr\/en\/wp-json\/wp\/v2\/product"}],"about":[{"href":"https:\/\/www.lassociation.fr\/en\/wp-json\/wp\/v2\/types\/product"}],"wp:featuredmedia":[{"embeddable":true,"href":"https:\/\/www.lassociation.fr\/en\/wp-json\/wp\/v2\/media\/13951"}],"wp:attachment":[{"href":"https:\/\/www.lassociation.fr\/en\/wp-json\/wp\/v2\/media?parent=13950"}],"wp:term":[{"taxonomy":"product_cat","embeddable":true,"href":"https:\/\/www.lassociation.fr\/en\/wp-json\/wp\/v2\/product_cat?post=13950"},{"taxonomy":"product_tag","embeddable":true,"href":"https:\/\/www.lassociation.fr\/en\/wp-json\/wp\/v2\/product_tag?post=13950"}],"curies":[{"name":"wp","href":"https:\/\/api.w.org\/{rel}","templated":true}]}}