{"id":13981,"date":"2020-06-04T11:30:19","date_gmt":"2020-06-04T09:30:19","guid":{"rendered":"https:\/\/www.lassociation.fr\/?post_type=product&#038;p=13981"},"modified":"2026-01-26T21:19:05","modified_gmt":"2026-01-26T20:19:05","slug":"cascade","status":"publish","type":"product","link":"https:\/\/www.lassociation.fr\/en\/catalogue\/cascade\/","title":{"rendered":"Cascade"},"content":{"rendered":"<p>Quel est le point commun entre Galil\u00e9e, Robert Bresson, Ettore Sottsass, saint Fran\u00e7ois d\u2019Assise et Robert Walser\u00a0? Rien <em>a priori,<\/em> si ce n\u2019est de se retrouver convoqu\u00e9s par Fabio Viscogliosi dans son dernier ouvrage, <strong>Cascade.<\/strong> R\u00e9flexions m\u00e9taphysiques, bribes de souvenirs, r\u00e9f\u00e9rences au cin\u00e9ma et \u00e0 la litt\u00e9rature se trouvent m\u00eal\u00e9es dans ce livre album haut en couleurs. Les 103 planches du volume constituent autant de tentatives d\u2019arr\u00eater le temps en isolant une id\u00e9e, un souvenir ou une sensation et fonctionnent comme des variations regroup\u00e9es sous une m\u00eame atmosph\u00e8re color\u00e9e. Fabio joue avec des formes aux couleurs franches et aux contours bien d\u00e9limit\u00e9s pour b\u00e2tir des visuels ludiques \u00e0 la limite de l&#8217;abstraction.<\/p>\n<p>Un travail qui \u00e9voque ses \u0153uvres \u00e0 la peinture acrylique. Il met \u00e9galement en sc\u00e8ne le fameux \u00e2ne, alter-ego de papier et personnage r\u00e9current de son univers graphique \u2013 figure que l\u2019on retrouve \u00e9galement sur les pochettes de ses albums, car Fabio est \u00e9galement musicien. \u00c0 la fois livre de notes et de souvenirs,\u00a0<strong>Cascade<\/strong> s\u2019attaque au joyeux chaos de la pens\u00e9e pour tenter de le mettre en forme(s).<\/p>\n<p>Il s\u2019agit de son troisi\u00e8me ouvrage publi\u00e9 par L\u2019Association.<\/p>\n","protected":false},"excerpt":{"rendered":"<p>Quel est le point commun entre Galil\u00e9e, Robert Bresson, Ettore Sottsass, saint Fran\u00e7ois d\u2019Assise et Robert Walser\u00a0? Rien a priori, si ce n\u2019est de se retrouver convoqu\u00e9s par Fabio Viscogliosi dans son dernier ouvrage, Cascade. R\u00e9flexions m\u00e9taphysiques, bribes de souvenirs, r\u00e9f\u00e9rences au cin\u00e9ma et \u00e0 la litt\u00e9rature se trouvent m\u00eal\u00e9es dans ce livre album haut [&hellip;]<\/p>\n","protected":false},"featured_media":13982,"template":"","meta":{"_acf_changed":false},"product_cat":[48],"product_tag":[],"class_list":{"0":"post-13981","1":"product","2":"type-product","3":"status-publish","4":"has-post-thumbnail","6":"product_cat-hors-collection","7":"member-discount","8":"discount-restricted","10":"first","11":"instock","12":"taxable","13":"shipping-taxable","14":"purchasable","15":"product-type-simple"},"acf":[],"yoast_head":"<title>Cascade - L\u2019Association<\/title>\n<meta name=\"robots\" content=\"index, follow, max-snippet:-1, max-image-preview:large, max-video-preview:-1\" \/>\n<link rel=\"canonical\" href=\"https:\/\/www.lassociation.fr\/en\/catalogue\/cascade\/\" \/>\n<meta property=\"og:locale\" content=\"en_US\" \/>\n<meta property=\"og:type\" content=\"article\" \/>\n<meta property=\"og:title\" content=\"Cascade - L\u2019Association\" \/>\n<meta property=\"og:description\" content=\"Quel est le point commun entre Galil\u00e9e, Robert Bresson, Ettore Sottsass, saint Fran\u00e7ois d\u2019Assise et Robert Walser\u00a0? Rien a priori, si ce n\u2019est de se retrouver convoqu\u00e9s par Fabio Viscogliosi dans son dernier ouvrage, Cascade. R\u00e9flexions m\u00e9taphysiques, bribes de souvenirs, r\u00e9f\u00e9rences au cin\u00e9ma et \u00e0 la litt\u00e9rature se trouvent m\u00eal\u00e9es dans ce livre album haut [&hellip;]\" \/>\n<meta property=\"og:url\" content=\"https:\/\/www.lassociation.fr\/en\/catalogue\/cascade\/\" \/>\n<meta property=\"og:site_name\" content=\"L\u2019Association\" \/>\n<meta property=\"article:publisher\" content=\"https:\/\/www.facebook.com\/lhydrelasso\/\" \/>\n<meta property=\"article:modified_time\" content=\"2026-01-26T20:19:05+00:00\" \/>\n<meta property=\"og:image\" content=\"https:\/\/www.lassociation.fr\/backoffice\/wp-content\/uploads\/2020\/06\/9782844147820_couv.png\" \/>\n\t<meta property=\"og:image:width\" content=\"2435\" \/>\n\t<meta property=\"og:image:height\" content=\"3283\" \/>\n\t<meta property=\"og:image:type\" content=\"image\/png\" \/>\n<meta name=\"twitter:card\" content=\"summary_large_image\" \/>\n<meta name=\"twitter:site\" content=\"@lassociation\" \/>\n<script type=\"application\/ld+json\" class=\"yoast-schema-graph\">{\"@context\":\"https:\\\/\\\/schema.org\",\"@graph\":[{\"@type\":\"WebPage\",\"@id\":\"https:\\\/\\\/www.lassociation.fr\\\/en\\\/catalogue\\\/cascade\\\/\",\"url\":\"https:\\\/\\\/www.lassociation.fr\\\/en\\\/catalogue\\\/cascade\\\/\",\"name\":\"Cascade - L\u2019Association\",\"isPartOf\":{\"@id\":\"https:\\\/\\\/www.lassociation.fr\\\/en\\\/#website\"},\"primaryImageOfPage\":{\"@id\":\"https:\\\/\\\/www.lassociation.fr\\\/en\\\/catalogue\\\/cascade\\\/#primaryimage\"},\"image\":{\"@id\":\"https:\\\/\\\/www.lassociation.fr\\\/en\\\/catalogue\\\/cascade\\\/#primaryimage\"},\"thumbnailUrl\":\"https:\\\/\\\/www.lassociation.fr\\\/backoffice\\\/wp-content\\\/uploads\\\/2020\\\/06\\\/9782844147820_couv.png\",\"datePublished\":\"2020-06-04T09:30:19+00:00\",\"dateModified\":\"2026-01-26T20:19:05+00:00\",\"breadcrumb\":{\"@id\":\"https:\\\/\\\/www.lassociation.fr\\\/en\\\/catalogue\\\/cascade\\\/#breadcrumb\"},\"inLanguage\":\"en-US\",\"potentialAction\":[{\"@type\":\"ReadAction\",\"target\":[\"https:\\\/\\\/www.lassociation.fr\\\/en\\\/catalogue\\\/cascade\\\/\"]}]},{\"@type\":\"ImageObject\",\"inLanguage\":\"en-US\",\"@id\":\"https:\\\/\\\/www.lassociation.fr\\\/en\\\/catalogue\\\/cascade\\\/#primaryimage\",\"url\":\"https:\\\/\\\/www.lassociation.fr\\\/backoffice\\\/wp-content\\\/uploads\\\/2020\\\/06\\\/9782844147820_couv.png\",\"contentUrl\":\"https:\\\/\\\/www.lassociation.fr\\\/backoffice\\\/wp-content\\\/uploads\\\/2020\\\/06\\\/9782844147820_couv.png\",\"width\":2435,\"height\":3283},{\"@type\":\"BreadcrumbList\",\"@id\":\"https:\\\/\\\/www.lassociation.fr\\\/en\\\/catalogue\\\/cascade\\\/#breadcrumb\",\"itemListElement\":[{\"@type\":\"ListItem\",\"position\":1,\"name\":\"Accueil\",\"item\":\"https:\\\/\\\/www.lassociation.fr\\\/en\\\/\"},{\"@type\":\"ListItem\",\"position\":2,\"name\":\"Catalog\",\"item\":\"https:\\\/\\\/www.lassociation.fr\\\/en\\\/catalogue\\\/\"},{\"@type\":\"ListItem\",\"position\":3,\"name\":\"Cascade\"}]},{\"@type\":\"WebSite\",\"@id\":\"https:\\\/\\\/www.lassociation.fr\\\/en\\\/#website\",\"url\":\"https:\\\/\\\/www.lassociation.fr\\\/en\\\/\",\"name\":\"L\u2019Association\",\"description\":\"Maison d\u2019\u00e9dition fran\u00e7aise de bande dessin\u00e9e, fond\u00e9e en 1990.\",\"publisher\":{\"@id\":\"https:\\\/\\\/www.lassociation.fr\\\/en\\\/#organization\"},\"potentialAction\":[{\"@type\":\"SearchAction\",\"target\":{\"@type\":\"EntryPoint\",\"urlTemplate\":\"https:\\\/\\\/www.lassociation.fr\\\/en\\\/?s={search_term_string}\"},\"query-input\":{\"@type\":\"PropertyValueSpecification\",\"valueRequired\":true,\"valueName\":\"search_term_string\"}}],\"inLanguage\":\"en-US\"},{\"@type\":\"Organization\",\"@id\":\"https:\\\/\\\/www.lassociation.fr\\\/en\\\/#organization\",\"name\":\"L\u2019Association\",\"url\":\"https:\\\/\\\/www.lassociation.fr\\\/en\\\/\",\"logo\":{\"@type\":\"ImageObject\",\"inLanguage\":\"en-US\",\"@id\":\"https:\\\/\\\/www.lassociation.fr\\\/en\\\/#\\\/schema\\\/logo\\\/image\\\/\",\"url\":\"https:\\\/\\\/www.lassociation.fr\\\/backoffice\\\/wp-content\\\/uploads\\\/2019\\\/11\\\/asso_large.png\",\"contentUrl\":\"https:\\\/\\\/www.lassociation.fr\\\/backoffice\\\/wp-content\\\/uploads\\\/2019\\\/11\\\/asso_large.png\",\"width\":1200,\"height\":630,\"caption\":\"L\u2019Association\"},\"image\":{\"@id\":\"https:\\\/\\\/www.lassociation.fr\\\/en\\\/#\\\/schema\\\/logo\\\/image\\\/\"},\"sameAs\":[\"https:\\\/\\\/www.facebook.com\\\/lhydrelasso\\\/\",\"https:\\\/\\\/x.com\\\/lassociation\",\"https:\\\/\\\/www.instagram.com\\\/editions_lassociation\",\"https:\\\/\\\/fr.wikipedia.org\\\/wiki\\\/LAssociation\",\"https:\\\/\\\/www.youtube.com\\\/@editions_lassociation\"]}]}<\/script>","yoast_head_json":{"title":"Cascade - L\u2019Association","robots":{"index":"index","follow":"follow","max-snippet":"max-snippet:-1","max-image-preview":"max-image-preview:large","max-video-preview":"max-video-preview:-1"},"canonical":"https:\/\/www.lassociation.fr\/en\/catalogue\/cascade\/","og_locale":"en_US","og_type":"article","og_title":"Cascade - L\u2019Association","og_description":"Quel est le point commun entre Galil\u00e9e, Robert Bresson, Ettore Sottsass, saint Fran\u00e7ois d\u2019Assise et Robert Walser\u00a0? Rien a priori, si ce n\u2019est de se retrouver convoqu\u00e9s par Fabio Viscogliosi dans son dernier ouvrage, Cascade. R\u00e9flexions m\u00e9taphysiques, bribes de souvenirs, r\u00e9f\u00e9rences au cin\u00e9ma et \u00e0 la litt\u00e9rature se trouvent m\u00eal\u00e9es dans ce livre album haut [&hellip;]","og_url":"https:\/\/www.lassociation.fr\/en\/catalogue\/cascade\/","og_site_name":"L\u2019Association","article_publisher":"https:\/\/www.facebook.com\/lhydrelasso\/","article_modified_time":"2026-01-26T20:19:05+00:00","og_image":[{"width":2435,"height":3283,"url":"https:\/\/www.lassociation.fr\/backoffice\/wp-content\/uploads\/2020\/06\/9782844147820_couv.png","type":"image\/png"}],"twitter_card":"summary_large_image","twitter_site":"@lassociation","schema":{"@context":"https:\/\/schema.org","@graph":[{"@type":"WebPage","@id":"https:\/\/www.lassociation.fr\/en\/catalogue\/cascade\/","url":"https:\/\/www.lassociation.fr\/en\/catalogue\/cascade\/","name":"Cascade - L\u2019Association","isPartOf":{"@id":"https:\/\/www.lassociation.fr\/en\/#website"},"primaryImageOfPage":{"@id":"https:\/\/www.lassociation.fr\/en\/catalogue\/cascade\/#primaryimage"},"image":{"@id":"https:\/\/www.lassociation.fr\/en\/catalogue\/cascade\/#primaryimage"},"thumbnailUrl":"https:\/\/www.lassociation.fr\/backoffice\/wp-content\/uploads\/2020\/06\/9782844147820_couv.png","datePublished":"2020-06-04T09:30:19+00:00","dateModified":"2026-01-26T20:19:05+00:00","breadcrumb":{"@id":"https:\/\/www.lassociation.fr\/en\/catalogue\/cascade\/#breadcrumb"},"inLanguage":"en-US","potentialAction":[{"@type":"ReadAction","target":["https:\/\/www.lassociation.fr\/en\/catalogue\/cascade\/"]}]},{"@type":"ImageObject","inLanguage":"en-US","@id":"https:\/\/www.lassociation.fr\/en\/catalogue\/cascade\/#primaryimage","url":"https:\/\/www.lassociation.fr\/backoffice\/wp-content\/uploads\/2020\/06\/9782844147820_couv.png","contentUrl":"https:\/\/www.lassociation.fr\/backoffice\/wp-content\/uploads\/2020\/06\/9782844147820_couv.png","width":2435,"height":3283},{"@type":"BreadcrumbList","@id":"https:\/\/www.lassociation.fr\/en\/catalogue\/cascade\/#breadcrumb","itemListElement":[{"@type":"ListItem","position":1,"name":"Accueil","item":"https:\/\/www.lassociation.fr\/en\/"},{"@type":"ListItem","position":2,"name":"Catalog","item":"https:\/\/www.lassociation.fr\/en\/catalogue\/"},{"@type":"ListItem","position":3,"name":"Cascade"}]},{"@type":"WebSite","@id":"https:\/\/www.lassociation.fr\/en\/#website","url":"https:\/\/www.lassociation.fr\/en\/","name":"L\u2019Association","description":"Maison d\u2019\u00e9dition fran\u00e7aise de bande dessin\u00e9e, fond\u00e9e en 1990.","publisher":{"@id":"https:\/\/www.lassociation.fr\/en\/#organization"},"potentialAction":[{"@type":"SearchAction","target":{"@type":"EntryPoint","urlTemplate":"https:\/\/www.lassociation.fr\/en\/?s={search_term_string}"},"query-input":{"@type":"PropertyValueSpecification","valueRequired":true,"valueName":"search_term_string"}}],"inLanguage":"en-US"},{"@type":"Organization","@id":"https:\/\/www.lassociation.fr\/en\/#organization","name":"L\u2019Association","url":"https:\/\/www.lassociation.fr\/en\/","logo":{"@type":"ImageObject","inLanguage":"en-US","@id":"https:\/\/www.lassociation.fr\/en\/#\/schema\/logo\/image\/","url":"https:\/\/www.lassociation.fr\/backoffice\/wp-content\/uploads\/2019\/11\/asso_large.png","contentUrl":"https:\/\/www.lassociation.fr\/backoffice\/wp-content\/uploads\/2019\/11\/asso_large.png","width":1200,"height":630,"caption":"L\u2019Association"},"image":{"@id":"https:\/\/www.lassociation.fr\/en\/#\/schema\/logo\/image\/"},"sameAs":["https:\/\/www.facebook.com\/lhydrelasso\/","https:\/\/x.com\/lassociation","https:\/\/www.instagram.com\/editions_lassociation","https:\/\/fr.wikipedia.org\/wiki\/LAssociation","https:\/\/www.youtube.com\/@editions_lassociation"]}]}},"_links":{"self":[{"href":"https:\/\/www.lassociation.fr\/en\/wp-json\/wp\/v2\/product\/13981","targetHints":{"allow":["GET"]}}],"collection":[{"href":"https:\/\/www.lassociation.fr\/en\/wp-json\/wp\/v2\/product"}],"about":[{"href":"https:\/\/www.lassociation.fr\/en\/wp-json\/wp\/v2\/types\/product"}],"wp:featuredmedia":[{"embeddable":true,"href":"https:\/\/www.lassociation.fr\/en\/wp-json\/wp\/v2\/media\/13982"}],"wp:attachment":[{"href":"https:\/\/www.lassociation.fr\/en\/wp-json\/wp\/v2\/media?parent=13981"}],"wp:term":[{"taxonomy":"product_cat","embeddable":true,"href":"https:\/\/www.lassociation.fr\/en\/wp-json\/wp\/v2\/product_cat?post=13981"},{"taxonomy":"product_tag","embeddable":true,"href":"https:\/\/www.lassociation.fr\/en\/wp-json\/wp\/v2\/product_tag?post=13981"}],"curies":[{"name":"wp","href":"https:\/\/api.w.org\/{rel}","templated":true}]}}