{"id":1646,"date":"2014-03-01T00:00:00","date_gmt":"2014-02-28T23:00:00","guid":{"rendered":"https:\/\/www.lassociation.fr\/product\/fran\/"},"modified":"2026-01-30T10:09:35","modified_gmt":"2026-01-30T09:09:35","slug":"fran","status":"publish","type":"product","link":"https:\/\/www.lassociation.fr\/en\/catalogue\/fran\/","title":{"rendered":"Fran"},"content":{"rendered":"<p>Frank et le Congr\u00e8s des b\u00eates, prix sp\u00e9cial du jury d\u2019Angoul\u00eame 2012, s\u2019achevait sur Frank enla\u00e7ant tendrement Fran, son \u00e2me soeur fra\u00eechement rencontr\u00e9e, sous un ciel d\u2019\u00e9toiles hallucin\u00e9es. Fran, la deuxi\u00e8me partie, s\u2019ouvre sur leur couple d\u00e9sormais en m\u00e9nage. Mais le parfait amour ne peut se filer dans le monde faussement paisible du chat psych\u00e9d\u00e9lique. Tout s\u2019enraye \u00e0 la d\u00e9couverte d\u2019un \u00e9trange casque-projecteur qui projette le pass\u00e9 de celui qui le porte. Fran, refusant de le porter, s\u2019enfuit.<\/p>\n<p>Voil\u00e0 Frank \u00e9plor\u00e9 qui part \u00e0 sa recherche. Intrus fantasques et inqui\u00e9tants, saillies du bizarre, surgissent alors et br\u00e8ches ouvrant sur des dimensions parall\u00e8les s\u2019ench\u00e2ssent dans le chass\u00e9-crois\u00e9 des amoureux brouill\u00e9s. \u00c0 n\u2019en pas douter, les meilleurs ressorts du cartoon feront comme toujours r\u00e9gner l\u2019\u00e9ph\u00e9m\u00e8re dans le monde de Frank, personnage au destin immuable.<\/p>\n","protected":false},"excerpt":{"rendered":"<p>Frank et le Congr\u00e8s des b\u00eates, prix sp\u00e9cial du jury d\u2019Angoul\u00eame 2012, s\u2019achevait sur Frank enla\u00e7ant tendrement Fran, son \u00e2me soeur fra\u00eechement rencontr\u00e9e, sous un ciel d\u2019\u00e9toiles hallucin\u00e9es. Fran, la deuxi\u00e8me partie, s\u2019ouvre sur leur couple d\u00e9sormais en m\u00e9nage. Mais le parfait amour ne peut se filer dans le monde faussement paisible du chat psych\u00e9d\u00e9lique. [&hellip;]<\/p>\n","protected":false},"featured_media":2308,"template":"","meta":{"_acf_changed":false},"product_cat":[41],"product_tag":[],"class_list":{"0":"post-1646","1":"product","2":"type-product","3":"status-publish","4":"has-post-thumbnail","6":"product_cat-ciboulette","7":"member-discount","8":"discount-restricted","10":"first","11":"instock","12":"taxable","13":"shipping-taxable","14":"purchasable","15":"product-type-simple"},"acf":[],"yoast_head":"<title>Fran - L\u2019Association<\/title>\n<meta name=\"robots\" content=\"index, follow, max-snippet:-1, max-image-preview:large, max-video-preview:-1\" \/>\n<link rel=\"canonical\" href=\"https:\/\/www.lassociation.fr\/en\/catalogue\/fran\/\" \/>\n<meta property=\"og:locale\" content=\"en_US\" \/>\n<meta property=\"og:type\" content=\"article\" \/>\n<meta property=\"og:title\" content=\"Fran - L\u2019Association\" \/>\n<meta property=\"og:description\" content=\"Frank et le Congr\u00e8s des b\u00eates, prix sp\u00e9cial du jury d\u2019Angoul\u00eame 2012, s\u2019achevait sur Frank enla\u00e7ant tendrement Fran, son \u00e2me soeur fra\u00eechement rencontr\u00e9e, sous un ciel d\u2019\u00e9toiles hallucin\u00e9es. Fran, la deuxi\u00e8me partie, s\u2019ouvre sur leur couple d\u00e9sormais en m\u00e9nage. Mais le parfait amour ne peut se filer dans le monde faussement paisible du chat psych\u00e9d\u00e9lique. [&hellip;]\" \/>\n<meta property=\"og:url\" content=\"https:\/\/www.lassociation.fr\/en\/catalogue\/fran\/\" \/>\n<meta property=\"og:site_name\" content=\"L\u2019Association\" \/>\n<meta property=\"article:publisher\" content=\"https:\/\/www.facebook.com\/lhydrelasso\/\" \/>\n<meta property=\"article:modified_time\" content=\"2026-01-30T09:09:35+00:00\" \/>\n<meta property=\"og:image\" content=\"https:\/\/www.lassociation.fr\/backoffice\/wp-content\/uploads\/2019\/09\/3153.png\" \/>\n\t<meta property=\"og:image:width\" content=\"468\" \/>\n\t<meta property=\"og:image:height\" content=\"694\" \/>\n\t<meta property=\"og:image:type\" content=\"image\/png\" \/>\n<meta name=\"twitter:card\" content=\"summary_large_image\" \/>\n<meta name=\"twitter:site\" content=\"@lassociation\" \/>\n<script type=\"application\/ld+json\" class=\"yoast-schema-graph\">{\"@context\":\"https:\\\/\\\/schema.org\",\"@graph\":[{\"@type\":\"WebPage\",\"@id\":\"https:\\\/\\\/www.lassociation.fr\\\/en\\\/catalogue\\\/fran\\\/\",\"url\":\"https:\\\/\\\/www.lassociation.fr\\\/en\\\/catalogue\\\/fran\\\/\",\"name\":\"Fran - L\u2019Association\",\"isPartOf\":{\"@id\":\"https:\\\/\\\/www.lassociation.fr\\\/en\\\/#website\"},\"primaryImageOfPage\":{\"@id\":\"https:\\\/\\\/www.lassociation.fr\\\/en\\\/catalogue\\\/fran\\\/#primaryimage\"},\"image\":{\"@id\":\"https:\\\/\\\/www.lassociation.fr\\\/en\\\/catalogue\\\/fran\\\/#primaryimage\"},\"thumbnailUrl\":\"https:\\\/\\\/www.lassociation.fr\\\/backoffice\\\/wp-content\\\/uploads\\\/2019\\\/09\\\/3153.png\",\"datePublished\":\"2014-02-28T23:00:00+00:00\",\"dateModified\":\"2026-01-30T09:09:35+00:00\",\"breadcrumb\":{\"@id\":\"https:\\\/\\\/www.lassociation.fr\\\/en\\\/catalogue\\\/fran\\\/#breadcrumb\"},\"inLanguage\":\"en-US\",\"potentialAction\":[{\"@type\":\"ReadAction\",\"target\":[\"https:\\\/\\\/www.lassociation.fr\\\/en\\\/catalogue\\\/fran\\\/\"]}]},{\"@type\":\"ImageObject\",\"inLanguage\":\"en-US\",\"@id\":\"https:\\\/\\\/www.lassociation.fr\\\/en\\\/catalogue\\\/fran\\\/#primaryimage\",\"url\":\"https:\\\/\\\/www.lassociation.fr\\\/backoffice\\\/wp-content\\\/uploads\\\/2019\\\/09\\\/3153.png\",\"contentUrl\":\"https:\\\/\\\/www.lassociation.fr\\\/backoffice\\\/wp-content\\\/uploads\\\/2019\\\/09\\\/3153.png\",\"width\":468,\"height\":694},{\"@type\":\"BreadcrumbList\",\"@id\":\"https:\\\/\\\/www.lassociation.fr\\\/en\\\/catalogue\\\/fran\\\/#breadcrumb\",\"itemListElement\":[{\"@type\":\"ListItem\",\"position\":1,\"name\":\"Accueil\",\"item\":\"https:\\\/\\\/www.lassociation.fr\\\/en\\\/\"},{\"@type\":\"ListItem\",\"position\":2,\"name\":\"Catalog\",\"item\":\"https:\\\/\\\/www.lassociation.fr\\\/en\\\/catalogue\\\/\"},{\"@type\":\"ListItem\",\"position\":3,\"name\":\"Fran\"}]},{\"@type\":\"WebSite\",\"@id\":\"https:\\\/\\\/www.lassociation.fr\\\/en\\\/#website\",\"url\":\"https:\\\/\\\/www.lassociation.fr\\\/en\\\/\",\"name\":\"L\u2019Association\",\"description\":\"Maison d\u2019\u00e9dition fran\u00e7aise de bande dessin\u00e9e, fond\u00e9e en 1990.\",\"publisher\":{\"@id\":\"https:\\\/\\\/www.lassociation.fr\\\/en\\\/#organization\"},\"potentialAction\":[{\"@type\":\"SearchAction\",\"target\":{\"@type\":\"EntryPoint\",\"urlTemplate\":\"https:\\\/\\\/www.lassociation.fr\\\/en\\\/?s={search_term_string}\"},\"query-input\":{\"@type\":\"PropertyValueSpecification\",\"valueRequired\":true,\"valueName\":\"search_term_string\"}}],\"inLanguage\":\"en-US\"},{\"@type\":\"Organization\",\"@id\":\"https:\\\/\\\/www.lassociation.fr\\\/en\\\/#organization\",\"name\":\"L\u2019Association\",\"url\":\"https:\\\/\\\/www.lassociation.fr\\\/en\\\/\",\"logo\":{\"@type\":\"ImageObject\",\"inLanguage\":\"en-US\",\"@id\":\"https:\\\/\\\/www.lassociation.fr\\\/en\\\/#\\\/schema\\\/logo\\\/image\\\/\",\"url\":\"https:\\\/\\\/www.lassociation.fr\\\/backoffice\\\/wp-content\\\/uploads\\\/2019\\\/11\\\/asso_large.png\",\"contentUrl\":\"https:\\\/\\\/www.lassociation.fr\\\/backoffice\\\/wp-content\\\/uploads\\\/2019\\\/11\\\/asso_large.png\",\"width\":1200,\"height\":630,\"caption\":\"L\u2019Association\"},\"image\":{\"@id\":\"https:\\\/\\\/www.lassociation.fr\\\/en\\\/#\\\/schema\\\/logo\\\/image\\\/\"},\"sameAs\":[\"https:\\\/\\\/www.facebook.com\\\/lhydrelasso\\\/\",\"https:\\\/\\\/x.com\\\/lassociation\",\"https:\\\/\\\/www.instagram.com\\\/editions_lassociation\",\"https:\\\/\\\/fr.wikipedia.org\\\/wiki\\\/LAssociation\",\"https:\\\/\\\/www.youtube.com\\\/@editions_lassociation\"]}]}<\/script>","yoast_head_json":{"title":"Fran - L\u2019Association","robots":{"index":"index","follow":"follow","max-snippet":"max-snippet:-1","max-image-preview":"max-image-preview:large","max-video-preview":"max-video-preview:-1"},"canonical":"https:\/\/www.lassociation.fr\/en\/catalogue\/fran\/","og_locale":"en_US","og_type":"article","og_title":"Fran - L\u2019Association","og_description":"Frank et le Congr\u00e8s des b\u00eates, prix sp\u00e9cial du jury d\u2019Angoul\u00eame 2012, s\u2019achevait sur Frank enla\u00e7ant tendrement Fran, son \u00e2me soeur fra\u00eechement rencontr\u00e9e, sous un ciel d\u2019\u00e9toiles hallucin\u00e9es. Fran, la deuxi\u00e8me partie, s\u2019ouvre sur leur couple d\u00e9sormais en m\u00e9nage. Mais le parfait amour ne peut se filer dans le monde faussement paisible du chat psych\u00e9d\u00e9lique. [&hellip;]","og_url":"https:\/\/www.lassociation.fr\/en\/catalogue\/fran\/","og_site_name":"L\u2019Association","article_publisher":"https:\/\/www.facebook.com\/lhydrelasso\/","article_modified_time":"2026-01-30T09:09:35+00:00","og_image":[{"width":468,"height":694,"url":"https:\/\/www.lassociation.fr\/backoffice\/wp-content\/uploads\/2019\/09\/3153.png","type":"image\/png"}],"twitter_card":"summary_large_image","twitter_site":"@lassociation","schema":{"@context":"https:\/\/schema.org","@graph":[{"@type":"WebPage","@id":"https:\/\/www.lassociation.fr\/en\/catalogue\/fran\/","url":"https:\/\/www.lassociation.fr\/en\/catalogue\/fran\/","name":"Fran - L\u2019Association","isPartOf":{"@id":"https:\/\/www.lassociation.fr\/en\/#website"},"primaryImageOfPage":{"@id":"https:\/\/www.lassociation.fr\/en\/catalogue\/fran\/#primaryimage"},"image":{"@id":"https:\/\/www.lassociation.fr\/en\/catalogue\/fran\/#primaryimage"},"thumbnailUrl":"https:\/\/www.lassociation.fr\/backoffice\/wp-content\/uploads\/2019\/09\/3153.png","datePublished":"2014-02-28T23:00:00+00:00","dateModified":"2026-01-30T09:09:35+00:00","breadcrumb":{"@id":"https:\/\/www.lassociation.fr\/en\/catalogue\/fran\/#breadcrumb"},"inLanguage":"en-US","potentialAction":[{"@type":"ReadAction","target":["https:\/\/www.lassociation.fr\/en\/catalogue\/fran\/"]}]},{"@type":"ImageObject","inLanguage":"en-US","@id":"https:\/\/www.lassociation.fr\/en\/catalogue\/fran\/#primaryimage","url":"https:\/\/www.lassociation.fr\/backoffice\/wp-content\/uploads\/2019\/09\/3153.png","contentUrl":"https:\/\/www.lassociation.fr\/backoffice\/wp-content\/uploads\/2019\/09\/3153.png","width":468,"height":694},{"@type":"BreadcrumbList","@id":"https:\/\/www.lassociation.fr\/en\/catalogue\/fran\/#breadcrumb","itemListElement":[{"@type":"ListItem","position":1,"name":"Accueil","item":"https:\/\/www.lassociation.fr\/en\/"},{"@type":"ListItem","position":2,"name":"Catalog","item":"https:\/\/www.lassociation.fr\/en\/catalogue\/"},{"@type":"ListItem","position":3,"name":"Fran"}]},{"@type":"WebSite","@id":"https:\/\/www.lassociation.fr\/en\/#website","url":"https:\/\/www.lassociation.fr\/en\/","name":"L\u2019Association","description":"Maison d\u2019\u00e9dition fran\u00e7aise de bande dessin\u00e9e, fond\u00e9e en 1990.","publisher":{"@id":"https:\/\/www.lassociation.fr\/en\/#organization"},"potentialAction":[{"@type":"SearchAction","target":{"@type":"EntryPoint","urlTemplate":"https:\/\/www.lassociation.fr\/en\/?s={search_term_string}"},"query-input":{"@type":"PropertyValueSpecification","valueRequired":true,"valueName":"search_term_string"}}],"inLanguage":"en-US"},{"@type":"Organization","@id":"https:\/\/www.lassociation.fr\/en\/#organization","name":"L\u2019Association","url":"https:\/\/www.lassociation.fr\/en\/","logo":{"@type":"ImageObject","inLanguage":"en-US","@id":"https:\/\/www.lassociation.fr\/en\/#\/schema\/logo\/image\/","url":"https:\/\/www.lassociation.fr\/backoffice\/wp-content\/uploads\/2019\/11\/asso_large.png","contentUrl":"https:\/\/www.lassociation.fr\/backoffice\/wp-content\/uploads\/2019\/11\/asso_large.png","width":1200,"height":630,"caption":"L\u2019Association"},"image":{"@id":"https:\/\/www.lassociation.fr\/en\/#\/schema\/logo\/image\/"},"sameAs":["https:\/\/www.facebook.com\/lhydrelasso\/","https:\/\/x.com\/lassociation","https:\/\/www.instagram.com\/editions_lassociation","https:\/\/fr.wikipedia.org\/wiki\/LAssociation","https:\/\/www.youtube.com\/@editions_lassociation"]}]}},"_links":{"self":[{"href":"https:\/\/www.lassociation.fr\/en\/wp-json\/wp\/v2\/product\/1646","targetHints":{"allow":["GET"]}}],"collection":[{"href":"https:\/\/www.lassociation.fr\/en\/wp-json\/wp\/v2\/product"}],"about":[{"href":"https:\/\/www.lassociation.fr\/en\/wp-json\/wp\/v2\/types\/product"}],"wp:featuredmedia":[{"embeddable":true,"href":"https:\/\/www.lassociation.fr\/en\/wp-json\/wp\/v2\/media\/2308"}],"wp:attachment":[{"href":"https:\/\/www.lassociation.fr\/en\/wp-json\/wp\/v2\/media?parent=1646"}],"wp:term":[{"taxonomy":"product_cat","embeddable":true,"href":"https:\/\/www.lassociation.fr\/en\/wp-json\/wp\/v2\/product_cat?post=1646"},{"taxonomy":"product_tag","embeddable":true,"href":"https:\/\/www.lassociation.fr\/en\/wp-json\/wp\/v2\/product_tag?post=1646"}],"curies":[{"name":"wp","href":"https:\/\/api.w.org\/{rel}","templated":true}]}}