{"id":1657,"date":"2013-11-01T00:00:00","date_gmt":"2013-10-31T23:00:00","guid":{"rendered":"https:\/\/www.lassociation.fr\/product\/gout-de-la-terre-le-1ere-edition\/"},"modified":"2026-01-22T11:39:00","modified_gmt":"2026-01-22T10:39:00","slug":"le-gout-de-la-terre","status":"publish","type":"product","link":"https:\/\/www.lassociation.fr\/en\/catalogue\/le-gout-de-la-terre\/","title":{"rendered":"Go\u00fbt de la terre (Le)"},"content":{"rendered":"<p>[PREMI\u00c8RE \u00c9DITION] \u25ba <a href=\"https:\/\/www.lassociation.fr\/catalogue\/le-gout-de-la-terre-nouvelle-edition\/\">La Nouvelle \u00e9dition est disponible <strong>ici<\/strong><\/a><\/p>\n<p>Apr\u00e8s Viva la vida, Baudoin et Troubs r\u00e9alisent ici leur second voyage \u00e0 deux, carnets en main.<br \/>\nInvit\u00e9s par deux sociologues colombiens impressionn\u00e9s par la force et l&#8217;humanit\u00e9 de leurs reportage \u00e0 Ciudad Juarez, ils se rendent cette fois en Colombie o\u00f9 ils voyagent en reprenant le m\u00eame principe.<br \/>\nPour rencontrer les gens, ils \u00e9changent leur portrait contre le r\u00e9cit d&#8217;un souvenir.<br \/>\nIls arrivent \u00e0 Bogota avec cette interrogation : qui sont les paysans ? quel est le go\u00fbt de leur terre ? Et d\u00e9couvrent avec stupeur les s\u00e9questrations, les d\u00e9placements de populations, la violence de la police et l&#8217;implication des guerilleros dans les structures locales. Baudoin et Troubs portent la m\u00eame attention, aux simples paysans, qu&#8217;aux FARC avec qui ils discutent longuement.<\/p>\n<p>En filigrane, le lien entre Viva la vida, qui racontait la violence quotidienne de la ville mexicaine de Ciudad Juarez, et Le Go\u00fbt de la terre, qui s&#8217;attache \u00e0 la destruction de la vie paysanne en Colombie, ce sont les \u00c9tats-Unis et la coca. Cause de tous les affrontements entre narcotrafiquants au Mexique, la coca est la seule chose qu&#8217;un paysan peut cultiver et vendre, dans un \u00e9tat de guerre civile permanente.<\/p>\n<p>De cette exp\u00e9rience, Baudoin et Troubs nous offrent un carnet de voyage tr\u00e8s riche en rencontres humaines et en r\u00e9flexions politiques.<\/p>\n","protected":false},"excerpt":{"rendered":"<p>[PREMI\u00c8RE \u00c9DITION] \u25ba La Nouvelle \u00e9dition est disponible ici Apr\u00e8s Viva la vida, Baudoin et Troubs r\u00e9alisent ici leur second voyage \u00e0 deux, carnets en main. Invit\u00e9s par deux sociologues colombiens impressionn\u00e9s par la force et l&#8217;humanit\u00e9 de leurs reportage \u00e0 Ciudad Juarez, ils se rendent cette fois en Colombie o\u00f9 ils voyagent en reprenant [&hellip;]<\/p>\n","protected":false},"featured_media":2319,"template":"","meta":{"_acf_changed":false},"product_cat":[41],"product_tag":[],"class_list":{"0":"post-1657","1":"product","2":"type-product","3":"status-publish","4":"has-post-thumbnail","6":"product_cat-ciboulette","7":"member-discount","8":"discount-restricted","10":"first","11":"outofstock","12":"taxable","13":"shipping-taxable","14":"product-type-simple"},"acf":[],"yoast_head":"<title>Go\u00fbt de la terre (Le) - L\u2019Association<\/title>\n<meta name=\"robots\" content=\"index, follow, max-snippet:-1, max-image-preview:large, max-video-preview:-1\" \/>\n<link rel=\"canonical\" href=\"https:\/\/www.lassociation.fr\/en\/catalogue\/le-gout-de-la-terre\/\" \/>\n<meta property=\"og:locale\" content=\"en_US\" \/>\n<meta property=\"og:type\" content=\"article\" \/>\n<meta property=\"og:title\" content=\"Go\u00fbt de la terre (Le) - L\u2019Association\" \/>\n<meta property=\"og:description\" content=\"[PREMI\u00c8RE \u00c9DITION] \u25ba La Nouvelle \u00e9dition est disponible ici Apr\u00e8s Viva la vida, Baudoin et Troubs r\u00e9alisent ici leur second voyage \u00e0 deux, carnets en main. Invit\u00e9s par deux sociologues colombiens impressionn\u00e9s par la force et l&#8217;humanit\u00e9 de leurs reportage \u00e0 Ciudad Juarez, ils se rendent cette fois en Colombie o\u00f9 ils voyagent en reprenant [&hellip;]\" \/>\n<meta property=\"og:url\" content=\"https:\/\/www.lassociation.fr\/en\/catalogue\/le-gout-de-la-terre\/\" \/>\n<meta property=\"og:site_name\" content=\"L\u2019Association\" \/>\n<meta property=\"article:publisher\" content=\"https:\/\/www.facebook.com\/lhydrelasso\/\" \/>\n<meta property=\"article:modified_time\" content=\"2026-01-22T10:39:00+00:00\" \/>\n<meta property=\"og:image\" content=\"https:\/\/www.lassociation.fr\/backoffice\/wp-content\/uploads\/2019\/09\/3105.png\" \/>\n\t<meta property=\"og:image:width\" content=\"468\" \/>\n\t<meta property=\"og:image:height\" content=\"694\" \/>\n\t<meta property=\"og:image:type\" content=\"image\/png\" \/>\n<meta name=\"twitter:card\" content=\"summary_large_image\" \/>\n<meta name=\"twitter:site\" content=\"@lassociation\" \/>\n<script type=\"application\/ld+json\" class=\"yoast-schema-graph\">{\"@context\":\"https:\\\/\\\/schema.org\",\"@graph\":[{\"@type\":\"WebPage\",\"@id\":\"https:\\\/\\\/www.lassociation.fr\\\/en\\\/catalogue\\\/le-gout-de-la-terre\\\/\",\"url\":\"https:\\\/\\\/www.lassociation.fr\\\/en\\\/catalogue\\\/le-gout-de-la-terre\\\/\",\"name\":\"Go\u00fbt de la terre (Le) - L\u2019Association\",\"isPartOf\":{\"@id\":\"https:\\\/\\\/www.lassociation.fr\\\/en\\\/#website\"},\"primaryImageOfPage\":{\"@id\":\"https:\\\/\\\/www.lassociation.fr\\\/en\\\/catalogue\\\/le-gout-de-la-terre\\\/#primaryimage\"},\"image\":{\"@id\":\"https:\\\/\\\/www.lassociation.fr\\\/en\\\/catalogue\\\/le-gout-de-la-terre\\\/#primaryimage\"},\"thumbnailUrl\":\"https:\\\/\\\/www.lassociation.fr\\\/backoffice\\\/wp-content\\\/uploads\\\/2019\\\/09\\\/3105.png\",\"datePublished\":\"2013-10-31T23:00:00+00:00\",\"dateModified\":\"2026-01-22T10:39:00+00:00\",\"breadcrumb\":{\"@id\":\"https:\\\/\\\/www.lassociation.fr\\\/en\\\/catalogue\\\/le-gout-de-la-terre\\\/#breadcrumb\"},\"inLanguage\":\"en-US\",\"potentialAction\":[{\"@type\":\"ReadAction\",\"target\":[\"https:\\\/\\\/www.lassociation.fr\\\/en\\\/catalogue\\\/le-gout-de-la-terre\\\/\"]}]},{\"@type\":\"ImageObject\",\"inLanguage\":\"en-US\",\"@id\":\"https:\\\/\\\/www.lassociation.fr\\\/en\\\/catalogue\\\/le-gout-de-la-terre\\\/#primaryimage\",\"url\":\"https:\\\/\\\/www.lassociation.fr\\\/backoffice\\\/wp-content\\\/uploads\\\/2019\\\/09\\\/3105.png\",\"contentUrl\":\"https:\\\/\\\/www.lassociation.fr\\\/backoffice\\\/wp-content\\\/uploads\\\/2019\\\/09\\\/3105.png\",\"width\":468,\"height\":694},{\"@type\":\"BreadcrumbList\",\"@id\":\"https:\\\/\\\/www.lassociation.fr\\\/en\\\/catalogue\\\/le-gout-de-la-terre\\\/#breadcrumb\",\"itemListElement\":[{\"@type\":\"ListItem\",\"position\":1,\"name\":\"Accueil\",\"item\":\"https:\\\/\\\/www.lassociation.fr\\\/en\\\/\"},{\"@type\":\"ListItem\",\"position\":2,\"name\":\"Catalog\",\"item\":\"https:\\\/\\\/www.lassociation.fr\\\/en\\\/catalogue\\\/\"},{\"@type\":\"ListItem\",\"position\":3,\"name\":\"Go\u00fbt de la terre (Le)\"}]},{\"@type\":\"WebSite\",\"@id\":\"https:\\\/\\\/www.lassociation.fr\\\/en\\\/#website\",\"url\":\"https:\\\/\\\/www.lassociation.fr\\\/en\\\/\",\"name\":\"L\u2019Association\",\"description\":\"Maison d\u2019\u00e9dition fran\u00e7aise de bande dessin\u00e9e, fond\u00e9e en 1990.\",\"publisher\":{\"@id\":\"https:\\\/\\\/www.lassociation.fr\\\/en\\\/#organization\"},\"potentialAction\":[{\"@type\":\"SearchAction\",\"target\":{\"@type\":\"EntryPoint\",\"urlTemplate\":\"https:\\\/\\\/www.lassociation.fr\\\/en\\\/?s={search_term_string}\"},\"query-input\":{\"@type\":\"PropertyValueSpecification\",\"valueRequired\":true,\"valueName\":\"search_term_string\"}}],\"inLanguage\":\"en-US\"},{\"@type\":\"Organization\",\"@id\":\"https:\\\/\\\/www.lassociation.fr\\\/en\\\/#organization\",\"name\":\"L\u2019Association\",\"url\":\"https:\\\/\\\/www.lassociation.fr\\\/en\\\/\",\"logo\":{\"@type\":\"ImageObject\",\"inLanguage\":\"en-US\",\"@id\":\"https:\\\/\\\/www.lassociation.fr\\\/en\\\/#\\\/schema\\\/logo\\\/image\\\/\",\"url\":\"https:\\\/\\\/www.lassociation.fr\\\/backoffice\\\/wp-content\\\/uploads\\\/2019\\\/11\\\/asso_large.png\",\"contentUrl\":\"https:\\\/\\\/www.lassociation.fr\\\/backoffice\\\/wp-content\\\/uploads\\\/2019\\\/11\\\/asso_large.png\",\"width\":1200,\"height\":630,\"caption\":\"L\u2019Association\"},\"image\":{\"@id\":\"https:\\\/\\\/www.lassociation.fr\\\/en\\\/#\\\/schema\\\/logo\\\/image\\\/\"},\"sameAs\":[\"https:\\\/\\\/www.facebook.com\\\/lhydrelasso\\\/\",\"https:\\\/\\\/x.com\\\/lassociation\",\"https:\\\/\\\/www.instagram.com\\\/editions_lassociation\",\"https:\\\/\\\/fr.wikipedia.org\\\/wiki\\\/LAssociation\",\"https:\\\/\\\/www.youtube.com\\\/@editions_lassociation\"]}]}<\/script>","yoast_head_json":{"title":"Go\u00fbt de la terre (Le) - L\u2019Association","robots":{"index":"index","follow":"follow","max-snippet":"max-snippet:-1","max-image-preview":"max-image-preview:large","max-video-preview":"max-video-preview:-1"},"canonical":"https:\/\/www.lassociation.fr\/en\/catalogue\/le-gout-de-la-terre\/","og_locale":"en_US","og_type":"article","og_title":"Go\u00fbt de la terre (Le) - L\u2019Association","og_description":"[PREMI\u00c8RE \u00c9DITION] \u25ba La Nouvelle \u00e9dition est disponible ici Apr\u00e8s Viva la vida, Baudoin et Troubs r\u00e9alisent ici leur second voyage \u00e0 deux, carnets en main. Invit\u00e9s par deux sociologues colombiens impressionn\u00e9s par la force et l&#8217;humanit\u00e9 de leurs reportage \u00e0 Ciudad Juarez, ils se rendent cette fois en Colombie o\u00f9 ils voyagent en reprenant [&hellip;]","og_url":"https:\/\/www.lassociation.fr\/en\/catalogue\/le-gout-de-la-terre\/","og_site_name":"L\u2019Association","article_publisher":"https:\/\/www.facebook.com\/lhydrelasso\/","article_modified_time":"2026-01-22T10:39:00+00:00","og_image":[{"width":468,"height":694,"url":"https:\/\/www.lassociation.fr\/backoffice\/wp-content\/uploads\/2019\/09\/3105.png","type":"image\/png"}],"twitter_card":"summary_large_image","twitter_site":"@lassociation","schema":{"@context":"https:\/\/schema.org","@graph":[{"@type":"WebPage","@id":"https:\/\/www.lassociation.fr\/en\/catalogue\/le-gout-de-la-terre\/","url":"https:\/\/www.lassociation.fr\/en\/catalogue\/le-gout-de-la-terre\/","name":"Go\u00fbt de la terre (Le) - L\u2019Association","isPartOf":{"@id":"https:\/\/www.lassociation.fr\/en\/#website"},"primaryImageOfPage":{"@id":"https:\/\/www.lassociation.fr\/en\/catalogue\/le-gout-de-la-terre\/#primaryimage"},"image":{"@id":"https:\/\/www.lassociation.fr\/en\/catalogue\/le-gout-de-la-terre\/#primaryimage"},"thumbnailUrl":"https:\/\/www.lassociation.fr\/backoffice\/wp-content\/uploads\/2019\/09\/3105.png","datePublished":"2013-10-31T23:00:00+00:00","dateModified":"2026-01-22T10:39:00+00:00","breadcrumb":{"@id":"https:\/\/www.lassociation.fr\/en\/catalogue\/le-gout-de-la-terre\/#breadcrumb"},"inLanguage":"en-US","potentialAction":[{"@type":"ReadAction","target":["https:\/\/www.lassociation.fr\/en\/catalogue\/le-gout-de-la-terre\/"]}]},{"@type":"ImageObject","inLanguage":"en-US","@id":"https:\/\/www.lassociation.fr\/en\/catalogue\/le-gout-de-la-terre\/#primaryimage","url":"https:\/\/www.lassociation.fr\/backoffice\/wp-content\/uploads\/2019\/09\/3105.png","contentUrl":"https:\/\/www.lassociation.fr\/backoffice\/wp-content\/uploads\/2019\/09\/3105.png","width":468,"height":694},{"@type":"BreadcrumbList","@id":"https:\/\/www.lassociation.fr\/en\/catalogue\/le-gout-de-la-terre\/#breadcrumb","itemListElement":[{"@type":"ListItem","position":1,"name":"Accueil","item":"https:\/\/www.lassociation.fr\/en\/"},{"@type":"ListItem","position":2,"name":"Catalog","item":"https:\/\/www.lassociation.fr\/en\/catalogue\/"},{"@type":"ListItem","position":3,"name":"Go\u00fbt de la terre (Le)"}]},{"@type":"WebSite","@id":"https:\/\/www.lassociation.fr\/en\/#website","url":"https:\/\/www.lassociation.fr\/en\/","name":"L\u2019Association","description":"Maison d\u2019\u00e9dition fran\u00e7aise de bande dessin\u00e9e, fond\u00e9e en 1990.","publisher":{"@id":"https:\/\/www.lassociation.fr\/en\/#organization"},"potentialAction":[{"@type":"SearchAction","target":{"@type":"EntryPoint","urlTemplate":"https:\/\/www.lassociation.fr\/en\/?s={search_term_string}"},"query-input":{"@type":"PropertyValueSpecification","valueRequired":true,"valueName":"search_term_string"}}],"inLanguage":"en-US"},{"@type":"Organization","@id":"https:\/\/www.lassociation.fr\/en\/#organization","name":"L\u2019Association","url":"https:\/\/www.lassociation.fr\/en\/","logo":{"@type":"ImageObject","inLanguage":"en-US","@id":"https:\/\/www.lassociation.fr\/en\/#\/schema\/logo\/image\/","url":"https:\/\/www.lassociation.fr\/backoffice\/wp-content\/uploads\/2019\/11\/asso_large.png","contentUrl":"https:\/\/www.lassociation.fr\/backoffice\/wp-content\/uploads\/2019\/11\/asso_large.png","width":1200,"height":630,"caption":"L\u2019Association"},"image":{"@id":"https:\/\/www.lassociation.fr\/en\/#\/schema\/logo\/image\/"},"sameAs":["https:\/\/www.facebook.com\/lhydrelasso\/","https:\/\/x.com\/lassociation","https:\/\/www.instagram.com\/editions_lassociation","https:\/\/fr.wikipedia.org\/wiki\/LAssociation","https:\/\/www.youtube.com\/@editions_lassociation"]}]}},"_links":{"self":[{"href":"https:\/\/www.lassociation.fr\/en\/wp-json\/wp\/v2\/product\/1657","targetHints":{"allow":["GET"]}}],"collection":[{"href":"https:\/\/www.lassociation.fr\/en\/wp-json\/wp\/v2\/product"}],"about":[{"href":"https:\/\/www.lassociation.fr\/en\/wp-json\/wp\/v2\/types\/product"}],"wp:featuredmedia":[{"embeddable":true,"href":"https:\/\/www.lassociation.fr\/en\/wp-json\/wp\/v2\/media\/2319"}],"wp:attachment":[{"href":"https:\/\/www.lassociation.fr\/en\/wp-json\/wp\/v2\/media?parent=1657"}],"wp:term":[{"taxonomy":"product_cat","embeddable":true,"href":"https:\/\/www.lassociation.fr\/en\/wp-json\/wp\/v2\/product_cat?post=1657"},{"taxonomy":"product_tag","embeddable":true,"href":"https:\/\/www.lassociation.fr\/en\/wp-json\/wp\/v2\/product_tag?post=1657"}],"curies":[{"name":"wp","href":"https:\/\/api.w.org\/{rel}","templated":true}]}}