{"id":1686,"date":"2012-06-01T00:00:00","date_gmt":"2012-05-31T22:00:00","guid":{"rendered":"https:\/\/www.lassociation.fr\/product\/guerre-dalan-la-integrale\/"},"modified":"2026-01-22T11:39:01","modified_gmt":"2026-01-22T10:39:01","slug":"la-guerre-d-alan-integrale","status":"publish","type":"product","link":"https:\/\/www.lassociation.fr\/en\/catalogue\/la-guerre-d-alan-integrale\/","title":{"rendered":"Guerre d\u2019Alan (La) &#8211; Int\u00e9grale"},"content":{"rendered":"<p>Lorsque Emmanuel Guibert rencontre Alan I. Cope sur les plages de l\u2019\u00eele de R\u00e9, il ne se doute pas qu\u2019il consacrera douze ans de sa vie \u00e0 cet homme extraordinaire et humble, qui, comme nombre de jeunes am\u00e9ricains de son \u00e9poque, fut enr\u00f4l\u00e9 dans l\u2019arm\u00e9e et traversa l\u2019Europe pour y faire la guerre.<\/p>\n<p>Emmanuel Guibert a patiemment enregistr\u00e9 Alan lui racontant son p\u00e9riple, la vie de soldat et les \u00e0-c\u00f4t\u00e9s de la guerre, loin de la violence des combats. On le suit au gr\u00e9 de ses voyages en France et en Allemagne, de ses rencontres, amicales et litt\u00e9raires qui auront une influence d\u00e9terminante sur sa vie d\u2019adulte.<\/p>\n<p>En 2009, l\u2019ach\u00e8vement de <a href=\"https:\/\/www.lassociation.fr\/catalogue\/la-guerre-d-alan-monovolume\/\"><em>La Guerre d\u2019Alan<\/em> avait \u00e9t\u00e9 c\u00e9l\u00e9br\u00e9 par un grand livre luxueux<\/a>, qui faisait la part belle \u00e0 la virtuosit\u00e9 du dessinateur. Ce classique de L\u2019Association et de la bande dessin\u00e9e sort aujourd\u2019hui dans la collection Ciboulette, augment\u00e9 d\u2019un cahier photos de vingt pages.<\/p>\n<p>&nbsp;<\/p>\n","protected":false},"excerpt":{"rendered":"<p>Lorsque Emmanuel Guibert rencontre Alan I. Cope sur les plages de l\u2019\u00eele de R\u00e9, il ne se doute pas qu\u2019il consacrera douze ans de sa vie \u00e0 cet homme extraordinaire et humble, qui, comme nombre de jeunes am\u00e9ricains de son \u00e9poque, fut enr\u00f4l\u00e9 dans l\u2019arm\u00e9e et traversa l\u2019Europe pour y faire la guerre. Emmanuel Guibert [&hellip;]<\/p>\n","protected":false},"featured_media":2347,"template":"","meta":{"_acf_changed":false},"product_cat":[41],"product_tag":[],"class_list":{"0":"post-1686","1":"product","2":"type-product","3":"status-publish","4":"has-post-thumbnail","6":"product_cat-ciboulette","7":"product_shipping_class-avec-signature","8":"member-discount","9":"discount-restricted","11":"first","12":"instock","13":"taxable","14":"shipping-taxable","15":"purchasable","16":"product-type-simple"},"acf":[],"yoast_head":"<title>Guerre d\u2019Alan (La) - Int\u00e9grale - L\u2019Association<\/title>\n<meta name=\"robots\" content=\"index, follow, max-snippet:-1, max-image-preview:large, max-video-preview:-1\" \/>\n<link rel=\"canonical\" href=\"https:\/\/www.lassociation.fr\/en\/catalogue\/la-guerre-d-alan-integrale\/\" \/>\n<meta property=\"og:locale\" content=\"en_US\" \/>\n<meta property=\"og:type\" content=\"article\" \/>\n<meta property=\"og:title\" content=\"Guerre d\u2019Alan (La) - Int\u00e9grale - L\u2019Association\" \/>\n<meta property=\"og:description\" content=\"Lorsque Emmanuel Guibert rencontre Alan I. Cope sur les plages de l\u2019\u00eele de R\u00e9, il ne se doute pas qu\u2019il consacrera douze ans de sa vie \u00e0 cet homme extraordinaire et humble, qui, comme nombre de jeunes am\u00e9ricains de son \u00e9poque, fut enr\u00f4l\u00e9 dans l\u2019arm\u00e9e et traversa l\u2019Europe pour y faire la guerre. Emmanuel Guibert [&hellip;]\" \/>\n<meta property=\"og:url\" content=\"https:\/\/www.lassociation.fr\/en\/catalogue\/la-guerre-d-alan-integrale\/\" \/>\n<meta property=\"og:site_name\" content=\"L\u2019Association\" \/>\n<meta property=\"article:publisher\" content=\"https:\/\/www.facebook.com\/lhydrelasso\/\" \/>\n<meta property=\"article:modified_time\" content=\"2026-01-22T10:39:01+00:00\" \/>\n<meta property=\"og:image\" content=\"https:\/\/www.lassociation.fr\/backoffice\/wp-content\/uploads\/2019\/09\/2865.png\" \/>\n\t<meta property=\"og:image:width\" content=\"468\" \/>\n\t<meta property=\"og:image:height\" content=\"698\" \/>\n\t<meta property=\"og:image:type\" content=\"image\/png\" \/>\n<meta name=\"twitter:card\" content=\"summary_large_image\" \/>\n<meta name=\"twitter:site\" content=\"@lassociation\" \/>\n<script type=\"application\/ld+json\" class=\"yoast-schema-graph\">{\"@context\":\"https:\\\/\\\/schema.org\",\"@graph\":[{\"@type\":\"WebPage\",\"@id\":\"https:\\\/\\\/www.lassociation.fr\\\/en\\\/catalogue\\\/la-guerre-d-alan-integrale\\\/\",\"url\":\"https:\\\/\\\/www.lassociation.fr\\\/en\\\/catalogue\\\/la-guerre-d-alan-integrale\\\/\",\"name\":\"Guerre d\u2019Alan (La) - Int\u00e9grale - L\u2019Association\",\"isPartOf\":{\"@id\":\"https:\\\/\\\/www.lassociation.fr\\\/en\\\/#website\"},\"primaryImageOfPage\":{\"@id\":\"https:\\\/\\\/www.lassociation.fr\\\/en\\\/catalogue\\\/la-guerre-d-alan-integrale\\\/#primaryimage\"},\"image\":{\"@id\":\"https:\\\/\\\/www.lassociation.fr\\\/en\\\/catalogue\\\/la-guerre-d-alan-integrale\\\/#primaryimage\"},\"thumbnailUrl\":\"https:\\\/\\\/www.lassociation.fr\\\/backoffice\\\/wp-content\\\/uploads\\\/2019\\\/09\\\/2865.png\",\"datePublished\":\"2012-05-31T22:00:00+00:00\",\"dateModified\":\"2026-01-22T10:39:01+00:00\",\"breadcrumb\":{\"@id\":\"https:\\\/\\\/www.lassociation.fr\\\/en\\\/catalogue\\\/la-guerre-d-alan-integrale\\\/#breadcrumb\"},\"inLanguage\":\"en-US\",\"potentialAction\":[{\"@type\":\"ReadAction\",\"target\":[\"https:\\\/\\\/www.lassociation.fr\\\/en\\\/catalogue\\\/la-guerre-d-alan-integrale\\\/\"]}]},{\"@type\":\"ImageObject\",\"inLanguage\":\"en-US\",\"@id\":\"https:\\\/\\\/www.lassociation.fr\\\/en\\\/catalogue\\\/la-guerre-d-alan-integrale\\\/#primaryimage\",\"url\":\"https:\\\/\\\/www.lassociation.fr\\\/backoffice\\\/wp-content\\\/uploads\\\/2019\\\/09\\\/2865.png\",\"contentUrl\":\"https:\\\/\\\/www.lassociation.fr\\\/backoffice\\\/wp-content\\\/uploads\\\/2019\\\/09\\\/2865.png\",\"width\":468,\"height\":698},{\"@type\":\"BreadcrumbList\",\"@id\":\"https:\\\/\\\/www.lassociation.fr\\\/en\\\/catalogue\\\/la-guerre-d-alan-integrale\\\/#breadcrumb\",\"itemListElement\":[{\"@type\":\"ListItem\",\"position\":1,\"name\":\"Accueil\",\"item\":\"https:\\\/\\\/www.lassociation.fr\\\/en\\\/\"},{\"@type\":\"ListItem\",\"position\":2,\"name\":\"Catalog\",\"item\":\"https:\\\/\\\/www.lassociation.fr\\\/en\\\/catalogue\\\/\"},{\"@type\":\"ListItem\",\"position\":3,\"name\":\"Guerre d\u2019Alan (La) &#8211; Int\u00e9grale\"}]},{\"@type\":\"WebSite\",\"@id\":\"https:\\\/\\\/www.lassociation.fr\\\/en\\\/#website\",\"url\":\"https:\\\/\\\/www.lassociation.fr\\\/en\\\/\",\"name\":\"L\u2019Association\",\"description\":\"Maison d\u2019\u00e9dition fran\u00e7aise de bande dessin\u00e9e, fond\u00e9e en 1990.\",\"publisher\":{\"@id\":\"https:\\\/\\\/www.lassociation.fr\\\/en\\\/#organization\"},\"potentialAction\":[{\"@type\":\"SearchAction\",\"target\":{\"@type\":\"EntryPoint\",\"urlTemplate\":\"https:\\\/\\\/www.lassociation.fr\\\/en\\\/?s={search_term_string}\"},\"query-input\":{\"@type\":\"PropertyValueSpecification\",\"valueRequired\":true,\"valueName\":\"search_term_string\"}}],\"inLanguage\":\"en-US\"},{\"@type\":\"Organization\",\"@id\":\"https:\\\/\\\/www.lassociation.fr\\\/en\\\/#organization\",\"name\":\"L\u2019Association\",\"url\":\"https:\\\/\\\/www.lassociation.fr\\\/en\\\/\",\"logo\":{\"@type\":\"ImageObject\",\"inLanguage\":\"en-US\",\"@id\":\"https:\\\/\\\/www.lassociation.fr\\\/en\\\/#\\\/schema\\\/logo\\\/image\\\/\",\"url\":\"https:\\\/\\\/www.lassociation.fr\\\/backoffice\\\/wp-content\\\/uploads\\\/2019\\\/11\\\/asso_large.png\",\"contentUrl\":\"https:\\\/\\\/www.lassociation.fr\\\/backoffice\\\/wp-content\\\/uploads\\\/2019\\\/11\\\/asso_large.png\",\"width\":1200,\"height\":630,\"caption\":\"L\u2019Association\"},\"image\":{\"@id\":\"https:\\\/\\\/www.lassociation.fr\\\/en\\\/#\\\/schema\\\/logo\\\/image\\\/\"},\"sameAs\":[\"https:\\\/\\\/www.facebook.com\\\/lhydrelasso\\\/\",\"https:\\\/\\\/x.com\\\/lassociation\",\"https:\\\/\\\/www.instagram.com\\\/editions_lassociation\",\"https:\\\/\\\/fr.wikipedia.org\\\/wiki\\\/LAssociation\",\"https:\\\/\\\/www.youtube.com\\\/@editions_lassociation\"]}]}<\/script>","yoast_head_json":{"title":"Guerre d\u2019Alan (La) - Int\u00e9grale - L\u2019Association","robots":{"index":"index","follow":"follow","max-snippet":"max-snippet:-1","max-image-preview":"max-image-preview:large","max-video-preview":"max-video-preview:-1"},"canonical":"https:\/\/www.lassociation.fr\/en\/catalogue\/la-guerre-d-alan-integrale\/","og_locale":"en_US","og_type":"article","og_title":"Guerre d\u2019Alan (La) - Int\u00e9grale - L\u2019Association","og_description":"Lorsque Emmanuel Guibert rencontre Alan I. Cope sur les plages de l\u2019\u00eele de R\u00e9, il ne se doute pas qu\u2019il consacrera douze ans de sa vie \u00e0 cet homme extraordinaire et humble, qui, comme nombre de jeunes am\u00e9ricains de son \u00e9poque, fut enr\u00f4l\u00e9 dans l\u2019arm\u00e9e et traversa l\u2019Europe pour y faire la guerre. Emmanuel Guibert [&hellip;]","og_url":"https:\/\/www.lassociation.fr\/en\/catalogue\/la-guerre-d-alan-integrale\/","og_site_name":"L\u2019Association","article_publisher":"https:\/\/www.facebook.com\/lhydrelasso\/","article_modified_time":"2026-01-22T10:39:01+00:00","og_image":[{"width":468,"height":698,"url":"https:\/\/www.lassociation.fr\/backoffice\/wp-content\/uploads\/2019\/09\/2865.png","type":"image\/png"}],"twitter_card":"summary_large_image","twitter_site":"@lassociation","schema":{"@context":"https:\/\/schema.org","@graph":[{"@type":"WebPage","@id":"https:\/\/www.lassociation.fr\/en\/catalogue\/la-guerre-d-alan-integrale\/","url":"https:\/\/www.lassociation.fr\/en\/catalogue\/la-guerre-d-alan-integrale\/","name":"Guerre d\u2019Alan (La) - Int\u00e9grale - L\u2019Association","isPartOf":{"@id":"https:\/\/www.lassociation.fr\/en\/#website"},"primaryImageOfPage":{"@id":"https:\/\/www.lassociation.fr\/en\/catalogue\/la-guerre-d-alan-integrale\/#primaryimage"},"image":{"@id":"https:\/\/www.lassociation.fr\/en\/catalogue\/la-guerre-d-alan-integrale\/#primaryimage"},"thumbnailUrl":"https:\/\/www.lassociation.fr\/backoffice\/wp-content\/uploads\/2019\/09\/2865.png","datePublished":"2012-05-31T22:00:00+00:00","dateModified":"2026-01-22T10:39:01+00:00","breadcrumb":{"@id":"https:\/\/www.lassociation.fr\/en\/catalogue\/la-guerre-d-alan-integrale\/#breadcrumb"},"inLanguage":"en-US","potentialAction":[{"@type":"ReadAction","target":["https:\/\/www.lassociation.fr\/en\/catalogue\/la-guerre-d-alan-integrale\/"]}]},{"@type":"ImageObject","inLanguage":"en-US","@id":"https:\/\/www.lassociation.fr\/en\/catalogue\/la-guerre-d-alan-integrale\/#primaryimage","url":"https:\/\/www.lassociation.fr\/backoffice\/wp-content\/uploads\/2019\/09\/2865.png","contentUrl":"https:\/\/www.lassociation.fr\/backoffice\/wp-content\/uploads\/2019\/09\/2865.png","width":468,"height":698},{"@type":"BreadcrumbList","@id":"https:\/\/www.lassociation.fr\/en\/catalogue\/la-guerre-d-alan-integrale\/#breadcrumb","itemListElement":[{"@type":"ListItem","position":1,"name":"Accueil","item":"https:\/\/www.lassociation.fr\/en\/"},{"@type":"ListItem","position":2,"name":"Catalog","item":"https:\/\/www.lassociation.fr\/en\/catalogue\/"},{"@type":"ListItem","position":3,"name":"Guerre d\u2019Alan (La) &#8211; Int\u00e9grale"}]},{"@type":"WebSite","@id":"https:\/\/www.lassociation.fr\/en\/#website","url":"https:\/\/www.lassociation.fr\/en\/","name":"L\u2019Association","description":"Maison d\u2019\u00e9dition fran\u00e7aise de bande dessin\u00e9e, fond\u00e9e en 1990.","publisher":{"@id":"https:\/\/www.lassociation.fr\/en\/#organization"},"potentialAction":[{"@type":"SearchAction","target":{"@type":"EntryPoint","urlTemplate":"https:\/\/www.lassociation.fr\/en\/?s={search_term_string}"},"query-input":{"@type":"PropertyValueSpecification","valueRequired":true,"valueName":"search_term_string"}}],"inLanguage":"en-US"},{"@type":"Organization","@id":"https:\/\/www.lassociation.fr\/en\/#organization","name":"L\u2019Association","url":"https:\/\/www.lassociation.fr\/en\/","logo":{"@type":"ImageObject","inLanguage":"en-US","@id":"https:\/\/www.lassociation.fr\/en\/#\/schema\/logo\/image\/","url":"https:\/\/www.lassociation.fr\/backoffice\/wp-content\/uploads\/2019\/11\/asso_large.png","contentUrl":"https:\/\/www.lassociation.fr\/backoffice\/wp-content\/uploads\/2019\/11\/asso_large.png","width":1200,"height":630,"caption":"L\u2019Association"},"image":{"@id":"https:\/\/www.lassociation.fr\/en\/#\/schema\/logo\/image\/"},"sameAs":["https:\/\/www.facebook.com\/lhydrelasso\/","https:\/\/x.com\/lassociation","https:\/\/www.instagram.com\/editions_lassociation","https:\/\/fr.wikipedia.org\/wiki\/LAssociation","https:\/\/www.youtube.com\/@editions_lassociation"]}]}},"_links":{"self":[{"href":"https:\/\/www.lassociation.fr\/en\/wp-json\/wp\/v2\/product\/1686","targetHints":{"allow":["GET"]}}],"collection":[{"href":"https:\/\/www.lassociation.fr\/en\/wp-json\/wp\/v2\/product"}],"about":[{"href":"https:\/\/www.lassociation.fr\/en\/wp-json\/wp\/v2\/types\/product"}],"wp:featuredmedia":[{"embeddable":true,"href":"https:\/\/www.lassociation.fr\/en\/wp-json\/wp\/v2\/media\/2347"}],"wp:attachment":[{"href":"https:\/\/www.lassociation.fr\/en\/wp-json\/wp\/v2\/media?parent=1686"}],"wp:term":[{"taxonomy":"product_cat","embeddable":true,"href":"https:\/\/www.lassociation.fr\/en\/wp-json\/wp\/v2\/product_cat?post=1686"},{"taxonomy":"product_tag","embeddable":true,"href":"https:\/\/www.lassociation.fr\/en\/wp-json\/wp\/v2\/product_tag?post=1686"}],"curies":[{"name":"wp","href":"https:\/\/api.w.org\/{rel}","templated":true}]}}