{"id":1851,"date":"2006-09-01T00:00:00","date_gmt":"2006-08-31T22:00:00","guid":{"rendered":"https:\/\/www.lassociation.fr\/product\/sclerose-en-plaques\/"},"modified":"2026-03-30T18:41:17","modified_gmt":"2026-03-30T16:41:17","slug":"sclerose-en-plaques","status":"publish","type":"product","link":"https:\/\/www.lassociation.fr\/en\/catalogue\/sclerose-en-plaques\/","title":{"rendered":"Scl\u00e9rose en plaques"},"content":{"rendered":"<p>Mattt Konture a d\u00e9cid\u00e9 de renouer avec ses &#8220;comixtures&#8221; en 2005, lorsqu&#8217;on lui a diagnostiqu\u00e9 sa maladie. Cette nouvelle Mimolette n&#8217;est donc pas sp\u00e9cialement un livre gai\u2026 C&#8217;est n\u00e9anmoins la suite de l\u2019autobiographie dessin\u00e9e de Mattt Konture, telle qu\u2019il l\u2019a toujours pratiqu\u00e9e, avec la m\u00eame honn\u00eatet\u00e9, la m\u00eame rigueur et la m\u00eame absence de concessions. Malgr\u00e9 la difficult\u00e9 du sujet, l\u2019auto-apitoiement et le voyeurisme ne passeront donc pas par Mattt Konture.<\/p>\n","protected":false},"excerpt":{"rendered":"<p>Mattt Konture a d\u00e9cid\u00e9 de renouer avec ses &#8220;comixtures&#8221; en 2005, lorsqu&#8217;on lui a diagnostiqu\u00e9 sa maladie. Cette nouvelle Mimolette n&#8217;est donc pas sp\u00e9cialement un livre gai\u2026 C&#8217;est n\u00e9anmoins la suite de l\u2019autobiographie dessin\u00e9e de Mattt Konture, telle qu\u2019il l\u2019a toujours pratiqu\u00e9e, avec la m\u00eame honn\u00eatet\u00e9, la m\u00eame rigueur et la m\u00eame absence de concessions. [&hellip;]<\/p>\n","protected":false},"featured_media":2509,"template":"","meta":{"_acf_changed":false},"product_cat":[46],"product_tag":[],"class_list":{"0":"post-1851","1":"product","2":"type-product","3":"status-publish","4":"has-post-thumbnail","6":"product_cat-mimolette","7":"member-discount","8":"discount-restricted","10":"first","11":"instock","12":"taxable","13":"shipping-taxable","14":"purchasable","15":"product-type-simple"},"acf":[],"yoast_head":"<title>Scl\u00e9rose en plaques - L\u2019Association<\/title>\n<meta name=\"robots\" content=\"index, follow, max-snippet:-1, max-image-preview:large, max-video-preview:-1\" \/>\n<link rel=\"canonical\" href=\"https:\/\/www.lassociation.fr\/en\/catalogue\/sclerose-en-plaques\/\" \/>\n<meta property=\"og:locale\" content=\"en_US\" \/>\n<meta property=\"og:type\" content=\"article\" \/>\n<meta property=\"og:title\" content=\"Scl\u00e9rose en plaques - L\u2019Association\" \/>\n<meta property=\"og:description\" content=\"Mattt Konture a d\u00e9cid\u00e9 de renouer avec ses &#8220;comixtures&#8221; en 2005, lorsqu&#8217;on lui a diagnostiqu\u00e9 sa maladie. Cette nouvelle Mimolette n&#8217;est donc pas sp\u00e9cialement un livre gai\u2026 C&#8217;est n\u00e9anmoins la suite de l\u2019autobiographie dessin\u00e9e de Mattt Konture, telle qu\u2019il l\u2019a toujours pratiqu\u00e9e, avec la m\u00eame honn\u00eatet\u00e9, la m\u00eame rigueur et la m\u00eame absence de concessions. [&hellip;]\" \/>\n<meta property=\"og:url\" content=\"https:\/\/www.lassociation.fr\/en\/catalogue\/sclerose-en-plaques\/\" \/>\n<meta property=\"og:site_name\" content=\"L\u2019Association\" \/>\n<meta property=\"article:publisher\" content=\"https:\/\/www.facebook.com\/lhydrelasso\/\" \/>\n<meta property=\"article:modified_time\" content=\"2026-03-30T16:41:17+00:00\" \/>\n<meta property=\"og:image\" content=\"https:\/\/www.lassociation.fr\/backoffice\/wp-content\/uploads\/2019\/09\/1938.png\" \/>\n\t<meta property=\"og:image:width\" content=\"449\" \/>\n\t<meta property=\"og:image:height\" content=\"666\" \/>\n\t<meta property=\"og:image:type\" content=\"image\/png\" \/>\n<meta name=\"twitter:card\" content=\"summary_large_image\" \/>\n<meta name=\"twitter:site\" content=\"@lassociation\" \/>\n<script type=\"application\/ld+json\" class=\"yoast-schema-graph\">{\"@context\":\"https:\\\/\\\/schema.org\",\"@graph\":[{\"@type\":\"WebPage\",\"@id\":\"https:\\\/\\\/www.lassociation.fr\\\/en\\\/catalogue\\\/sclerose-en-plaques\\\/\",\"url\":\"https:\\\/\\\/www.lassociation.fr\\\/en\\\/catalogue\\\/sclerose-en-plaques\\\/\",\"name\":\"Scl\u00e9rose en plaques - L\u2019Association\",\"isPartOf\":{\"@id\":\"https:\\\/\\\/www.lassociation.fr\\\/en\\\/#website\"},\"primaryImageOfPage\":{\"@id\":\"https:\\\/\\\/www.lassociation.fr\\\/en\\\/catalogue\\\/sclerose-en-plaques\\\/#primaryimage\"},\"image\":{\"@id\":\"https:\\\/\\\/www.lassociation.fr\\\/en\\\/catalogue\\\/sclerose-en-plaques\\\/#primaryimage\"},\"thumbnailUrl\":\"https:\\\/\\\/www.lassociation.fr\\\/backoffice\\\/wp-content\\\/uploads\\\/2019\\\/09\\\/1938.png\",\"datePublished\":\"2006-08-31T22:00:00+00:00\",\"dateModified\":\"2026-03-30T16:41:17+00:00\",\"breadcrumb\":{\"@id\":\"https:\\\/\\\/www.lassociation.fr\\\/en\\\/catalogue\\\/sclerose-en-plaques\\\/#breadcrumb\"},\"inLanguage\":\"en-US\",\"potentialAction\":[{\"@type\":\"ReadAction\",\"target\":[\"https:\\\/\\\/www.lassociation.fr\\\/en\\\/catalogue\\\/sclerose-en-plaques\\\/\"]}]},{\"@type\":\"ImageObject\",\"inLanguage\":\"en-US\",\"@id\":\"https:\\\/\\\/www.lassociation.fr\\\/en\\\/catalogue\\\/sclerose-en-plaques\\\/#primaryimage\",\"url\":\"https:\\\/\\\/www.lassociation.fr\\\/backoffice\\\/wp-content\\\/uploads\\\/2019\\\/09\\\/1938.png\",\"contentUrl\":\"https:\\\/\\\/www.lassociation.fr\\\/backoffice\\\/wp-content\\\/uploads\\\/2019\\\/09\\\/1938.png\",\"width\":449,\"height\":666},{\"@type\":\"BreadcrumbList\",\"@id\":\"https:\\\/\\\/www.lassociation.fr\\\/en\\\/catalogue\\\/sclerose-en-plaques\\\/#breadcrumb\",\"itemListElement\":[{\"@type\":\"ListItem\",\"position\":1,\"name\":\"Accueil\",\"item\":\"https:\\\/\\\/www.lassociation.fr\\\/en\\\/\"},{\"@type\":\"ListItem\",\"position\":2,\"name\":\"Catalog\",\"item\":\"https:\\\/\\\/www.lassociation.fr\\\/en\\\/catalogue\\\/\"},{\"@type\":\"ListItem\",\"position\":3,\"name\":\"Scl\u00e9rose en plaques\"}]},{\"@type\":\"WebSite\",\"@id\":\"https:\\\/\\\/www.lassociation.fr\\\/en\\\/#website\",\"url\":\"https:\\\/\\\/www.lassociation.fr\\\/en\\\/\",\"name\":\"L\u2019Association\",\"description\":\"Maison d\u2019\u00e9dition fran\u00e7aise de bande dessin\u00e9e, fond\u00e9e en 1990.\",\"publisher\":{\"@id\":\"https:\\\/\\\/www.lassociation.fr\\\/en\\\/#organization\"},\"potentialAction\":[{\"@type\":\"SearchAction\",\"target\":{\"@type\":\"EntryPoint\",\"urlTemplate\":\"https:\\\/\\\/www.lassociation.fr\\\/en\\\/?s={search_term_string}\"},\"query-input\":{\"@type\":\"PropertyValueSpecification\",\"valueRequired\":true,\"valueName\":\"search_term_string\"}}],\"inLanguage\":\"en-US\"},{\"@type\":\"Organization\",\"@id\":\"https:\\\/\\\/www.lassociation.fr\\\/en\\\/#organization\",\"name\":\"L\u2019Association\",\"url\":\"https:\\\/\\\/www.lassociation.fr\\\/en\\\/\",\"logo\":{\"@type\":\"ImageObject\",\"inLanguage\":\"en-US\",\"@id\":\"https:\\\/\\\/www.lassociation.fr\\\/en\\\/#\\\/schema\\\/logo\\\/image\\\/\",\"url\":\"https:\\\/\\\/www.lassociation.fr\\\/backoffice\\\/wp-content\\\/uploads\\\/2019\\\/11\\\/asso_large.png\",\"contentUrl\":\"https:\\\/\\\/www.lassociation.fr\\\/backoffice\\\/wp-content\\\/uploads\\\/2019\\\/11\\\/asso_large.png\",\"width\":1200,\"height\":630,\"caption\":\"L\u2019Association\"},\"image\":{\"@id\":\"https:\\\/\\\/www.lassociation.fr\\\/en\\\/#\\\/schema\\\/logo\\\/image\\\/\"},\"sameAs\":[\"https:\\\/\\\/www.facebook.com\\\/lhydrelasso\\\/\",\"https:\\\/\\\/x.com\\\/lassociation\",\"https:\\\/\\\/www.instagram.com\\\/editions_lassociation\",\"https:\\\/\\\/fr.wikipedia.org\\\/wiki\\\/LAssociation\",\"https:\\\/\\\/www.youtube.com\\\/@editions_lassociation\"]}]}<\/script>","yoast_head_json":{"title":"Scl\u00e9rose en plaques - L\u2019Association","robots":{"index":"index","follow":"follow","max-snippet":"max-snippet:-1","max-image-preview":"max-image-preview:large","max-video-preview":"max-video-preview:-1"},"canonical":"https:\/\/www.lassociation.fr\/en\/catalogue\/sclerose-en-plaques\/","og_locale":"en_US","og_type":"article","og_title":"Scl\u00e9rose en plaques - L\u2019Association","og_description":"Mattt Konture a d\u00e9cid\u00e9 de renouer avec ses &#8220;comixtures&#8221; en 2005, lorsqu&#8217;on lui a diagnostiqu\u00e9 sa maladie. Cette nouvelle Mimolette n&#8217;est donc pas sp\u00e9cialement un livre gai\u2026 C&#8217;est n\u00e9anmoins la suite de l\u2019autobiographie dessin\u00e9e de Mattt Konture, telle qu\u2019il l\u2019a toujours pratiqu\u00e9e, avec la m\u00eame honn\u00eatet\u00e9, la m\u00eame rigueur et la m\u00eame absence de concessions. [&hellip;]","og_url":"https:\/\/www.lassociation.fr\/en\/catalogue\/sclerose-en-plaques\/","og_site_name":"L\u2019Association","article_publisher":"https:\/\/www.facebook.com\/lhydrelasso\/","article_modified_time":"2026-03-30T16:41:17+00:00","og_image":[{"width":449,"height":666,"url":"https:\/\/www.lassociation.fr\/backoffice\/wp-content\/uploads\/2019\/09\/1938.png","type":"image\/png"}],"twitter_card":"summary_large_image","twitter_site":"@lassociation","schema":{"@context":"https:\/\/schema.org","@graph":[{"@type":"WebPage","@id":"https:\/\/www.lassociation.fr\/en\/catalogue\/sclerose-en-plaques\/","url":"https:\/\/www.lassociation.fr\/en\/catalogue\/sclerose-en-plaques\/","name":"Scl\u00e9rose en plaques - L\u2019Association","isPartOf":{"@id":"https:\/\/www.lassociation.fr\/en\/#website"},"primaryImageOfPage":{"@id":"https:\/\/www.lassociation.fr\/en\/catalogue\/sclerose-en-plaques\/#primaryimage"},"image":{"@id":"https:\/\/www.lassociation.fr\/en\/catalogue\/sclerose-en-plaques\/#primaryimage"},"thumbnailUrl":"https:\/\/www.lassociation.fr\/backoffice\/wp-content\/uploads\/2019\/09\/1938.png","datePublished":"2006-08-31T22:00:00+00:00","dateModified":"2026-03-30T16:41:17+00:00","breadcrumb":{"@id":"https:\/\/www.lassociation.fr\/en\/catalogue\/sclerose-en-plaques\/#breadcrumb"},"inLanguage":"en-US","potentialAction":[{"@type":"ReadAction","target":["https:\/\/www.lassociation.fr\/en\/catalogue\/sclerose-en-plaques\/"]}]},{"@type":"ImageObject","inLanguage":"en-US","@id":"https:\/\/www.lassociation.fr\/en\/catalogue\/sclerose-en-plaques\/#primaryimage","url":"https:\/\/www.lassociation.fr\/backoffice\/wp-content\/uploads\/2019\/09\/1938.png","contentUrl":"https:\/\/www.lassociation.fr\/backoffice\/wp-content\/uploads\/2019\/09\/1938.png","width":449,"height":666},{"@type":"BreadcrumbList","@id":"https:\/\/www.lassociation.fr\/en\/catalogue\/sclerose-en-plaques\/#breadcrumb","itemListElement":[{"@type":"ListItem","position":1,"name":"Accueil","item":"https:\/\/www.lassociation.fr\/en\/"},{"@type":"ListItem","position":2,"name":"Catalog","item":"https:\/\/www.lassociation.fr\/en\/catalogue\/"},{"@type":"ListItem","position":3,"name":"Scl\u00e9rose en plaques"}]},{"@type":"WebSite","@id":"https:\/\/www.lassociation.fr\/en\/#website","url":"https:\/\/www.lassociation.fr\/en\/","name":"L\u2019Association","description":"Maison d\u2019\u00e9dition fran\u00e7aise de bande dessin\u00e9e, fond\u00e9e en 1990.","publisher":{"@id":"https:\/\/www.lassociation.fr\/en\/#organization"},"potentialAction":[{"@type":"SearchAction","target":{"@type":"EntryPoint","urlTemplate":"https:\/\/www.lassociation.fr\/en\/?s={search_term_string}"},"query-input":{"@type":"PropertyValueSpecification","valueRequired":true,"valueName":"search_term_string"}}],"inLanguage":"en-US"},{"@type":"Organization","@id":"https:\/\/www.lassociation.fr\/en\/#organization","name":"L\u2019Association","url":"https:\/\/www.lassociation.fr\/en\/","logo":{"@type":"ImageObject","inLanguage":"en-US","@id":"https:\/\/www.lassociation.fr\/en\/#\/schema\/logo\/image\/","url":"https:\/\/www.lassociation.fr\/backoffice\/wp-content\/uploads\/2019\/11\/asso_large.png","contentUrl":"https:\/\/www.lassociation.fr\/backoffice\/wp-content\/uploads\/2019\/11\/asso_large.png","width":1200,"height":630,"caption":"L\u2019Association"},"image":{"@id":"https:\/\/www.lassociation.fr\/en\/#\/schema\/logo\/image\/"},"sameAs":["https:\/\/www.facebook.com\/lhydrelasso\/","https:\/\/x.com\/lassociation","https:\/\/www.instagram.com\/editions_lassociation","https:\/\/fr.wikipedia.org\/wiki\/LAssociation","https:\/\/www.youtube.com\/@editions_lassociation"]}]}},"_links":{"self":[{"href":"https:\/\/www.lassociation.fr\/en\/wp-json\/wp\/v2\/product\/1851","targetHints":{"allow":["GET"]}}],"collection":[{"href":"https:\/\/www.lassociation.fr\/en\/wp-json\/wp\/v2\/product"}],"about":[{"href":"https:\/\/www.lassociation.fr\/en\/wp-json\/wp\/v2\/types\/product"}],"wp:featuredmedia":[{"embeddable":true,"href":"https:\/\/www.lassociation.fr\/en\/wp-json\/wp\/v2\/media\/2509"}],"wp:attachment":[{"href":"https:\/\/www.lassociation.fr\/en\/wp-json\/wp\/v2\/media?parent=1851"}],"wp:term":[{"taxonomy":"product_cat","embeddable":true,"href":"https:\/\/www.lassociation.fr\/en\/wp-json\/wp\/v2\/product_cat?post=1851"},{"taxonomy":"product_tag","embeddable":true,"href":"https:\/\/www.lassociation.fr\/en\/wp-json\/wp\/v2\/product_tag?post=1851"}],"curies":[{"name":"wp","href":"https:\/\/api.w.org\/{rel}","templated":true}]}}