{"id":21170,"date":"2022-04-20T17:10:00","date_gmt":"2022-04-20T15:10:00","guid":{"rendered":"https:\/\/www.lassociation.fr\/?post_type=product&#038;p=21170"},"modified":"2026-01-22T11:39:35","modified_gmt":"2026-01-22T10:39:35","slug":"pluie-d-eclairs-sur-la-reserve","status":"publish","type":"product","link":"https:\/\/www.lassociation.fr\/en\/catalogue\/pluie-d-eclairs-sur-la-reserve\/","title":{"rendered":"Pluie d\u2019\u00e9clairs sur la r\u00e9serve"},"content":{"rendered":"<p>Christian Rosset, infatigable arpenteur des territoires de la bande dessin\u00e9e nous offre ici, apr\u00e8s <em>Avis d\u2019orage en fin de journ\u00e9e<\/em> (2008) et <em>\u00c9claircies sur le terrain vague<\/em> (2015), un nouvel opus critique, une \u00ab\u00a0hantologie\u00a0\u00bb qui serait \u00ab\u00a0une exploration de ce qui nous apporte, tel un viatique en vue d\u2019un long voyage jusqu\u2019aux confins, ce sentiment d\u2019\u00e9tranget\u00e9, de tensions \u00e9nigmatiques, de constellations incertaines et pourtant lumineuses, de d\u00e9calage permanent entre ce qui requiert le langage et ce qui lui \u00e9chappe\u00a0\u00bb. Tout au long de ce journal de lecture, organis\u00e9 comme une suite de promenades dans une r\u00e9serve un peu \u00ab\u00a0indienne\u00a0\u00bb d\u2019autrices et d\u2019auteurs de bande dessin\u00e9e parmi les plus vivants de notre temps, on croise Dominique Goblet, Blutch, Marc-Antoine Mathieu, Catherine Meurisse, \u00c9ric Lamb\u00e9, Richard McGuire, Joost Swarte, Lorenzo Mattotti, Philippe Dupuy, Olivier Schrauwen, Ruppert &amp; Mulot, Mazen Kerbaj, Anne Simon, Lucas M\u00e9th\u00e9, David B., Guido Crepax, Vincent Vanoli et beaucoup d\u2019autres, dont Jean-Luc Godard et George Herriman.<\/p>\n<p>Cette pluie d\u2019\u00e9clairs est ponctu\u00e9e par un peu plus de cent-cinquante \u00ab\u00a0culs de lampes\u00a0\u00bb originaux sign\u00e9s Fran\u00e7ois Ayroles, Yves Deloule, Jochen Gerner, Beno\u00eet Jacques, Catherine Marchadour, Jean-Christophe Menu et J\u00e9r\u00f4me Mulot.<\/p>\n","protected":false},"excerpt":{"rendered":"<p>Christian Rosset, infatigable arpenteur des territoires de la bande dessin\u00e9e nous offre ici, apr\u00e8s Avis d\u2019orage en fin de journ\u00e9e (2008) et \u00c9claircies sur le terrain vague (2015), un nouvel opus critique, une \u00ab\u00a0hantologie\u00a0\u00bb qui serait \u00ab\u00a0une exploration de ce qui nous apporte, tel un viatique en vue d\u2019un long voyage jusqu\u2019aux confins, ce sentiment [&hellip;]<\/p>\n","protected":false},"featured_media":21172,"template":"","meta":{"_acf_changed":false},"product_cat":[42],"product_tag":[],"class_list":{"0":"post-21170","1":"product","2":"type-product","3":"status-publish","4":"has-post-thumbnail","6":"product_cat-eprouvette","7":"member-discount","8":"discount-restricted","10":"first","11":"instock","12":"taxable","13":"shipping-taxable","14":"purchasable","15":"product-type-simple"},"acf":[],"yoast_head":"<title>Pluie d\u2019\u00e9clairs sur la r\u00e9serve - L\u2019Association<\/title>\n<meta name=\"robots\" content=\"index, follow, max-snippet:-1, max-image-preview:large, max-video-preview:-1\" \/>\n<link rel=\"canonical\" href=\"https:\/\/www.lassociation.fr\/en\/catalogue\/pluie-d-eclairs-sur-la-reserve\/\" \/>\n<meta property=\"og:locale\" content=\"en_US\" \/>\n<meta property=\"og:type\" content=\"article\" \/>\n<meta property=\"og:title\" content=\"Pluie d\u2019\u00e9clairs sur la r\u00e9serve - L\u2019Association\" \/>\n<meta property=\"og:description\" content=\"Christian Rosset, infatigable arpenteur des territoires de la bande dessin\u00e9e nous offre ici, apr\u00e8s Avis d\u2019orage en fin de journ\u00e9e (2008) et \u00c9claircies sur le terrain vague (2015), un nouvel opus critique, une \u00ab\u00a0hantologie\u00a0\u00bb qui serait \u00ab\u00a0une exploration de ce qui nous apporte, tel un viatique en vue d\u2019un long voyage jusqu\u2019aux confins, ce sentiment [&hellip;]\" \/>\n<meta property=\"og:url\" content=\"https:\/\/www.lassociation.fr\/en\/catalogue\/pluie-d-eclairs-sur-la-reserve\/\" \/>\n<meta property=\"og:site_name\" content=\"L\u2019Association\" \/>\n<meta property=\"article:publisher\" content=\"https:\/\/www.facebook.com\/lhydrelasso\/\" \/>\n<meta property=\"article:modified_time\" content=\"2026-01-22T10:39:35+00:00\" \/>\n<meta property=\"og:image\" content=\"https:\/\/www.lassociation.fr\/backoffice\/wp-content\/uploads\/2022\/04\/PluieDeclairs_Couvok.jpg\" \/>\n\t<meta property=\"og:image:width\" content=\"737\" \/>\n\t<meta property=\"og:image:height\" content=\"1000\" \/>\n\t<meta property=\"og:image:type\" content=\"image\/jpeg\" \/>\n<meta name=\"twitter:card\" content=\"summary_large_image\" \/>\n<meta name=\"twitter:site\" content=\"@lassociation\" \/>\n<script type=\"application\/ld+json\" class=\"yoast-schema-graph\">{\"@context\":\"https:\\\/\\\/schema.org\",\"@graph\":[{\"@type\":\"WebPage\",\"@id\":\"https:\\\/\\\/www.lassociation.fr\\\/en\\\/catalogue\\\/pluie-d-eclairs-sur-la-reserve\\\/\",\"url\":\"https:\\\/\\\/www.lassociation.fr\\\/en\\\/catalogue\\\/pluie-d-eclairs-sur-la-reserve\\\/\",\"name\":\"Pluie d\u2019\u00e9clairs sur la r\u00e9serve - L\u2019Association\",\"isPartOf\":{\"@id\":\"https:\\\/\\\/www.lassociation.fr\\\/en\\\/#website\"},\"primaryImageOfPage\":{\"@id\":\"https:\\\/\\\/www.lassociation.fr\\\/en\\\/catalogue\\\/pluie-d-eclairs-sur-la-reserve\\\/#primaryimage\"},\"image\":{\"@id\":\"https:\\\/\\\/www.lassociation.fr\\\/en\\\/catalogue\\\/pluie-d-eclairs-sur-la-reserve\\\/#primaryimage\"},\"thumbnailUrl\":\"https:\\\/\\\/www.lassociation.fr\\\/backoffice\\\/wp-content\\\/uploads\\\/2022\\\/04\\\/PluieDeclairs_Couvok.jpg\",\"datePublished\":\"2022-04-20T15:10:00+00:00\",\"dateModified\":\"2026-01-22T10:39:35+00:00\",\"breadcrumb\":{\"@id\":\"https:\\\/\\\/www.lassociation.fr\\\/en\\\/catalogue\\\/pluie-d-eclairs-sur-la-reserve\\\/#breadcrumb\"},\"inLanguage\":\"en-US\",\"potentialAction\":[{\"@type\":\"ReadAction\",\"target\":[\"https:\\\/\\\/www.lassociation.fr\\\/en\\\/catalogue\\\/pluie-d-eclairs-sur-la-reserve\\\/\"]}]},{\"@type\":\"ImageObject\",\"inLanguage\":\"en-US\",\"@id\":\"https:\\\/\\\/www.lassociation.fr\\\/en\\\/catalogue\\\/pluie-d-eclairs-sur-la-reserve\\\/#primaryimage\",\"url\":\"https:\\\/\\\/www.lassociation.fr\\\/backoffice\\\/wp-content\\\/uploads\\\/2022\\\/04\\\/PluieDeclairs_Couvok.jpg\",\"contentUrl\":\"https:\\\/\\\/www.lassociation.fr\\\/backoffice\\\/wp-content\\\/uploads\\\/2022\\\/04\\\/PluieDeclairs_Couvok.jpg\",\"width\":737,\"height\":1000},{\"@type\":\"BreadcrumbList\",\"@id\":\"https:\\\/\\\/www.lassociation.fr\\\/en\\\/catalogue\\\/pluie-d-eclairs-sur-la-reserve\\\/#breadcrumb\",\"itemListElement\":[{\"@type\":\"ListItem\",\"position\":1,\"name\":\"Accueil\",\"item\":\"https:\\\/\\\/www.lassociation.fr\\\/en\\\/\"},{\"@type\":\"ListItem\",\"position\":2,\"name\":\"Catalog\",\"item\":\"https:\\\/\\\/www.lassociation.fr\\\/en\\\/catalogue\\\/\"},{\"@type\":\"ListItem\",\"position\":3,\"name\":\"Pluie d\u2019\u00e9clairs sur la r\u00e9serve\"}]},{\"@type\":\"WebSite\",\"@id\":\"https:\\\/\\\/www.lassociation.fr\\\/en\\\/#website\",\"url\":\"https:\\\/\\\/www.lassociation.fr\\\/en\\\/\",\"name\":\"L\u2019Association\",\"description\":\"Maison d\u2019\u00e9dition fran\u00e7aise de bande dessin\u00e9e, fond\u00e9e en 1990.\",\"publisher\":{\"@id\":\"https:\\\/\\\/www.lassociation.fr\\\/en\\\/#organization\"},\"potentialAction\":[{\"@type\":\"SearchAction\",\"target\":{\"@type\":\"EntryPoint\",\"urlTemplate\":\"https:\\\/\\\/www.lassociation.fr\\\/en\\\/?s={search_term_string}\"},\"query-input\":{\"@type\":\"PropertyValueSpecification\",\"valueRequired\":true,\"valueName\":\"search_term_string\"}}],\"inLanguage\":\"en-US\"},{\"@type\":\"Organization\",\"@id\":\"https:\\\/\\\/www.lassociation.fr\\\/en\\\/#organization\",\"name\":\"L\u2019Association\",\"url\":\"https:\\\/\\\/www.lassociation.fr\\\/en\\\/\",\"logo\":{\"@type\":\"ImageObject\",\"inLanguage\":\"en-US\",\"@id\":\"https:\\\/\\\/www.lassociation.fr\\\/en\\\/#\\\/schema\\\/logo\\\/image\\\/\",\"url\":\"https:\\\/\\\/www.lassociation.fr\\\/backoffice\\\/wp-content\\\/uploads\\\/2019\\\/11\\\/asso_large.png\",\"contentUrl\":\"https:\\\/\\\/www.lassociation.fr\\\/backoffice\\\/wp-content\\\/uploads\\\/2019\\\/11\\\/asso_large.png\",\"width\":1200,\"height\":630,\"caption\":\"L\u2019Association\"},\"image\":{\"@id\":\"https:\\\/\\\/www.lassociation.fr\\\/en\\\/#\\\/schema\\\/logo\\\/image\\\/\"},\"sameAs\":[\"https:\\\/\\\/www.facebook.com\\\/lhydrelasso\\\/\",\"https:\\\/\\\/x.com\\\/lassociation\",\"https:\\\/\\\/www.instagram.com\\\/editions_lassociation\",\"https:\\\/\\\/fr.wikipedia.org\\\/wiki\\\/LAssociation\",\"https:\\\/\\\/www.youtube.com\\\/@editions_lassociation\"]}]}<\/script>","yoast_head_json":{"title":"Pluie d\u2019\u00e9clairs sur la r\u00e9serve - L\u2019Association","robots":{"index":"index","follow":"follow","max-snippet":"max-snippet:-1","max-image-preview":"max-image-preview:large","max-video-preview":"max-video-preview:-1"},"canonical":"https:\/\/www.lassociation.fr\/en\/catalogue\/pluie-d-eclairs-sur-la-reserve\/","og_locale":"en_US","og_type":"article","og_title":"Pluie d\u2019\u00e9clairs sur la r\u00e9serve - L\u2019Association","og_description":"Christian Rosset, infatigable arpenteur des territoires de la bande dessin\u00e9e nous offre ici, apr\u00e8s Avis d\u2019orage en fin de journ\u00e9e (2008) et \u00c9claircies sur le terrain vague (2015), un nouvel opus critique, une \u00ab\u00a0hantologie\u00a0\u00bb qui serait \u00ab\u00a0une exploration de ce qui nous apporte, tel un viatique en vue d\u2019un long voyage jusqu\u2019aux confins, ce sentiment [&hellip;]","og_url":"https:\/\/www.lassociation.fr\/en\/catalogue\/pluie-d-eclairs-sur-la-reserve\/","og_site_name":"L\u2019Association","article_publisher":"https:\/\/www.facebook.com\/lhydrelasso\/","article_modified_time":"2026-01-22T10:39:35+00:00","og_image":[{"width":737,"height":1000,"url":"https:\/\/www.lassociation.fr\/backoffice\/wp-content\/uploads\/2022\/04\/PluieDeclairs_Couvok.jpg","type":"image\/jpeg"}],"twitter_card":"summary_large_image","twitter_site":"@lassociation","schema":{"@context":"https:\/\/schema.org","@graph":[{"@type":"WebPage","@id":"https:\/\/www.lassociation.fr\/en\/catalogue\/pluie-d-eclairs-sur-la-reserve\/","url":"https:\/\/www.lassociation.fr\/en\/catalogue\/pluie-d-eclairs-sur-la-reserve\/","name":"Pluie d\u2019\u00e9clairs sur la r\u00e9serve - L\u2019Association","isPartOf":{"@id":"https:\/\/www.lassociation.fr\/en\/#website"},"primaryImageOfPage":{"@id":"https:\/\/www.lassociation.fr\/en\/catalogue\/pluie-d-eclairs-sur-la-reserve\/#primaryimage"},"image":{"@id":"https:\/\/www.lassociation.fr\/en\/catalogue\/pluie-d-eclairs-sur-la-reserve\/#primaryimage"},"thumbnailUrl":"https:\/\/www.lassociation.fr\/backoffice\/wp-content\/uploads\/2022\/04\/PluieDeclairs_Couvok.jpg","datePublished":"2022-04-20T15:10:00+00:00","dateModified":"2026-01-22T10:39:35+00:00","breadcrumb":{"@id":"https:\/\/www.lassociation.fr\/en\/catalogue\/pluie-d-eclairs-sur-la-reserve\/#breadcrumb"},"inLanguage":"en-US","potentialAction":[{"@type":"ReadAction","target":["https:\/\/www.lassociation.fr\/en\/catalogue\/pluie-d-eclairs-sur-la-reserve\/"]}]},{"@type":"ImageObject","inLanguage":"en-US","@id":"https:\/\/www.lassociation.fr\/en\/catalogue\/pluie-d-eclairs-sur-la-reserve\/#primaryimage","url":"https:\/\/www.lassociation.fr\/backoffice\/wp-content\/uploads\/2022\/04\/PluieDeclairs_Couvok.jpg","contentUrl":"https:\/\/www.lassociation.fr\/backoffice\/wp-content\/uploads\/2022\/04\/PluieDeclairs_Couvok.jpg","width":737,"height":1000},{"@type":"BreadcrumbList","@id":"https:\/\/www.lassociation.fr\/en\/catalogue\/pluie-d-eclairs-sur-la-reserve\/#breadcrumb","itemListElement":[{"@type":"ListItem","position":1,"name":"Accueil","item":"https:\/\/www.lassociation.fr\/en\/"},{"@type":"ListItem","position":2,"name":"Catalog","item":"https:\/\/www.lassociation.fr\/en\/catalogue\/"},{"@type":"ListItem","position":3,"name":"Pluie d\u2019\u00e9clairs sur la r\u00e9serve"}]},{"@type":"WebSite","@id":"https:\/\/www.lassociation.fr\/en\/#website","url":"https:\/\/www.lassociation.fr\/en\/","name":"L\u2019Association","description":"Maison d\u2019\u00e9dition fran\u00e7aise de bande dessin\u00e9e, fond\u00e9e en 1990.","publisher":{"@id":"https:\/\/www.lassociation.fr\/en\/#organization"},"potentialAction":[{"@type":"SearchAction","target":{"@type":"EntryPoint","urlTemplate":"https:\/\/www.lassociation.fr\/en\/?s={search_term_string}"},"query-input":{"@type":"PropertyValueSpecification","valueRequired":true,"valueName":"search_term_string"}}],"inLanguage":"en-US"},{"@type":"Organization","@id":"https:\/\/www.lassociation.fr\/en\/#organization","name":"L\u2019Association","url":"https:\/\/www.lassociation.fr\/en\/","logo":{"@type":"ImageObject","inLanguage":"en-US","@id":"https:\/\/www.lassociation.fr\/en\/#\/schema\/logo\/image\/","url":"https:\/\/www.lassociation.fr\/backoffice\/wp-content\/uploads\/2019\/11\/asso_large.png","contentUrl":"https:\/\/www.lassociation.fr\/backoffice\/wp-content\/uploads\/2019\/11\/asso_large.png","width":1200,"height":630,"caption":"L\u2019Association"},"image":{"@id":"https:\/\/www.lassociation.fr\/en\/#\/schema\/logo\/image\/"},"sameAs":["https:\/\/www.facebook.com\/lhydrelasso\/","https:\/\/x.com\/lassociation","https:\/\/www.instagram.com\/editions_lassociation","https:\/\/fr.wikipedia.org\/wiki\/LAssociation","https:\/\/www.youtube.com\/@editions_lassociation"]}]}},"_links":{"self":[{"href":"https:\/\/www.lassociation.fr\/en\/wp-json\/wp\/v2\/product\/21170","targetHints":{"allow":["GET"]}}],"collection":[{"href":"https:\/\/www.lassociation.fr\/en\/wp-json\/wp\/v2\/product"}],"about":[{"href":"https:\/\/www.lassociation.fr\/en\/wp-json\/wp\/v2\/types\/product"}],"wp:featuredmedia":[{"embeddable":true,"href":"https:\/\/www.lassociation.fr\/en\/wp-json\/wp\/v2\/media\/21172"}],"wp:attachment":[{"href":"https:\/\/www.lassociation.fr\/en\/wp-json\/wp\/v2\/media?parent=21170"}],"wp:term":[{"taxonomy":"product_cat","embeddable":true,"href":"https:\/\/www.lassociation.fr\/en\/wp-json\/wp\/v2\/product_cat?post=21170"},{"taxonomy":"product_tag","embeddable":true,"href":"https:\/\/www.lassociation.fr\/en\/wp-json\/wp\/v2\/product_tag?post=21170"}],"curies":[{"name":"wp","href":"https:\/\/api.w.org\/{rel}","templated":true}]}}