{"id":2147,"date":"1994-12-01T00:00:00","date_gmt":"1994-11-30T23:00:00","guid":{"rendered":"https:\/\/www.lassociation.fr\/product\/journal-dun-album\/"},"modified":"2026-01-22T11:39:30","modified_gmt":"2026-01-22T10:39:30","slug":"journal-d-un-album","status":"publish","type":"product","link":"https:\/\/www.lassociation.fr\/en\/catalogue\/journal-d-un-album\/","title":{"rendered":"Journal d\u2019un album"},"content":{"rendered":"<p>\u00c9v\u00e9nement de la bande dessin\u00e9e autobiographique, ce Journal porte sur le contexte dans lequel s&#8217;est r\u00e9alis\u00e9 un album de Dupuy et Berberian (le Tome 3 de <em>Monsieur Jean<\/em>, aux Humano\u00efdes Associ\u00e9s). Un tournant dans la carri\u00e8re de ces deux auteurs qui ont ici chacun r\u00e9alis\u00e9 leurs propres planches, dans un style direct et l\u00e2ch\u00e9 qui pr\u00e9figure leurs travaux ult\u00e9rieurs.<\/p>\n","protected":false},"excerpt":{"rendered":"<p>\u00c9v\u00e9nement de la bande dessin\u00e9e autobiographique, ce Journal porte sur le contexte dans lequel s&#8217;est r\u00e9alis\u00e9 un album de Dupuy et Berberian (le Tome 3 de Monsieur Jean, aux Humano\u00efdes Associ\u00e9s). Un tournant dans la carri\u00e8re de ces deux auteurs qui ont ici chacun r\u00e9alis\u00e9 leurs propres planches, dans un style direct et l\u00e2ch\u00e9 qui [&hellip;]<\/p>\n","protected":false},"featured_media":2798,"template":"","meta":{"_acf_changed":false},"product_cat":[41],"product_tag":[],"class_list":{"0":"post-2147","1":"product","2":"type-product","3":"status-publish","4":"has-post-thumbnail","6":"product_cat-ciboulette","7":"member-discount","8":"discount-restricted","10":"first","11":"instock","12":"taxable","13":"shipping-taxable","14":"purchasable","15":"product-type-simple"},"acf":[],"yoast_head":"<title>Journal d\u2019un album - L\u2019Association<\/title>\n<meta name=\"robots\" content=\"index, follow, max-snippet:-1, max-image-preview:large, max-video-preview:-1\" \/>\n<link rel=\"canonical\" href=\"https:\/\/www.lassociation.fr\/en\/catalogue\/journal-d-un-album\/\" \/>\n<meta property=\"og:locale\" content=\"en_US\" \/>\n<meta property=\"og:type\" content=\"article\" \/>\n<meta property=\"og:title\" content=\"Journal d\u2019un album - L\u2019Association\" \/>\n<meta property=\"og:description\" content=\"\u00c9v\u00e9nement de la bande dessin\u00e9e autobiographique, ce Journal porte sur le contexte dans lequel s&#8217;est r\u00e9alis\u00e9 un album de Dupuy et Berberian (le Tome 3 de Monsieur Jean, aux Humano\u00efdes Associ\u00e9s). Un tournant dans la carri\u00e8re de ces deux auteurs qui ont ici chacun r\u00e9alis\u00e9 leurs propres planches, dans un style direct et l\u00e2ch\u00e9 qui [&hellip;]\" \/>\n<meta property=\"og:url\" content=\"https:\/\/www.lassociation.fr\/en\/catalogue\/journal-d-un-album\/\" \/>\n<meta property=\"og:site_name\" content=\"L\u2019Association\" \/>\n<meta property=\"article:publisher\" content=\"https:\/\/www.facebook.com\/lhydrelasso\/\" \/>\n<meta property=\"article:modified_time\" content=\"2026-01-22T10:39:30+00:00\" \/>\n<meta property=\"og:image\" content=\"https:\/\/www.lassociation.fr\/backoffice\/wp-content\/uploads\/2019\/09\/2544.png\" \/>\n\t<meta property=\"og:image:width\" content=\"468\" \/>\n\t<meta property=\"og:image:height\" content=\"694\" \/>\n\t<meta property=\"og:image:type\" content=\"image\/png\" \/>\n<meta name=\"twitter:card\" content=\"summary_large_image\" \/>\n<meta name=\"twitter:site\" content=\"@lassociation\" \/>\n<script type=\"application\/ld+json\" class=\"yoast-schema-graph\">{\"@context\":\"https:\\\/\\\/schema.org\",\"@graph\":[{\"@type\":\"WebPage\",\"@id\":\"https:\\\/\\\/www.lassociation.fr\\\/en\\\/catalogue\\\/journal-d-un-album\\\/\",\"url\":\"https:\\\/\\\/www.lassociation.fr\\\/en\\\/catalogue\\\/journal-d-un-album\\\/\",\"name\":\"Journal d\u2019un album - L\u2019Association\",\"isPartOf\":{\"@id\":\"https:\\\/\\\/www.lassociation.fr\\\/en\\\/#website\"},\"primaryImageOfPage\":{\"@id\":\"https:\\\/\\\/www.lassociation.fr\\\/en\\\/catalogue\\\/journal-d-un-album\\\/#primaryimage\"},\"image\":{\"@id\":\"https:\\\/\\\/www.lassociation.fr\\\/en\\\/catalogue\\\/journal-d-un-album\\\/#primaryimage\"},\"thumbnailUrl\":\"https:\\\/\\\/www.lassociation.fr\\\/backoffice\\\/wp-content\\\/uploads\\\/2019\\\/09\\\/2544.png\",\"datePublished\":\"1994-11-30T23:00:00+00:00\",\"dateModified\":\"2026-01-22T10:39:30+00:00\",\"breadcrumb\":{\"@id\":\"https:\\\/\\\/www.lassociation.fr\\\/en\\\/catalogue\\\/journal-d-un-album\\\/#breadcrumb\"},\"inLanguage\":\"en-US\",\"potentialAction\":[{\"@type\":\"ReadAction\",\"target\":[\"https:\\\/\\\/www.lassociation.fr\\\/en\\\/catalogue\\\/journal-d-un-album\\\/\"]}]},{\"@type\":\"ImageObject\",\"inLanguage\":\"en-US\",\"@id\":\"https:\\\/\\\/www.lassociation.fr\\\/en\\\/catalogue\\\/journal-d-un-album\\\/#primaryimage\",\"url\":\"https:\\\/\\\/www.lassociation.fr\\\/backoffice\\\/wp-content\\\/uploads\\\/2019\\\/09\\\/2544.png\",\"contentUrl\":\"https:\\\/\\\/www.lassociation.fr\\\/backoffice\\\/wp-content\\\/uploads\\\/2019\\\/09\\\/2544.png\",\"width\":468,\"height\":694},{\"@type\":\"BreadcrumbList\",\"@id\":\"https:\\\/\\\/www.lassociation.fr\\\/en\\\/catalogue\\\/journal-d-un-album\\\/#breadcrumb\",\"itemListElement\":[{\"@type\":\"ListItem\",\"position\":1,\"name\":\"Accueil\",\"item\":\"https:\\\/\\\/www.lassociation.fr\\\/en\\\/\"},{\"@type\":\"ListItem\",\"position\":2,\"name\":\"Catalog\",\"item\":\"https:\\\/\\\/www.lassociation.fr\\\/en\\\/catalogue\\\/\"},{\"@type\":\"ListItem\",\"position\":3,\"name\":\"Journal d\u2019un album\"}]},{\"@type\":\"WebSite\",\"@id\":\"https:\\\/\\\/www.lassociation.fr\\\/en\\\/#website\",\"url\":\"https:\\\/\\\/www.lassociation.fr\\\/en\\\/\",\"name\":\"L\u2019Association\",\"description\":\"Maison d\u2019\u00e9dition fran\u00e7aise de bande dessin\u00e9e, fond\u00e9e en 1990.\",\"publisher\":{\"@id\":\"https:\\\/\\\/www.lassociation.fr\\\/en\\\/#organization\"},\"potentialAction\":[{\"@type\":\"SearchAction\",\"target\":{\"@type\":\"EntryPoint\",\"urlTemplate\":\"https:\\\/\\\/www.lassociation.fr\\\/en\\\/?s={search_term_string}\"},\"query-input\":{\"@type\":\"PropertyValueSpecification\",\"valueRequired\":true,\"valueName\":\"search_term_string\"}}],\"inLanguage\":\"en-US\"},{\"@type\":\"Organization\",\"@id\":\"https:\\\/\\\/www.lassociation.fr\\\/en\\\/#organization\",\"name\":\"L\u2019Association\",\"url\":\"https:\\\/\\\/www.lassociation.fr\\\/en\\\/\",\"logo\":{\"@type\":\"ImageObject\",\"inLanguage\":\"en-US\",\"@id\":\"https:\\\/\\\/www.lassociation.fr\\\/en\\\/#\\\/schema\\\/logo\\\/image\\\/\",\"url\":\"https:\\\/\\\/www.lassociation.fr\\\/backoffice\\\/wp-content\\\/uploads\\\/2019\\\/11\\\/asso_large.png\",\"contentUrl\":\"https:\\\/\\\/www.lassociation.fr\\\/backoffice\\\/wp-content\\\/uploads\\\/2019\\\/11\\\/asso_large.png\",\"width\":1200,\"height\":630,\"caption\":\"L\u2019Association\"},\"image\":{\"@id\":\"https:\\\/\\\/www.lassociation.fr\\\/en\\\/#\\\/schema\\\/logo\\\/image\\\/\"},\"sameAs\":[\"https:\\\/\\\/www.facebook.com\\\/lhydrelasso\\\/\",\"https:\\\/\\\/x.com\\\/lassociation\",\"https:\\\/\\\/www.instagram.com\\\/editions_lassociation\",\"https:\\\/\\\/fr.wikipedia.org\\\/wiki\\\/LAssociation\",\"https:\\\/\\\/www.youtube.com\\\/@editions_lassociation\"]}]}<\/script>","yoast_head_json":{"title":"Journal d\u2019un album - L\u2019Association","robots":{"index":"index","follow":"follow","max-snippet":"max-snippet:-1","max-image-preview":"max-image-preview:large","max-video-preview":"max-video-preview:-1"},"canonical":"https:\/\/www.lassociation.fr\/en\/catalogue\/journal-d-un-album\/","og_locale":"en_US","og_type":"article","og_title":"Journal d\u2019un album - L\u2019Association","og_description":"\u00c9v\u00e9nement de la bande dessin\u00e9e autobiographique, ce Journal porte sur le contexte dans lequel s&#8217;est r\u00e9alis\u00e9 un album de Dupuy et Berberian (le Tome 3 de Monsieur Jean, aux Humano\u00efdes Associ\u00e9s). Un tournant dans la carri\u00e8re de ces deux auteurs qui ont ici chacun r\u00e9alis\u00e9 leurs propres planches, dans un style direct et l\u00e2ch\u00e9 qui [&hellip;]","og_url":"https:\/\/www.lassociation.fr\/en\/catalogue\/journal-d-un-album\/","og_site_name":"L\u2019Association","article_publisher":"https:\/\/www.facebook.com\/lhydrelasso\/","article_modified_time":"2026-01-22T10:39:30+00:00","og_image":[{"width":468,"height":694,"url":"https:\/\/www.lassociation.fr\/backoffice\/wp-content\/uploads\/2019\/09\/2544.png","type":"image\/png"}],"twitter_card":"summary_large_image","twitter_site":"@lassociation","schema":{"@context":"https:\/\/schema.org","@graph":[{"@type":"WebPage","@id":"https:\/\/www.lassociation.fr\/en\/catalogue\/journal-d-un-album\/","url":"https:\/\/www.lassociation.fr\/en\/catalogue\/journal-d-un-album\/","name":"Journal d\u2019un album - L\u2019Association","isPartOf":{"@id":"https:\/\/www.lassociation.fr\/en\/#website"},"primaryImageOfPage":{"@id":"https:\/\/www.lassociation.fr\/en\/catalogue\/journal-d-un-album\/#primaryimage"},"image":{"@id":"https:\/\/www.lassociation.fr\/en\/catalogue\/journal-d-un-album\/#primaryimage"},"thumbnailUrl":"https:\/\/www.lassociation.fr\/backoffice\/wp-content\/uploads\/2019\/09\/2544.png","datePublished":"1994-11-30T23:00:00+00:00","dateModified":"2026-01-22T10:39:30+00:00","breadcrumb":{"@id":"https:\/\/www.lassociation.fr\/en\/catalogue\/journal-d-un-album\/#breadcrumb"},"inLanguage":"en-US","potentialAction":[{"@type":"ReadAction","target":["https:\/\/www.lassociation.fr\/en\/catalogue\/journal-d-un-album\/"]}]},{"@type":"ImageObject","inLanguage":"en-US","@id":"https:\/\/www.lassociation.fr\/en\/catalogue\/journal-d-un-album\/#primaryimage","url":"https:\/\/www.lassociation.fr\/backoffice\/wp-content\/uploads\/2019\/09\/2544.png","contentUrl":"https:\/\/www.lassociation.fr\/backoffice\/wp-content\/uploads\/2019\/09\/2544.png","width":468,"height":694},{"@type":"BreadcrumbList","@id":"https:\/\/www.lassociation.fr\/en\/catalogue\/journal-d-un-album\/#breadcrumb","itemListElement":[{"@type":"ListItem","position":1,"name":"Accueil","item":"https:\/\/www.lassociation.fr\/en\/"},{"@type":"ListItem","position":2,"name":"Catalog","item":"https:\/\/www.lassociation.fr\/en\/catalogue\/"},{"@type":"ListItem","position":3,"name":"Journal d\u2019un album"}]},{"@type":"WebSite","@id":"https:\/\/www.lassociation.fr\/en\/#website","url":"https:\/\/www.lassociation.fr\/en\/","name":"L\u2019Association","description":"Maison d\u2019\u00e9dition fran\u00e7aise de bande dessin\u00e9e, fond\u00e9e en 1990.","publisher":{"@id":"https:\/\/www.lassociation.fr\/en\/#organization"},"potentialAction":[{"@type":"SearchAction","target":{"@type":"EntryPoint","urlTemplate":"https:\/\/www.lassociation.fr\/en\/?s={search_term_string}"},"query-input":{"@type":"PropertyValueSpecification","valueRequired":true,"valueName":"search_term_string"}}],"inLanguage":"en-US"},{"@type":"Organization","@id":"https:\/\/www.lassociation.fr\/en\/#organization","name":"L\u2019Association","url":"https:\/\/www.lassociation.fr\/en\/","logo":{"@type":"ImageObject","inLanguage":"en-US","@id":"https:\/\/www.lassociation.fr\/en\/#\/schema\/logo\/image\/","url":"https:\/\/www.lassociation.fr\/backoffice\/wp-content\/uploads\/2019\/11\/asso_large.png","contentUrl":"https:\/\/www.lassociation.fr\/backoffice\/wp-content\/uploads\/2019\/11\/asso_large.png","width":1200,"height":630,"caption":"L\u2019Association"},"image":{"@id":"https:\/\/www.lassociation.fr\/en\/#\/schema\/logo\/image\/"},"sameAs":["https:\/\/www.facebook.com\/lhydrelasso\/","https:\/\/x.com\/lassociation","https:\/\/www.instagram.com\/editions_lassociation","https:\/\/fr.wikipedia.org\/wiki\/LAssociation","https:\/\/www.youtube.com\/@editions_lassociation"]}]}},"_links":{"self":[{"href":"https:\/\/www.lassociation.fr\/en\/wp-json\/wp\/v2\/product\/2147","targetHints":{"allow":["GET"]}}],"collection":[{"href":"https:\/\/www.lassociation.fr\/en\/wp-json\/wp\/v2\/product"}],"about":[{"href":"https:\/\/www.lassociation.fr\/en\/wp-json\/wp\/v2\/types\/product"}],"wp:featuredmedia":[{"embeddable":true,"href":"https:\/\/www.lassociation.fr\/en\/wp-json\/wp\/v2\/media\/2798"}],"wp:attachment":[{"href":"https:\/\/www.lassociation.fr\/en\/wp-json\/wp\/v2\/media?parent=2147"}],"wp:term":[{"taxonomy":"product_cat","embeddable":true,"href":"https:\/\/www.lassociation.fr\/en\/wp-json\/wp\/v2\/product_cat?post=2147"},{"taxonomy":"product_tag","embeddable":true,"href":"https:\/\/www.lassociation.fr\/en\/wp-json\/wp\/v2\/product_tag?post=2147"}],"curies":[{"name":"wp","href":"https:\/\/api.w.org\/{rel}","templated":true}]}}