{"id":22897,"date":"2023-04-12T16:16:22","date_gmt":"2023-04-12T14:16:22","guid":{"rendered":"https:\/\/www.lassociation.fr\/?post_type=product&#038;p=22897"},"modified":"2026-01-22T11:39:35","modified_gmt":"2026-01-22T10:39:35","slug":"l-oulipo-par-la-bande","status":"publish","type":"product","link":"https:\/\/www.lassociation.fr\/en\/catalogue\/l-oulipo-par-la-bande\/","title":{"rendered":"Oulipo par la bande (L\u2019)"},"content":{"rendered":"<p>It\u00e9ration iconique, algorithme de Mathews, zeugmes et acrostiches&#8230; Bienvenue dans l\u2019univers aussi rigoureux que d\u00e9cal\u00e9, tant math\u00e9matique que litt\u00e9raire de l\u2019Oubapo, l\u2019Ouvroir de bande dessin\u00e9e potentielle, pendant dessin\u00e9 de l\u2019illustre Oulipo. Et cette fois-ci, c\u2019est \u00c9tienne L\u00e9croart, membre de l\u2019Oulipo et de l\u2019Oubapo, roi de la contrainte \u00e0 double-sens et virtuose des exercices de style d\u00e9capants, qui est de retour pour un nouvel o(u)pus pas piqu\u00e9 des vers.<br \/>\nDu comptoir de bar \u00e0 la plage en passant par le confessionnal, les personnages du dessinateur palabrent avec franchise dans des logo-rallyes alphab\u00e9tiques ou les mots d\u00e9filent \u00e0 toute berzingue. Les sch\u00e9mas succ\u00e8dent aux cases tandis que Jacques Roubaud ou Georges Perec \u2013 pour ne citer qu&#8217;eux \u2013 se font tailler le portrait en creux.<\/p>\n<p>Avec ce recueil, qui r\u00e9unit des bandes dessin\u00e9es r\u00e9alis\u00e9es pour des lectures et des publications de l\u2019Oulipo, \u00c9tienne L\u00e9croart fait feu de tout bois pour faire sortir la bande dessin\u00e9e de ses gonds !<\/p>\n","protected":false},"excerpt":{"rendered":"<p>It\u00e9ration iconique, algorithme de Mathews, zeugmes et acrostiches&#8230; Bienvenue dans l\u2019univers aussi rigoureux que d\u00e9cal\u00e9, tant math\u00e9matique que litt\u00e9raire de l\u2019Oubapo, l\u2019Ouvroir de bande dessin\u00e9e potentielle, pendant dessin\u00e9 de l\u2019illustre Oulipo. Et cette fois-ci, c\u2019est \u00c9tienne L\u00e9croart, membre de l\u2019Oulipo et de l\u2019Oubapo, roi de la contrainte \u00e0 double-sens et virtuose des exercices de style [&hellip;]<\/p>\n","protected":false},"featured_media":23147,"template":"","meta":{"_acf_changed":false},"product_cat":[43,47],"product_tag":[],"class_list":{"0":"post-22897","1":"product","2":"type-product","3":"status-publish","4":"has-post-thumbnail","6":"product_cat-eperluette","7":"product_cat-oubapo","8":"member-discount","9":"discount-restricted","11":"first","12":"instock","13":"taxable","14":"shipping-taxable","15":"purchasable","16":"product-type-simple"},"acf":[],"yoast_head":"<title>Oulipo par la bande (L\u2019) - L\u2019Association<\/title>\n<meta name=\"robots\" content=\"index, follow, max-snippet:-1, max-image-preview:large, max-video-preview:-1\" \/>\n<link rel=\"canonical\" href=\"https:\/\/www.lassociation.fr\/en\/catalogue\/l-oulipo-par-la-bande\/\" \/>\n<meta property=\"og:locale\" content=\"en_US\" \/>\n<meta property=\"og:type\" content=\"article\" \/>\n<meta property=\"og:title\" content=\"Oulipo par la bande (L\u2019) - L\u2019Association\" \/>\n<meta property=\"og:description\" content=\"It\u00e9ration iconique, algorithme de Mathews, zeugmes et acrostiches&#8230; Bienvenue dans l\u2019univers aussi rigoureux que d\u00e9cal\u00e9, tant math\u00e9matique que litt\u00e9raire de l\u2019Oubapo, l\u2019Ouvroir de bande dessin\u00e9e potentielle, pendant dessin\u00e9 de l\u2019illustre Oulipo. Et cette fois-ci, c\u2019est \u00c9tienne L\u00e9croart, membre de l\u2019Oulipo et de l\u2019Oubapo, roi de la contrainte \u00e0 double-sens et virtuose des exercices de style [&hellip;]\" \/>\n<meta property=\"og:url\" content=\"https:\/\/www.lassociation.fr\/en\/catalogue\/l-oulipo-par-la-bande\/\" \/>\n<meta property=\"og:site_name\" content=\"L\u2019Association\" \/>\n<meta property=\"article:publisher\" content=\"https:\/\/www.facebook.com\/lhydrelasso\/\" \/>\n<meta property=\"article:modified_time\" content=\"2026-01-22T10:39:35+00:00\" \/>\n<meta property=\"og:image\" content=\"https:\/\/www.lassociation.fr\/backoffice\/wp-content\/uploads\/2023\/03\/Loulipo-par-la-bande_couvDEF.jpg\" \/>\n\t<meta property=\"og:image:width\" content=\"769\" \/>\n\t<meta property=\"og:image:height\" content=\"1000\" \/>\n\t<meta property=\"og:image:type\" content=\"image\/jpeg\" \/>\n<meta name=\"twitter:card\" content=\"summary_large_image\" \/>\n<meta name=\"twitter:site\" content=\"@lassociation\" \/>\n<script type=\"application\/ld+json\" class=\"yoast-schema-graph\">{\"@context\":\"https:\\\/\\\/schema.org\",\"@graph\":[{\"@type\":\"WebPage\",\"@id\":\"https:\\\/\\\/www.lassociation.fr\\\/en\\\/catalogue\\\/l-oulipo-par-la-bande\\\/\",\"url\":\"https:\\\/\\\/www.lassociation.fr\\\/en\\\/catalogue\\\/l-oulipo-par-la-bande\\\/\",\"name\":\"Oulipo par la bande (L\u2019) - L\u2019Association\",\"isPartOf\":{\"@id\":\"https:\\\/\\\/www.lassociation.fr\\\/en\\\/#website\"},\"primaryImageOfPage\":{\"@id\":\"https:\\\/\\\/www.lassociation.fr\\\/en\\\/catalogue\\\/l-oulipo-par-la-bande\\\/#primaryimage\"},\"image\":{\"@id\":\"https:\\\/\\\/www.lassociation.fr\\\/en\\\/catalogue\\\/l-oulipo-par-la-bande\\\/#primaryimage\"},\"thumbnailUrl\":\"https:\\\/\\\/www.lassociation.fr\\\/backoffice\\\/wp-content\\\/uploads\\\/2023\\\/03\\\/Loulipo-par-la-bande_couvDEF.jpg\",\"datePublished\":\"2023-04-12T14:16:22+00:00\",\"dateModified\":\"2026-01-22T10:39:35+00:00\",\"breadcrumb\":{\"@id\":\"https:\\\/\\\/www.lassociation.fr\\\/en\\\/catalogue\\\/l-oulipo-par-la-bande\\\/#breadcrumb\"},\"inLanguage\":\"en-US\",\"potentialAction\":[{\"@type\":\"ReadAction\",\"target\":[\"https:\\\/\\\/www.lassociation.fr\\\/en\\\/catalogue\\\/l-oulipo-par-la-bande\\\/\"]}]},{\"@type\":\"ImageObject\",\"inLanguage\":\"en-US\",\"@id\":\"https:\\\/\\\/www.lassociation.fr\\\/en\\\/catalogue\\\/l-oulipo-par-la-bande\\\/#primaryimage\",\"url\":\"https:\\\/\\\/www.lassociation.fr\\\/backoffice\\\/wp-content\\\/uploads\\\/2023\\\/03\\\/Loulipo-par-la-bande_couvDEF.jpg\",\"contentUrl\":\"https:\\\/\\\/www.lassociation.fr\\\/backoffice\\\/wp-content\\\/uploads\\\/2023\\\/03\\\/Loulipo-par-la-bande_couvDEF.jpg\",\"width\":769,\"height\":1000},{\"@type\":\"BreadcrumbList\",\"@id\":\"https:\\\/\\\/www.lassociation.fr\\\/en\\\/catalogue\\\/l-oulipo-par-la-bande\\\/#breadcrumb\",\"itemListElement\":[{\"@type\":\"ListItem\",\"position\":1,\"name\":\"Accueil\",\"item\":\"https:\\\/\\\/www.lassociation.fr\\\/en\\\/\"},{\"@type\":\"ListItem\",\"position\":2,\"name\":\"Catalog\",\"item\":\"https:\\\/\\\/www.lassociation.fr\\\/en\\\/catalogue\\\/\"},{\"@type\":\"ListItem\",\"position\":3,\"name\":\"Oulipo par la bande (L\u2019)\"}]},{\"@type\":\"WebSite\",\"@id\":\"https:\\\/\\\/www.lassociation.fr\\\/en\\\/#website\",\"url\":\"https:\\\/\\\/www.lassociation.fr\\\/en\\\/\",\"name\":\"L\u2019Association\",\"description\":\"Maison d\u2019\u00e9dition fran\u00e7aise de bande dessin\u00e9e, fond\u00e9e en 1990.\",\"publisher\":{\"@id\":\"https:\\\/\\\/www.lassociation.fr\\\/en\\\/#organization\"},\"potentialAction\":[{\"@type\":\"SearchAction\",\"target\":{\"@type\":\"EntryPoint\",\"urlTemplate\":\"https:\\\/\\\/www.lassociation.fr\\\/en\\\/?s={search_term_string}\"},\"query-input\":{\"@type\":\"PropertyValueSpecification\",\"valueRequired\":true,\"valueName\":\"search_term_string\"}}],\"inLanguage\":\"en-US\"},{\"@type\":\"Organization\",\"@id\":\"https:\\\/\\\/www.lassociation.fr\\\/en\\\/#organization\",\"name\":\"L\u2019Association\",\"url\":\"https:\\\/\\\/www.lassociation.fr\\\/en\\\/\",\"logo\":{\"@type\":\"ImageObject\",\"inLanguage\":\"en-US\",\"@id\":\"https:\\\/\\\/www.lassociation.fr\\\/en\\\/#\\\/schema\\\/logo\\\/image\\\/\",\"url\":\"https:\\\/\\\/www.lassociation.fr\\\/backoffice\\\/wp-content\\\/uploads\\\/2019\\\/11\\\/asso_large.png\",\"contentUrl\":\"https:\\\/\\\/www.lassociation.fr\\\/backoffice\\\/wp-content\\\/uploads\\\/2019\\\/11\\\/asso_large.png\",\"width\":1200,\"height\":630,\"caption\":\"L\u2019Association\"},\"image\":{\"@id\":\"https:\\\/\\\/www.lassociation.fr\\\/en\\\/#\\\/schema\\\/logo\\\/image\\\/\"},\"sameAs\":[\"https:\\\/\\\/www.facebook.com\\\/lhydrelasso\\\/\",\"https:\\\/\\\/x.com\\\/lassociation\",\"https:\\\/\\\/www.instagram.com\\\/editions_lassociation\",\"https:\\\/\\\/fr.wikipedia.org\\\/wiki\\\/LAssociation\",\"https:\\\/\\\/www.youtube.com\\\/@editions_lassociation\"]}]}<\/script>","yoast_head_json":{"title":"Oulipo par la bande (L\u2019) - L\u2019Association","robots":{"index":"index","follow":"follow","max-snippet":"max-snippet:-1","max-image-preview":"max-image-preview:large","max-video-preview":"max-video-preview:-1"},"canonical":"https:\/\/www.lassociation.fr\/en\/catalogue\/l-oulipo-par-la-bande\/","og_locale":"en_US","og_type":"article","og_title":"Oulipo par la bande (L\u2019) - L\u2019Association","og_description":"It\u00e9ration iconique, algorithme de Mathews, zeugmes et acrostiches&#8230; Bienvenue dans l\u2019univers aussi rigoureux que d\u00e9cal\u00e9, tant math\u00e9matique que litt\u00e9raire de l\u2019Oubapo, l\u2019Ouvroir de bande dessin\u00e9e potentielle, pendant dessin\u00e9 de l\u2019illustre Oulipo. Et cette fois-ci, c\u2019est \u00c9tienne L\u00e9croart, membre de l\u2019Oulipo et de l\u2019Oubapo, roi de la contrainte \u00e0 double-sens et virtuose des exercices de style [&hellip;]","og_url":"https:\/\/www.lassociation.fr\/en\/catalogue\/l-oulipo-par-la-bande\/","og_site_name":"L\u2019Association","article_publisher":"https:\/\/www.facebook.com\/lhydrelasso\/","article_modified_time":"2026-01-22T10:39:35+00:00","og_image":[{"width":769,"height":1000,"url":"https:\/\/www.lassociation.fr\/backoffice\/wp-content\/uploads\/2023\/03\/Loulipo-par-la-bande_couvDEF.jpg","type":"image\/jpeg"}],"twitter_card":"summary_large_image","twitter_site":"@lassociation","schema":{"@context":"https:\/\/schema.org","@graph":[{"@type":"WebPage","@id":"https:\/\/www.lassociation.fr\/en\/catalogue\/l-oulipo-par-la-bande\/","url":"https:\/\/www.lassociation.fr\/en\/catalogue\/l-oulipo-par-la-bande\/","name":"Oulipo par la bande (L\u2019) - L\u2019Association","isPartOf":{"@id":"https:\/\/www.lassociation.fr\/en\/#website"},"primaryImageOfPage":{"@id":"https:\/\/www.lassociation.fr\/en\/catalogue\/l-oulipo-par-la-bande\/#primaryimage"},"image":{"@id":"https:\/\/www.lassociation.fr\/en\/catalogue\/l-oulipo-par-la-bande\/#primaryimage"},"thumbnailUrl":"https:\/\/www.lassociation.fr\/backoffice\/wp-content\/uploads\/2023\/03\/Loulipo-par-la-bande_couvDEF.jpg","datePublished":"2023-04-12T14:16:22+00:00","dateModified":"2026-01-22T10:39:35+00:00","breadcrumb":{"@id":"https:\/\/www.lassociation.fr\/en\/catalogue\/l-oulipo-par-la-bande\/#breadcrumb"},"inLanguage":"en-US","potentialAction":[{"@type":"ReadAction","target":["https:\/\/www.lassociation.fr\/en\/catalogue\/l-oulipo-par-la-bande\/"]}]},{"@type":"ImageObject","inLanguage":"en-US","@id":"https:\/\/www.lassociation.fr\/en\/catalogue\/l-oulipo-par-la-bande\/#primaryimage","url":"https:\/\/www.lassociation.fr\/backoffice\/wp-content\/uploads\/2023\/03\/Loulipo-par-la-bande_couvDEF.jpg","contentUrl":"https:\/\/www.lassociation.fr\/backoffice\/wp-content\/uploads\/2023\/03\/Loulipo-par-la-bande_couvDEF.jpg","width":769,"height":1000},{"@type":"BreadcrumbList","@id":"https:\/\/www.lassociation.fr\/en\/catalogue\/l-oulipo-par-la-bande\/#breadcrumb","itemListElement":[{"@type":"ListItem","position":1,"name":"Accueil","item":"https:\/\/www.lassociation.fr\/en\/"},{"@type":"ListItem","position":2,"name":"Catalog","item":"https:\/\/www.lassociation.fr\/en\/catalogue\/"},{"@type":"ListItem","position":3,"name":"Oulipo par la bande (L\u2019)"}]},{"@type":"WebSite","@id":"https:\/\/www.lassociation.fr\/en\/#website","url":"https:\/\/www.lassociation.fr\/en\/","name":"L\u2019Association","description":"Maison d\u2019\u00e9dition fran\u00e7aise de bande dessin\u00e9e, fond\u00e9e en 1990.","publisher":{"@id":"https:\/\/www.lassociation.fr\/en\/#organization"},"potentialAction":[{"@type":"SearchAction","target":{"@type":"EntryPoint","urlTemplate":"https:\/\/www.lassociation.fr\/en\/?s={search_term_string}"},"query-input":{"@type":"PropertyValueSpecification","valueRequired":true,"valueName":"search_term_string"}}],"inLanguage":"en-US"},{"@type":"Organization","@id":"https:\/\/www.lassociation.fr\/en\/#organization","name":"L\u2019Association","url":"https:\/\/www.lassociation.fr\/en\/","logo":{"@type":"ImageObject","inLanguage":"en-US","@id":"https:\/\/www.lassociation.fr\/en\/#\/schema\/logo\/image\/","url":"https:\/\/www.lassociation.fr\/backoffice\/wp-content\/uploads\/2019\/11\/asso_large.png","contentUrl":"https:\/\/www.lassociation.fr\/backoffice\/wp-content\/uploads\/2019\/11\/asso_large.png","width":1200,"height":630,"caption":"L\u2019Association"},"image":{"@id":"https:\/\/www.lassociation.fr\/en\/#\/schema\/logo\/image\/"},"sameAs":["https:\/\/www.facebook.com\/lhydrelasso\/","https:\/\/x.com\/lassociation","https:\/\/www.instagram.com\/editions_lassociation","https:\/\/fr.wikipedia.org\/wiki\/LAssociation","https:\/\/www.youtube.com\/@editions_lassociation"]}]}},"_links":{"self":[{"href":"https:\/\/www.lassociation.fr\/en\/wp-json\/wp\/v2\/product\/22897","targetHints":{"allow":["GET"]}}],"collection":[{"href":"https:\/\/www.lassociation.fr\/en\/wp-json\/wp\/v2\/product"}],"about":[{"href":"https:\/\/www.lassociation.fr\/en\/wp-json\/wp\/v2\/types\/product"}],"wp:featuredmedia":[{"embeddable":true,"href":"https:\/\/www.lassociation.fr\/en\/wp-json\/wp\/v2\/media\/23147"}],"wp:attachment":[{"href":"https:\/\/www.lassociation.fr\/en\/wp-json\/wp\/v2\/media?parent=22897"}],"wp:term":[{"taxonomy":"product_cat","embeddable":true,"href":"https:\/\/www.lassociation.fr\/en\/wp-json\/wp\/v2\/product_cat?post=22897"},{"taxonomy":"product_tag","embeddable":true,"href":"https:\/\/www.lassociation.fr\/en\/wp-json\/wp\/v2\/product_tag?post=22897"}],"curies":[{"name":"wp","href":"https:\/\/api.w.org\/{rel}","templated":true}]}}