{"id":23462,"date":"2023-06-20T17:50:33","date_gmt":"2023-06-20T15:50:33","guid":{"rendered":"https:\/\/www.lassociation.fr\/?post_type=product&#038;p=23462"},"modified":"2026-02-11T21:37:54","modified_gmt":"2026-02-11T20:37:54","slug":"suicide-total-broche","status":"publish","type":"product","link":"https:\/\/www.lassociation.fr\/en\/catalogue\/suicide-total-broche\/","title":{"rendered":"Suicide total [broch\u00e9]"},"content":{"rendered":"<p class=\"gmail-p1\">Apr\u00e8s une <span style=\"color: #0000ff\"><a style=\"color: #0000ff\" href=\"https:\/\/www.lassociation.fr\/catalogue\/suicide-total\/\">premi\u00e8re \u00e9dition exceptionnelle<\/a> <\/span>et (quasi) \u00e9puis\u00e9e,\u00a0<i>Suicide total<\/i>\u00a0de Julie Doucet est d\u00e9sormais disponible en version broch\u00e9e. Cette nouvelle \u00e9dition rend\u00a0<em>Suicide total\u00a0<\/em>accessible au plus grand nombre sans pour autant l\u00e9siner sur la qualit\u00e9 et le plaisir de lecture. Si r\u00e9it\u00e9rer une fabrication de type <a href=\"https:\/\/fr.wikipedia.org\/wiki\/Leporello_(livre)\" target=\"_blank\" rel=\"noopener\">leporello<\/a> n\u2019\u00e9tait pas envisageable, la reliure suisse de cette \u00e9dition permet d\u2019ouvrir le livre \u00e0 plat et de profiter pleinement des doubles pages. Avec son jaspage et son fil de couture noirs, cette nouvelle version\u00a0\u2013 de dimensions l\u00e9g\u00e8rement inf\u00e9rieures\u00a0\u2013\u00a0n\u2019en est pas moins enchanteresse.<\/p>\n<p class=\"gmail-p1\">Julie Doucet avait promis d\u2019arr\u00eater la bande dessin\u00e9e et l\u2019autobiographie. Voici qu\u2019elle revient sur ses mots avec une fabuleuse fresque immersive. Nous sommes en 1989, Julie a 23 ans, elle r\u00e9alise des fanzines qu\u2019elle distribue dans les librairies ou par correspondance. Elle entame alors une relation \u00e9pistolaire intense avec l\u2019un de ses lecteurs, un Fran\u00e7ais qui fait son service militaire et qu\u2019elle surnomme \u00ab le hussard \u00bb. Les deux jeunes gens s\u2019\u00e9crivent des centaines de lettres et s\u2019enthousiament l\u2019un pour l\u2019autre, jusqu\u2019\u00e0 ce qu\u2019un voyage en Europe leur offre l\u2019occasion de se rencontrer en chair et en os&#8230;<\/p>\n<p class=\"gmail-p1\"><i>Suicide total<\/i>\u00a0a \u00e9t\u00e9 dessin\u00e9 d\u2019un seul tenant.\u00a0Pas de cases, mais des pages satur\u00e9es dans un entrelacs de visages connus (celui de Julie notamment) et inconnus, d\u2019oiseaux, d\u2019animaux, d\u2019objets vari\u00e9s \u2013 le tout dessin\u00e9 \u00e0 l\u2019encre \u2013 et qui nous emporte comme un fleuve \u00e0 remonter le temps. La machine est un peu rouill\u00e9e au d\u00e9but et l\u2019autrice s\u2019exhorte elle-m\u00eame \u00e0 dessiner, \u00e9voque sa difficult\u00e9 \u00e0 manier les mots, avant de plonger \u2013 et nous avec elle \u2013 dans le flot de ses souvenirs pour ressusciter<br \/>\nl\u2019intensit\u00e9 des sentiments pass\u00e9s.<\/p>\n<p class=\"gmail-p1\">Avec\u00a0<i>Suicide total,<\/i>\u00a0l\u2019autrice qu\u00e9b\u00e9coise, <a href=\"https:\/\/www.bdangouleme.com\/grand-prix-festival-angouleme-2022\" target=\"_blank\" rel=\"noopener\">Grand Prix du festival de la ville d\u2019Angoul\u00eame 2022<\/a>, nous offre une \u00ab revisite \u00bb de la bande dessin\u00e9e qui fait d\u00e9j\u00e0 date.<\/p>\n","protected":false},"excerpt":{"rendered":"<p>Apr\u00e8s une premi\u00e8re \u00e9dition exceptionnelle et (quasi) \u00e9puis\u00e9e,\u00a0Suicide total\u00a0de Julie Doucet est d\u00e9sormais disponible en version broch\u00e9e. Cette nouvelle \u00e9dition rend\u00a0Suicide total\u00a0accessible au plus grand nombre sans pour autant l\u00e9siner sur la qualit\u00e9 et le plaisir de lecture. Si r\u00e9it\u00e9rer une fabrication de type leporello n\u2019\u00e9tait pas envisageable, la reliure suisse de cette \u00e9dition permet [&hellip;]<\/p>\n","protected":false},"featured_media":23554,"template":"","meta":{"_acf_changed":false},"product_cat":[48],"product_tag":[],"class_list":{"0":"post-23462","1":"product","2":"type-product","3":"status-publish","4":"has-post-thumbnail","6":"product_cat-hors-collection","7":"member-discount","8":"discount-restricted","10":"first","11":"instock","12":"taxable","13":"shipping-taxable","14":"purchasable","15":"product-type-simple"},"acf":[],"yoast_head":"<title>Suicide total [broch\u00e9] - L\u2019Association<\/title>\n<meta name=\"robots\" content=\"index, follow, max-snippet:-1, max-image-preview:large, max-video-preview:-1\" \/>\n<link rel=\"canonical\" href=\"https:\/\/www.lassociation.fr\/en\/catalogue\/suicide-total-broche\/\" \/>\n<meta property=\"og:locale\" content=\"en_US\" \/>\n<meta property=\"og:type\" content=\"article\" \/>\n<meta property=\"og:title\" content=\"Suicide total [broch\u00e9] - L\u2019Association\" \/>\n<meta property=\"og:description\" content=\"Apr\u00e8s une premi\u00e8re \u00e9dition exceptionnelle et (quasi) \u00e9puis\u00e9e,\u00a0Suicide total\u00a0de Julie Doucet est d\u00e9sormais disponible en version broch\u00e9e. Cette nouvelle \u00e9dition rend\u00a0Suicide total\u00a0accessible au plus grand nombre sans pour autant l\u00e9siner sur la qualit\u00e9 et le plaisir de lecture. Si r\u00e9it\u00e9rer une fabrication de type leporello n\u2019\u00e9tait pas envisageable, la reliure suisse de cette \u00e9dition permet [&hellip;]\" \/>\n<meta property=\"og:url\" content=\"https:\/\/www.lassociation.fr\/en\/catalogue\/suicide-total-broche\/\" \/>\n<meta property=\"og:site_name\" content=\"L\u2019Association\" \/>\n<meta property=\"article:publisher\" content=\"https:\/\/www.facebook.com\/lhydrelasso\/\" \/>\n<meta property=\"article:modified_time\" content=\"2026-02-11T20:37:54+00:00\" \/>\n<meta property=\"og:image\" content=\"https:\/\/www.lassociation.fr\/backoffice\/wp-content\/uploads\/2023\/06\/Suicide_Mini_3D_1.jpg\" \/>\n\t<meta property=\"og:image:width\" content=\"806\" \/>\n\t<meta property=\"og:image:height\" content=\"1000\" \/>\n\t<meta property=\"og:image:type\" content=\"image\/jpeg\" \/>\n<meta name=\"twitter:card\" content=\"summary_large_image\" \/>\n<meta name=\"twitter:site\" content=\"@lassociation\" \/>\n<script type=\"application\/ld+json\" class=\"yoast-schema-graph\">{\"@context\":\"https:\\\/\\\/schema.org\",\"@graph\":[{\"@type\":\"WebPage\",\"@id\":\"https:\\\/\\\/www.lassociation.fr\\\/en\\\/catalogue\\\/suicide-total-broche\\\/\",\"url\":\"https:\\\/\\\/www.lassociation.fr\\\/en\\\/catalogue\\\/suicide-total-broche\\\/\",\"name\":\"Suicide total [broch\u00e9] - L\u2019Association\",\"isPartOf\":{\"@id\":\"https:\\\/\\\/www.lassociation.fr\\\/en\\\/#website\"},\"primaryImageOfPage\":{\"@id\":\"https:\\\/\\\/www.lassociation.fr\\\/en\\\/catalogue\\\/suicide-total-broche\\\/#primaryimage\"},\"image\":{\"@id\":\"https:\\\/\\\/www.lassociation.fr\\\/en\\\/catalogue\\\/suicide-total-broche\\\/#primaryimage\"},\"thumbnailUrl\":\"https:\\\/\\\/www.lassociation.fr\\\/backoffice\\\/wp-content\\\/uploads\\\/2023\\\/06\\\/Suicide_Mini_3D_1.jpg\",\"datePublished\":\"2023-06-20T15:50:33+00:00\",\"dateModified\":\"2026-02-11T20:37:54+00:00\",\"breadcrumb\":{\"@id\":\"https:\\\/\\\/www.lassociation.fr\\\/en\\\/catalogue\\\/suicide-total-broche\\\/#breadcrumb\"},\"inLanguage\":\"en-US\",\"potentialAction\":[{\"@type\":\"ReadAction\",\"target\":[\"https:\\\/\\\/www.lassociation.fr\\\/en\\\/catalogue\\\/suicide-total-broche\\\/\"]}]},{\"@type\":\"ImageObject\",\"inLanguage\":\"en-US\",\"@id\":\"https:\\\/\\\/www.lassociation.fr\\\/en\\\/catalogue\\\/suicide-total-broche\\\/#primaryimage\",\"url\":\"https:\\\/\\\/www.lassociation.fr\\\/backoffice\\\/wp-content\\\/uploads\\\/2023\\\/06\\\/Suicide_Mini_3D_1.jpg\",\"contentUrl\":\"https:\\\/\\\/www.lassociation.fr\\\/backoffice\\\/wp-content\\\/uploads\\\/2023\\\/06\\\/Suicide_Mini_3D_1.jpg\",\"width\":806,\"height\":1000},{\"@type\":\"BreadcrumbList\",\"@id\":\"https:\\\/\\\/www.lassociation.fr\\\/en\\\/catalogue\\\/suicide-total-broche\\\/#breadcrumb\",\"itemListElement\":[{\"@type\":\"ListItem\",\"position\":1,\"name\":\"Accueil\",\"item\":\"https:\\\/\\\/www.lassociation.fr\\\/en\\\/\"},{\"@type\":\"ListItem\",\"position\":2,\"name\":\"Catalog\",\"item\":\"https:\\\/\\\/www.lassociation.fr\\\/en\\\/catalogue\\\/\"},{\"@type\":\"ListItem\",\"position\":3,\"name\":\"Suicide total [broch\u00e9]\"}]},{\"@type\":\"WebSite\",\"@id\":\"https:\\\/\\\/www.lassociation.fr\\\/en\\\/#website\",\"url\":\"https:\\\/\\\/www.lassociation.fr\\\/en\\\/\",\"name\":\"L\u2019Association\",\"description\":\"Maison d\u2019\u00e9dition fran\u00e7aise de bande dessin\u00e9e, fond\u00e9e en 1990.\",\"publisher\":{\"@id\":\"https:\\\/\\\/www.lassociation.fr\\\/en\\\/#organization\"},\"potentialAction\":[{\"@type\":\"SearchAction\",\"target\":{\"@type\":\"EntryPoint\",\"urlTemplate\":\"https:\\\/\\\/www.lassociation.fr\\\/en\\\/?s={search_term_string}\"},\"query-input\":{\"@type\":\"PropertyValueSpecification\",\"valueRequired\":true,\"valueName\":\"search_term_string\"}}],\"inLanguage\":\"en-US\"},{\"@type\":\"Organization\",\"@id\":\"https:\\\/\\\/www.lassociation.fr\\\/en\\\/#organization\",\"name\":\"L\u2019Association\",\"url\":\"https:\\\/\\\/www.lassociation.fr\\\/en\\\/\",\"logo\":{\"@type\":\"ImageObject\",\"inLanguage\":\"en-US\",\"@id\":\"https:\\\/\\\/www.lassociation.fr\\\/en\\\/#\\\/schema\\\/logo\\\/image\\\/\",\"url\":\"https:\\\/\\\/www.lassociation.fr\\\/backoffice\\\/wp-content\\\/uploads\\\/2019\\\/11\\\/asso_large.png\",\"contentUrl\":\"https:\\\/\\\/www.lassociation.fr\\\/backoffice\\\/wp-content\\\/uploads\\\/2019\\\/11\\\/asso_large.png\",\"width\":1200,\"height\":630,\"caption\":\"L\u2019Association\"},\"image\":{\"@id\":\"https:\\\/\\\/www.lassociation.fr\\\/en\\\/#\\\/schema\\\/logo\\\/image\\\/\"},\"sameAs\":[\"https:\\\/\\\/www.facebook.com\\\/lhydrelasso\\\/\",\"https:\\\/\\\/x.com\\\/lassociation\",\"https:\\\/\\\/www.instagram.com\\\/editions_lassociation\",\"https:\\\/\\\/fr.wikipedia.org\\\/wiki\\\/LAssociation\",\"https:\\\/\\\/www.youtube.com\\\/@editions_lassociation\"]}]}<\/script>","yoast_head_json":{"title":"Suicide total [broch\u00e9] - L\u2019Association","robots":{"index":"index","follow":"follow","max-snippet":"max-snippet:-1","max-image-preview":"max-image-preview:large","max-video-preview":"max-video-preview:-1"},"canonical":"https:\/\/www.lassociation.fr\/en\/catalogue\/suicide-total-broche\/","og_locale":"en_US","og_type":"article","og_title":"Suicide total [broch\u00e9] - L\u2019Association","og_description":"Apr\u00e8s une premi\u00e8re \u00e9dition exceptionnelle et (quasi) \u00e9puis\u00e9e,\u00a0Suicide total\u00a0de Julie Doucet est d\u00e9sormais disponible en version broch\u00e9e. Cette nouvelle \u00e9dition rend\u00a0Suicide total\u00a0accessible au plus grand nombre sans pour autant l\u00e9siner sur la qualit\u00e9 et le plaisir de lecture. Si r\u00e9it\u00e9rer une fabrication de type leporello n\u2019\u00e9tait pas envisageable, la reliure suisse de cette \u00e9dition permet [&hellip;]","og_url":"https:\/\/www.lassociation.fr\/en\/catalogue\/suicide-total-broche\/","og_site_name":"L\u2019Association","article_publisher":"https:\/\/www.facebook.com\/lhydrelasso\/","article_modified_time":"2026-02-11T20:37:54+00:00","og_image":[{"width":806,"height":1000,"url":"https:\/\/www.lassociation.fr\/backoffice\/wp-content\/uploads\/2023\/06\/Suicide_Mini_3D_1.jpg","type":"image\/jpeg"}],"twitter_card":"summary_large_image","twitter_site":"@lassociation","schema":{"@context":"https:\/\/schema.org","@graph":[{"@type":"WebPage","@id":"https:\/\/www.lassociation.fr\/en\/catalogue\/suicide-total-broche\/","url":"https:\/\/www.lassociation.fr\/en\/catalogue\/suicide-total-broche\/","name":"Suicide total [broch\u00e9] - L\u2019Association","isPartOf":{"@id":"https:\/\/www.lassociation.fr\/en\/#website"},"primaryImageOfPage":{"@id":"https:\/\/www.lassociation.fr\/en\/catalogue\/suicide-total-broche\/#primaryimage"},"image":{"@id":"https:\/\/www.lassociation.fr\/en\/catalogue\/suicide-total-broche\/#primaryimage"},"thumbnailUrl":"https:\/\/www.lassociation.fr\/backoffice\/wp-content\/uploads\/2023\/06\/Suicide_Mini_3D_1.jpg","datePublished":"2023-06-20T15:50:33+00:00","dateModified":"2026-02-11T20:37:54+00:00","breadcrumb":{"@id":"https:\/\/www.lassociation.fr\/en\/catalogue\/suicide-total-broche\/#breadcrumb"},"inLanguage":"en-US","potentialAction":[{"@type":"ReadAction","target":["https:\/\/www.lassociation.fr\/en\/catalogue\/suicide-total-broche\/"]}]},{"@type":"ImageObject","inLanguage":"en-US","@id":"https:\/\/www.lassociation.fr\/en\/catalogue\/suicide-total-broche\/#primaryimage","url":"https:\/\/www.lassociation.fr\/backoffice\/wp-content\/uploads\/2023\/06\/Suicide_Mini_3D_1.jpg","contentUrl":"https:\/\/www.lassociation.fr\/backoffice\/wp-content\/uploads\/2023\/06\/Suicide_Mini_3D_1.jpg","width":806,"height":1000},{"@type":"BreadcrumbList","@id":"https:\/\/www.lassociation.fr\/en\/catalogue\/suicide-total-broche\/#breadcrumb","itemListElement":[{"@type":"ListItem","position":1,"name":"Accueil","item":"https:\/\/www.lassociation.fr\/en\/"},{"@type":"ListItem","position":2,"name":"Catalog","item":"https:\/\/www.lassociation.fr\/en\/catalogue\/"},{"@type":"ListItem","position":3,"name":"Suicide total [broch\u00e9]"}]},{"@type":"WebSite","@id":"https:\/\/www.lassociation.fr\/en\/#website","url":"https:\/\/www.lassociation.fr\/en\/","name":"L\u2019Association","description":"Maison d\u2019\u00e9dition fran\u00e7aise de bande dessin\u00e9e, fond\u00e9e en 1990.","publisher":{"@id":"https:\/\/www.lassociation.fr\/en\/#organization"},"potentialAction":[{"@type":"SearchAction","target":{"@type":"EntryPoint","urlTemplate":"https:\/\/www.lassociation.fr\/en\/?s={search_term_string}"},"query-input":{"@type":"PropertyValueSpecification","valueRequired":true,"valueName":"search_term_string"}}],"inLanguage":"en-US"},{"@type":"Organization","@id":"https:\/\/www.lassociation.fr\/en\/#organization","name":"L\u2019Association","url":"https:\/\/www.lassociation.fr\/en\/","logo":{"@type":"ImageObject","inLanguage":"en-US","@id":"https:\/\/www.lassociation.fr\/en\/#\/schema\/logo\/image\/","url":"https:\/\/www.lassociation.fr\/backoffice\/wp-content\/uploads\/2019\/11\/asso_large.png","contentUrl":"https:\/\/www.lassociation.fr\/backoffice\/wp-content\/uploads\/2019\/11\/asso_large.png","width":1200,"height":630,"caption":"L\u2019Association"},"image":{"@id":"https:\/\/www.lassociation.fr\/en\/#\/schema\/logo\/image\/"},"sameAs":["https:\/\/www.facebook.com\/lhydrelasso\/","https:\/\/x.com\/lassociation","https:\/\/www.instagram.com\/editions_lassociation","https:\/\/fr.wikipedia.org\/wiki\/LAssociation","https:\/\/www.youtube.com\/@editions_lassociation"]}]}},"_links":{"self":[{"href":"https:\/\/www.lassociation.fr\/en\/wp-json\/wp\/v2\/product\/23462","targetHints":{"allow":["GET"]}}],"collection":[{"href":"https:\/\/www.lassociation.fr\/en\/wp-json\/wp\/v2\/product"}],"about":[{"href":"https:\/\/www.lassociation.fr\/en\/wp-json\/wp\/v2\/types\/product"}],"wp:featuredmedia":[{"embeddable":true,"href":"https:\/\/www.lassociation.fr\/en\/wp-json\/wp\/v2\/media\/23554"}],"wp:attachment":[{"href":"https:\/\/www.lassociation.fr\/en\/wp-json\/wp\/v2\/media?parent=23462"}],"wp:term":[{"taxonomy":"product_cat","embeddable":true,"href":"https:\/\/www.lassociation.fr\/en\/wp-json\/wp\/v2\/product_cat?post=23462"},{"taxonomy":"product_tag","embeddable":true,"href":"https:\/\/www.lassociation.fr\/en\/wp-json\/wp\/v2\/product_tag?post=23462"}],"curies":[{"name":"wp","href":"https:\/\/api.w.org\/{rel}","templated":true}]}}