{"id":23547,"date":"2023-07-05T11:40:20","date_gmt":"2023-07-05T09:40:20","guid":{"rendered":"https:\/\/www.lassociation.fr\/?post_type=product&#038;p=23547"},"modified":"2026-02-14T10:38:07","modified_gmt":"2026-02-14T09:38:07","slug":"broderies-relie","status":"publish","type":"product","link":"https:\/\/www.lassociation.fr\/en\/catalogue\/broderies-relie\/","title":{"rendered":"Broderies [reli\u00e9]"},"content":{"rendered":"<p><strong>A\u0300 l\u2019occasion de ses vingt ans, <em>Broderies <\/em>fait l\u2019objet d\u2019une nouvelle e\u0301dition relie\u0301e cartonne\u0301e dote\u0301e d\u2019une couverture et de gardes ine\u0301dites dessine\u0301es par Marjane Satrapi.<br \/>\n<\/strong><\/p>\n<p>Alors que les hommes partent faire une sieste digestive, la jeune Marjane est charg\u00e9e de pre\u0301parer le samovar. Les femmes de la famille se rassemblent alors autour d\u2019une tasse de the\u0301 afin de \u00ab ventiler le c\u0153ur \u00bb, s\u2019\u00e9changeant avec gourmandise des anecdotes \u2013 tant\u00f4t terribles, cocasses ou incroyables \u2013 autour de l\u2019amour, du mariage et du sexe&#8230;<\/p>\n<p>Cette re\u0301union familiale refle\u0300te sans e\u0301quivoque la place des femmes dans la socie\u0301te\u0301 iranienne, avec toutes ses subtilite\u0301s ge\u0301ne\u0301rationnelles et sociales. Vingt ans apre\u0300s sa premie\u0300re parution, <em>Broderies <\/em>de Marjane Satrapi est plus que jamais d\u2019actualite\u0301, les histoires partage\u0301es re\u0301sonnant avec force au regard de l\u2019actuelle re\u0301volte des femmes iraniennes. Dro\u0302le, touchant, parfois glac\u0327ant, cet ouvrage constitue le comple\u0301ment indispensable a\u0300 <em>Persepolis<\/em>.<\/p>\n<p><strong>Les tranches de cette nouvelle \u00e9dition sont recouvertes d\u2019un jaspage noir et l\u2019ouvrage est e\u0301galement pourvu d\u2019un signet en soie noire, assorti au tranchefile. <\/strong><\/p>\n","protected":false},"excerpt":{"rendered":"<p>A\u0300 l\u2019occasion de ses vingt ans, Broderies fait l\u2019objet d\u2019une nouvelle e\u0301dition relie\u0301e cartonne\u0301e dote\u0301e d\u2019une couverture et de gardes ine\u0301dites dessine\u0301es par Marjane Satrapi. Alors que les hommes partent faire une sieste digestive, la jeune Marjane est charg\u00e9e de pre\u0301parer le samovar. Les femmes de la famille se rassemblent alors autour d\u2019une tasse de [&hellip;]<\/p>\n","protected":false},"featured_media":23548,"template":"","meta":{"_acf_changed":false},"product_cat":[48],"product_tag":[],"class_list":{"0":"post-23547","1":"product","2":"type-product","3":"status-publish","4":"has-post-thumbnail","6":"product_cat-hors-collection","7":"member-discount","8":"discount-restricted","10":"first","11":"instock","12":"taxable","13":"shipping-taxable","14":"purchasable","15":"product-type-simple"},"acf":[],"yoast_head":"<title>Broderies [reli\u00e9] - L\u2019Association<\/title>\n<meta name=\"robots\" content=\"index, follow, max-snippet:-1, max-image-preview:large, max-video-preview:-1\" \/>\n<link rel=\"canonical\" href=\"https:\/\/www.lassociation.fr\/en\/catalogue\/broderies-relie\/\" \/>\n<meta property=\"og:locale\" content=\"en_US\" \/>\n<meta property=\"og:type\" content=\"article\" \/>\n<meta property=\"og:title\" content=\"Broderies [reli\u00e9] - L\u2019Association\" \/>\n<meta property=\"og:description\" content=\"A\u0300 l\u2019occasion de ses vingt ans, Broderies fait l\u2019objet d\u2019une nouvelle e\u0301dition relie\u0301e cartonne\u0301e dote\u0301e d\u2019une couverture et de gardes ine\u0301dites dessine\u0301es par Marjane Satrapi. Alors que les hommes partent faire une sieste digestive, la jeune Marjane est charg\u00e9e de pre\u0301parer le samovar. Les femmes de la famille se rassemblent alors autour d\u2019une tasse de [&hellip;]\" \/>\n<meta property=\"og:url\" content=\"https:\/\/www.lassociation.fr\/en\/catalogue\/broderies-relie\/\" \/>\n<meta property=\"og:site_name\" content=\"L\u2019Association\" \/>\n<meta property=\"article:publisher\" content=\"https:\/\/www.facebook.com\/lhydrelasso\/\" \/>\n<meta property=\"article:modified_time\" content=\"2026-02-14T09:38:07+00:00\" \/>\n<meta property=\"og:image\" content=\"https:\/\/www.lassociation.fr\/backoffice\/wp-content\/uploads\/2023\/07\/BroderiesHC_couvDEF_3D.jpg\" \/>\n\t<meta property=\"og:image:width\" content=\"724\" \/>\n\t<meta property=\"og:image:height\" content=\"1000\" \/>\n\t<meta property=\"og:image:type\" content=\"image\/jpeg\" \/>\n<meta name=\"twitter:card\" content=\"summary_large_image\" \/>\n<meta name=\"twitter:site\" content=\"@lassociation\" \/>\n<script type=\"application\/ld+json\" class=\"yoast-schema-graph\">{\"@context\":\"https:\\\/\\\/schema.org\",\"@graph\":[{\"@type\":\"WebPage\",\"@id\":\"https:\\\/\\\/www.lassociation.fr\\\/en\\\/catalogue\\\/broderies-relie\\\/\",\"url\":\"https:\\\/\\\/www.lassociation.fr\\\/en\\\/catalogue\\\/broderies-relie\\\/\",\"name\":\"Broderies [reli\u00e9] - L\u2019Association\",\"isPartOf\":{\"@id\":\"https:\\\/\\\/www.lassociation.fr\\\/en\\\/#website\"},\"primaryImageOfPage\":{\"@id\":\"https:\\\/\\\/www.lassociation.fr\\\/en\\\/catalogue\\\/broderies-relie\\\/#primaryimage\"},\"image\":{\"@id\":\"https:\\\/\\\/www.lassociation.fr\\\/en\\\/catalogue\\\/broderies-relie\\\/#primaryimage\"},\"thumbnailUrl\":\"https:\\\/\\\/www.lassociation.fr\\\/backoffice\\\/wp-content\\\/uploads\\\/2023\\\/07\\\/BroderiesHC_couvDEF_3D.jpg\",\"datePublished\":\"2023-07-05T09:40:20+00:00\",\"dateModified\":\"2026-02-14T09:38:07+00:00\",\"breadcrumb\":{\"@id\":\"https:\\\/\\\/www.lassociation.fr\\\/en\\\/catalogue\\\/broderies-relie\\\/#breadcrumb\"},\"inLanguage\":\"en-US\",\"potentialAction\":[{\"@type\":\"ReadAction\",\"target\":[\"https:\\\/\\\/www.lassociation.fr\\\/en\\\/catalogue\\\/broderies-relie\\\/\"]}]},{\"@type\":\"ImageObject\",\"inLanguage\":\"en-US\",\"@id\":\"https:\\\/\\\/www.lassociation.fr\\\/en\\\/catalogue\\\/broderies-relie\\\/#primaryimage\",\"url\":\"https:\\\/\\\/www.lassociation.fr\\\/backoffice\\\/wp-content\\\/uploads\\\/2023\\\/07\\\/BroderiesHC_couvDEF_3D.jpg\",\"contentUrl\":\"https:\\\/\\\/www.lassociation.fr\\\/backoffice\\\/wp-content\\\/uploads\\\/2023\\\/07\\\/BroderiesHC_couvDEF_3D.jpg\",\"width\":724,\"height\":1000},{\"@type\":\"BreadcrumbList\",\"@id\":\"https:\\\/\\\/www.lassociation.fr\\\/en\\\/catalogue\\\/broderies-relie\\\/#breadcrumb\",\"itemListElement\":[{\"@type\":\"ListItem\",\"position\":1,\"name\":\"Accueil\",\"item\":\"https:\\\/\\\/www.lassociation.fr\\\/en\\\/\"},{\"@type\":\"ListItem\",\"position\":2,\"name\":\"Catalog\",\"item\":\"https:\\\/\\\/www.lassociation.fr\\\/en\\\/catalogue\\\/\"},{\"@type\":\"ListItem\",\"position\":3,\"name\":\"Broderies [reli\u00e9]\"}]},{\"@type\":\"WebSite\",\"@id\":\"https:\\\/\\\/www.lassociation.fr\\\/en\\\/#website\",\"url\":\"https:\\\/\\\/www.lassociation.fr\\\/en\\\/\",\"name\":\"L\u2019Association\",\"description\":\"Maison d\u2019\u00e9dition fran\u00e7aise de bande dessin\u00e9e, fond\u00e9e en 1990.\",\"publisher\":{\"@id\":\"https:\\\/\\\/www.lassociation.fr\\\/en\\\/#organization\"},\"potentialAction\":[{\"@type\":\"SearchAction\",\"target\":{\"@type\":\"EntryPoint\",\"urlTemplate\":\"https:\\\/\\\/www.lassociation.fr\\\/en\\\/?s={search_term_string}\"},\"query-input\":{\"@type\":\"PropertyValueSpecification\",\"valueRequired\":true,\"valueName\":\"search_term_string\"}}],\"inLanguage\":\"en-US\"},{\"@type\":\"Organization\",\"@id\":\"https:\\\/\\\/www.lassociation.fr\\\/en\\\/#organization\",\"name\":\"L\u2019Association\",\"url\":\"https:\\\/\\\/www.lassociation.fr\\\/en\\\/\",\"logo\":{\"@type\":\"ImageObject\",\"inLanguage\":\"en-US\",\"@id\":\"https:\\\/\\\/www.lassociation.fr\\\/en\\\/#\\\/schema\\\/logo\\\/image\\\/\",\"url\":\"https:\\\/\\\/www.lassociation.fr\\\/backoffice\\\/wp-content\\\/uploads\\\/2019\\\/11\\\/asso_large.png\",\"contentUrl\":\"https:\\\/\\\/www.lassociation.fr\\\/backoffice\\\/wp-content\\\/uploads\\\/2019\\\/11\\\/asso_large.png\",\"width\":1200,\"height\":630,\"caption\":\"L\u2019Association\"},\"image\":{\"@id\":\"https:\\\/\\\/www.lassociation.fr\\\/en\\\/#\\\/schema\\\/logo\\\/image\\\/\"},\"sameAs\":[\"https:\\\/\\\/www.facebook.com\\\/lhydrelasso\\\/\",\"https:\\\/\\\/x.com\\\/lassociation\",\"https:\\\/\\\/www.instagram.com\\\/editions_lassociation\",\"https:\\\/\\\/fr.wikipedia.org\\\/wiki\\\/LAssociation\",\"https:\\\/\\\/www.youtube.com\\\/@editions_lassociation\"]}]}<\/script>","yoast_head_json":{"title":"Broderies [reli\u00e9] - L\u2019Association","robots":{"index":"index","follow":"follow","max-snippet":"max-snippet:-1","max-image-preview":"max-image-preview:large","max-video-preview":"max-video-preview:-1"},"canonical":"https:\/\/www.lassociation.fr\/en\/catalogue\/broderies-relie\/","og_locale":"en_US","og_type":"article","og_title":"Broderies [reli\u00e9] - L\u2019Association","og_description":"A\u0300 l\u2019occasion de ses vingt ans, Broderies fait l\u2019objet d\u2019une nouvelle e\u0301dition relie\u0301e cartonne\u0301e dote\u0301e d\u2019une couverture et de gardes ine\u0301dites dessine\u0301es par Marjane Satrapi. Alors que les hommes partent faire une sieste digestive, la jeune Marjane est charg\u00e9e de pre\u0301parer le samovar. Les femmes de la famille se rassemblent alors autour d\u2019une tasse de [&hellip;]","og_url":"https:\/\/www.lassociation.fr\/en\/catalogue\/broderies-relie\/","og_site_name":"L\u2019Association","article_publisher":"https:\/\/www.facebook.com\/lhydrelasso\/","article_modified_time":"2026-02-14T09:38:07+00:00","og_image":[{"width":724,"height":1000,"url":"https:\/\/www.lassociation.fr\/backoffice\/wp-content\/uploads\/2023\/07\/BroderiesHC_couvDEF_3D.jpg","type":"image\/jpeg"}],"twitter_card":"summary_large_image","twitter_site":"@lassociation","schema":{"@context":"https:\/\/schema.org","@graph":[{"@type":"WebPage","@id":"https:\/\/www.lassociation.fr\/en\/catalogue\/broderies-relie\/","url":"https:\/\/www.lassociation.fr\/en\/catalogue\/broderies-relie\/","name":"Broderies [reli\u00e9] - L\u2019Association","isPartOf":{"@id":"https:\/\/www.lassociation.fr\/en\/#website"},"primaryImageOfPage":{"@id":"https:\/\/www.lassociation.fr\/en\/catalogue\/broderies-relie\/#primaryimage"},"image":{"@id":"https:\/\/www.lassociation.fr\/en\/catalogue\/broderies-relie\/#primaryimage"},"thumbnailUrl":"https:\/\/www.lassociation.fr\/backoffice\/wp-content\/uploads\/2023\/07\/BroderiesHC_couvDEF_3D.jpg","datePublished":"2023-07-05T09:40:20+00:00","dateModified":"2026-02-14T09:38:07+00:00","breadcrumb":{"@id":"https:\/\/www.lassociation.fr\/en\/catalogue\/broderies-relie\/#breadcrumb"},"inLanguage":"en-US","potentialAction":[{"@type":"ReadAction","target":["https:\/\/www.lassociation.fr\/en\/catalogue\/broderies-relie\/"]}]},{"@type":"ImageObject","inLanguage":"en-US","@id":"https:\/\/www.lassociation.fr\/en\/catalogue\/broderies-relie\/#primaryimage","url":"https:\/\/www.lassociation.fr\/backoffice\/wp-content\/uploads\/2023\/07\/BroderiesHC_couvDEF_3D.jpg","contentUrl":"https:\/\/www.lassociation.fr\/backoffice\/wp-content\/uploads\/2023\/07\/BroderiesHC_couvDEF_3D.jpg","width":724,"height":1000},{"@type":"BreadcrumbList","@id":"https:\/\/www.lassociation.fr\/en\/catalogue\/broderies-relie\/#breadcrumb","itemListElement":[{"@type":"ListItem","position":1,"name":"Accueil","item":"https:\/\/www.lassociation.fr\/en\/"},{"@type":"ListItem","position":2,"name":"Catalog","item":"https:\/\/www.lassociation.fr\/en\/catalogue\/"},{"@type":"ListItem","position":3,"name":"Broderies [reli\u00e9]"}]},{"@type":"WebSite","@id":"https:\/\/www.lassociation.fr\/en\/#website","url":"https:\/\/www.lassociation.fr\/en\/","name":"L\u2019Association","description":"Maison d\u2019\u00e9dition fran\u00e7aise de bande dessin\u00e9e, fond\u00e9e en 1990.","publisher":{"@id":"https:\/\/www.lassociation.fr\/en\/#organization"},"potentialAction":[{"@type":"SearchAction","target":{"@type":"EntryPoint","urlTemplate":"https:\/\/www.lassociation.fr\/en\/?s={search_term_string}"},"query-input":{"@type":"PropertyValueSpecification","valueRequired":true,"valueName":"search_term_string"}}],"inLanguage":"en-US"},{"@type":"Organization","@id":"https:\/\/www.lassociation.fr\/en\/#organization","name":"L\u2019Association","url":"https:\/\/www.lassociation.fr\/en\/","logo":{"@type":"ImageObject","inLanguage":"en-US","@id":"https:\/\/www.lassociation.fr\/en\/#\/schema\/logo\/image\/","url":"https:\/\/www.lassociation.fr\/backoffice\/wp-content\/uploads\/2019\/11\/asso_large.png","contentUrl":"https:\/\/www.lassociation.fr\/backoffice\/wp-content\/uploads\/2019\/11\/asso_large.png","width":1200,"height":630,"caption":"L\u2019Association"},"image":{"@id":"https:\/\/www.lassociation.fr\/en\/#\/schema\/logo\/image\/"},"sameAs":["https:\/\/www.facebook.com\/lhydrelasso\/","https:\/\/x.com\/lassociation","https:\/\/www.instagram.com\/editions_lassociation","https:\/\/fr.wikipedia.org\/wiki\/LAssociation","https:\/\/www.youtube.com\/@editions_lassociation"]}]}},"_links":{"self":[{"href":"https:\/\/www.lassociation.fr\/en\/wp-json\/wp\/v2\/product\/23547","targetHints":{"allow":["GET"]}}],"collection":[{"href":"https:\/\/www.lassociation.fr\/en\/wp-json\/wp\/v2\/product"}],"about":[{"href":"https:\/\/www.lassociation.fr\/en\/wp-json\/wp\/v2\/types\/product"}],"wp:featuredmedia":[{"embeddable":true,"href":"https:\/\/www.lassociation.fr\/en\/wp-json\/wp\/v2\/media\/23548"}],"wp:attachment":[{"href":"https:\/\/www.lassociation.fr\/en\/wp-json\/wp\/v2\/media?parent=23547"}],"wp:term":[{"taxonomy":"product_cat","embeddable":true,"href":"https:\/\/www.lassociation.fr\/en\/wp-json\/wp\/v2\/product_cat?post=23547"},{"taxonomy":"product_tag","embeddable":true,"href":"https:\/\/www.lassociation.fr\/en\/wp-json\/wp\/v2\/product_tag?post=23547"}],"curies":[{"name":"wp","href":"https:\/\/api.w.org\/{rel}","templated":true}]}}