{"id":9600,"date":"2019-11-29T11:49:06","date_gmt":"2019-11-29T10:49:06","guid":{"rendered":"https:\/\/www.lassociation.fr\/?post_type=product&#038;p=9600"},"modified":"2026-01-22T11:39:31","modified_gmt":"2026-01-22T10:39:31","slug":"mon-lapin-quotidien-13","status":"publish","type":"product","link":"https:\/\/www.lassociation.fr\/en\/catalogue\/mon-lapin-quotidien-13\/","title":{"rendered":"Mon Lapin Quotidien #13"},"content":{"rendered":"<p>Gros chamboulement dans le terrier de votre journal pr\u00e9f\u00e9r\u00e9 !<br \/>\nCe num\u00e9ro 13 marque l\u2019arriv\u00e9e d\u2019un nouveau cor\u00e9dacteur en chef : Quentin Faucompr\u00e9.<br \/>\nDuhoo s\u2019en est all\u00e9, Killoffer est rest\u00e9, et avec Faucompr\u00e9, une nouvelle mixture, nouvelle mouture, nouvelle nature, nouvelle parure de Mon (Ton, Notre, Votre) Lapin Quotidien est n\u00e9e.<br \/>\nCar avec Faucompr\u00e9, ce n&#8217;est pas moins d\u2019une vingtaine de nouvelles recrues qui d\u00e9barquent, en renfort de l\u2019\u00e9quipe originelle, dans ce num\u00e9ro enrob\u00e9, pour l\u2019occasion, d\u2019une \u00e9l\u00e9gante bichromie noire et rouge, pages une et douze.<\/p>\n<p>Chaude ambiance qui, PATATRA ! tout \u00e0 coup aboutit, on ne sait plus comment, \u00e0 un MLQ sous le signe du n\u00e9o (ou pas n\u00e9o, ou pal\u00e9o)-FASCISME !<br \/>\n(qui dit num\u00e9ro chaud, dit num\u00e9ro facho), et &#8211; surtout &#8211; du macronisme&#8230;<br \/>\nPl\u00e9onasme ? Point Godwin ? Contre-sens ? Question complexe ? \u00c9vidence ? Barbarisme ?<br \/>\n\u00c0 vous d\u2019en juger en vous empressant d&#8217;ouvrir ce num\u00e9ro.<br \/>\nApr\u00e8s LE PAIN, apr\u00e8s LE VIN, puisque \u00e7a n&#8217;a aucun rapport, en bonne logique, s\u2019imposait :<br \/>\nLE FASCISME !<br \/>\nDu pain, du vin et du fascisme !<br \/>\nQue demande le peuple !<br \/>\nQue demande le peuple ?<br \/>\nLE FASCISME !<br \/>\nDe l\u2019ordre !<br \/>\nUn homme providentiel et \u00e0 poigne !<br \/>\nUne main de fer dans un gant d&#8217;acier !<\/p>\n<p>HAUT LA MAIN, PEAU D\u2019LAPIN !<br \/>\nBienvenue dans ce nouveau Mon Lapin Quotidien !<\/p>\n","protected":false},"excerpt":{"rendered":"<p>Gros chamboulement dans le terrier de votre journal pr\u00e9f\u00e9r\u00e9 ! Ce num\u00e9ro 13 marque l\u2019arriv\u00e9e d\u2019un nouveau cor\u00e9dacteur en chef : Quentin Faucompr\u00e9. Duhoo s\u2019en est all\u00e9, Killoffer est rest\u00e9, et avec Faucompr\u00e9, une nouvelle mixture, nouvelle mouture, nouvelle nature, nouvelle parure de Mon (Ton, Notre, Votre) Lapin Quotidien est n\u00e9e. Car avec Faucompr\u00e9, ce [&hellip;]<\/p>\n","protected":false},"featured_media":9601,"template":"","meta":{"_acf_changed":false},"product_cat":[40],"product_tag":[],"class_list":{"0":"post-9600","1":"product","2":"type-product","3":"status-publish","4":"has-post-thumbnail","6":"product_cat-lapin","7":"member-discount","8":"discount-restricted","10":"first","11":"instock","12":"taxable","13":"shipping-taxable","14":"purchasable","15":"product-type-simple"},"acf":[],"yoast_head":"<title>Mon Lapin Quotidien #13 - L\u2019Association<\/title>\n<meta name=\"robots\" content=\"index, follow, max-snippet:-1, max-image-preview:large, max-video-preview:-1\" \/>\n<link rel=\"canonical\" href=\"https:\/\/www.lassociation.fr\/en\/catalogue\/mon-lapin-quotidien-13\/\" \/>\n<meta property=\"og:locale\" content=\"en_US\" \/>\n<meta property=\"og:type\" content=\"article\" \/>\n<meta property=\"og:title\" content=\"Mon Lapin Quotidien #13 - L\u2019Association\" \/>\n<meta property=\"og:description\" content=\"Gros chamboulement dans le terrier de votre journal pr\u00e9f\u00e9r\u00e9 ! Ce num\u00e9ro 13 marque l\u2019arriv\u00e9e d\u2019un nouveau cor\u00e9dacteur en chef : Quentin Faucompr\u00e9. Duhoo s\u2019en est all\u00e9, Killoffer est rest\u00e9, et avec Faucompr\u00e9, une nouvelle mixture, nouvelle mouture, nouvelle nature, nouvelle parure de Mon (Ton, Notre, Votre) Lapin Quotidien est n\u00e9e. Car avec Faucompr\u00e9, ce [&hellip;]\" \/>\n<meta property=\"og:url\" content=\"https:\/\/www.lassociation.fr\/en\/catalogue\/mon-lapin-quotidien-13\/\" \/>\n<meta property=\"og:site_name\" content=\"L\u2019Association\" \/>\n<meta property=\"article:publisher\" content=\"https:\/\/www.facebook.com\/lhydrelasso\/\" \/>\n<meta property=\"article:modified_time\" content=\"2026-01-22T10:39:31+00:00\" \/>\n<meta property=\"og:image\" content=\"https:\/\/www.lassociation.fr\/backoffice\/wp-content\/uploads\/2019\/11\/9782844147837-p1-scaled.jpg\" \/>\n\t<meta property=\"og:image:width\" content=\"1812\" \/>\n\t<meta property=\"og:image:height\" content=\"2560\" \/>\n\t<meta property=\"og:image:type\" content=\"image\/jpeg\" \/>\n<meta name=\"twitter:card\" content=\"summary_large_image\" \/>\n<meta name=\"twitter:site\" content=\"@lassociation\" \/>\n<script type=\"application\/ld+json\" class=\"yoast-schema-graph\">{\"@context\":\"https:\\\/\\\/schema.org\",\"@graph\":[{\"@type\":\"WebPage\",\"@id\":\"https:\\\/\\\/www.lassociation.fr\\\/en\\\/catalogue\\\/mon-lapin-quotidien-13\\\/\",\"url\":\"https:\\\/\\\/www.lassociation.fr\\\/en\\\/catalogue\\\/mon-lapin-quotidien-13\\\/\",\"name\":\"Mon Lapin Quotidien #13 - L\u2019Association\",\"isPartOf\":{\"@id\":\"https:\\\/\\\/www.lassociation.fr\\\/en\\\/#website\"},\"primaryImageOfPage\":{\"@id\":\"https:\\\/\\\/www.lassociation.fr\\\/en\\\/catalogue\\\/mon-lapin-quotidien-13\\\/#primaryimage\"},\"image\":{\"@id\":\"https:\\\/\\\/www.lassociation.fr\\\/en\\\/catalogue\\\/mon-lapin-quotidien-13\\\/#primaryimage\"},\"thumbnailUrl\":\"https:\\\/\\\/www.lassociation.fr\\\/backoffice\\\/wp-content\\\/uploads\\\/2019\\\/11\\\/9782844147837-p1-scaled.jpg\",\"datePublished\":\"2019-11-29T10:49:06+00:00\",\"dateModified\":\"2026-01-22T10:39:31+00:00\",\"breadcrumb\":{\"@id\":\"https:\\\/\\\/www.lassociation.fr\\\/en\\\/catalogue\\\/mon-lapin-quotidien-13\\\/#breadcrumb\"},\"inLanguage\":\"en-US\",\"potentialAction\":[{\"@type\":\"ReadAction\",\"target\":[\"https:\\\/\\\/www.lassociation.fr\\\/en\\\/catalogue\\\/mon-lapin-quotidien-13\\\/\"]}]},{\"@type\":\"ImageObject\",\"inLanguage\":\"en-US\",\"@id\":\"https:\\\/\\\/www.lassociation.fr\\\/en\\\/catalogue\\\/mon-lapin-quotidien-13\\\/#primaryimage\",\"url\":\"https:\\\/\\\/www.lassociation.fr\\\/backoffice\\\/wp-content\\\/uploads\\\/2019\\\/11\\\/9782844147837-p1-scaled.jpg\",\"contentUrl\":\"https:\\\/\\\/www.lassociation.fr\\\/backoffice\\\/wp-content\\\/uploads\\\/2019\\\/11\\\/9782844147837-p1-scaled.jpg\",\"width\":1812,\"height\":2560},{\"@type\":\"BreadcrumbList\",\"@id\":\"https:\\\/\\\/www.lassociation.fr\\\/en\\\/catalogue\\\/mon-lapin-quotidien-13\\\/#breadcrumb\",\"itemListElement\":[{\"@type\":\"ListItem\",\"position\":1,\"name\":\"Accueil\",\"item\":\"https:\\\/\\\/www.lassociation.fr\\\/en\\\/\"},{\"@type\":\"ListItem\",\"position\":2,\"name\":\"Catalog\",\"item\":\"https:\\\/\\\/www.lassociation.fr\\\/en\\\/catalogue\\\/\"},{\"@type\":\"ListItem\",\"position\":3,\"name\":\"Mon Lapin Quotidien #13\"}]},{\"@type\":\"WebSite\",\"@id\":\"https:\\\/\\\/www.lassociation.fr\\\/en\\\/#website\",\"url\":\"https:\\\/\\\/www.lassociation.fr\\\/en\\\/\",\"name\":\"L\u2019Association\",\"description\":\"Maison d\u2019\u00e9dition fran\u00e7aise de bande dessin\u00e9e, fond\u00e9e en 1990.\",\"publisher\":{\"@id\":\"https:\\\/\\\/www.lassociation.fr\\\/en\\\/#organization\"},\"potentialAction\":[{\"@type\":\"SearchAction\",\"target\":{\"@type\":\"EntryPoint\",\"urlTemplate\":\"https:\\\/\\\/www.lassociation.fr\\\/en\\\/?s={search_term_string}\"},\"query-input\":{\"@type\":\"PropertyValueSpecification\",\"valueRequired\":true,\"valueName\":\"search_term_string\"}}],\"inLanguage\":\"en-US\"},{\"@type\":\"Organization\",\"@id\":\"https:\\\/\\\/www.lassociation.fr\\\/en\\\/#organization\",\"name\":\"L\u2019Association\",\"url\":\"https:\\\/\\\/www.lassociation.fr\\\/en\\\/\",\"logo\":{\"@type\":\"ImageObject\",\"inLanguage\":\"en-US\",\"@id\":\"https:\\\/\\\/www.lassociation.fr\\\/en\\\/#\\\/schema\\\/logo\\\/image\\\/\",\"url\":\"https:\\\/\\\/www.lassociation.fr\\\/backoffice\\\/wp-content\\\/uploads\\\/2019\\\/11\\\/asso_large.png\",\"contentUrl\":\"https:\\\/\\\/www.lassociation.fr\\\/backoffice\\\/wp-content\\\/uploads\\\/2019\\\/11\\\/asso_large.png\",\"width\":1200,\"height\":630,\"caption\":\"L\u2019Association\"},\"image\":{\"@id\":\"https:\\\/\\\/www.lassociation.fr\\\/en\\\/#\\\/schema\\\/logo\\\/image\\\/\"},\"sameAs\":[\"https:\\\/\\\/www.facebook.com\\\/lhydrelasso\\\/\",\"https:\\\/\\\/x.com\\\/lassociation\",\"https:\\\/\\\/www.instagram.com\\\/editions_lassociation\",\"https:\\\/\\\/fr.wikipedia.org\\\/wiki\\\/LAssociation\",\"https:\\\/\\\/www.youtube.com\\\/@editions_lassociation\"]}]}<\/script>","yoast_head_json":{"title":"Mon Lapin Quotidien #13 - L\u2019Association","robots":{"index":"index","follow":"follow","max-snippet":"max-snippet:-1","max-image-preview":"max-image-preview:large","max-video-preview":"max-video-preview:-1"},"canonical":"https:\/\/www.lassociation.fr\/en\/catalogue\/mon-lapin-quotidien-13\/","og_locale":"en_US","og_type":"article","og_title":"Mon Lapin Quotidien #13 - L\u2019Association","og_description":"Gros chamboulement dans le terrier de votre journal pr\u00e9f\u00e9r\u00e9 ! Ce num\u00e9ro 13 marque l\u2019arriv\u00e9e d\u2019un nouveau cor\u00e9dacteur en chef : Quentin Faucompr\u00e9. Duhoo s\u2019en est all\u00e9, Killoffer est rest\u00e9, et avec Faucompr\u00e9, une nouvelle mixture, nouvelle mouture, nouvelle nature, nouvelle parure de Mon (Ton, Notre, Votre) Lapin Quotidien est n\u00e9e. Car avec Faucompr\u00e9, ce [&hellip;]","og_url":"https:\/\/www.lassociation.fr\/en\/catalogue\/mon-lapin-quotidien-13\/","og_site_name":"L\u2019Association","article_publisher":"https:\/\/www.facebook.com\/lhydrelasso\/","article_modified_time":"2026-01-22T10:39:31+00:00","og_image":[{"width":1812,"height":2560,"url":"https:\/\/www.lassociation.fr\/backoffice\/wp-content\/uploads\/2019\/11\/9782844147837-p1-scaled.jpg","type":"image\/jpeg"}],"twitter_card":"summary_large_image","twitter_site":"@lassociation","schema":{"@context":"https:\/\/schema.org","@graph":[{"@type":"WebPage","@id":"https:\/\/www.lassociation.fr\/en\/catalogue\/mon-lapin-quotidien-13\/","url":"https:\/\/www.lassociation.fr\/en\/catalogue\/mon-lapin-quotidien-13\/","name":"Mon Lapin Quotidien #13 - L\u2019Association","isPartOf":{"@id":"https:\/\/www.lassociation.fr\/en\/#website"},"primaryImageOfPage":{"@id":"https:\/\/www.lassociation.fr\/en\/catalogue\/mon-lapin-quotidien-13\/#primaryimage"},"image":{"@id":"https:\/\/www.lassociation.fr\/en\/catalogue\/mon-lapin-quotidien-13\/#primaryimage"},"thumbnailUrl":"https:\/\/www.lassociation.fr\/backoffice\/wp-content\/uploads\/2019\/11\/9782844147837-p1-scaled.jpg","datePublished":"2019-11-29T10:49:06+00:00","dateModified":"2026-01-22T10:39:31+00:00","breadcrumb":{"@id":"https:\/\/www.lassociation.fr\/en\/catalogue\/mon-lapin-quotidien-13\/#breadcrumb"},"inLanguage":"en-US","potentialAction":[{"@type":"ReadAction","target":["https:\/\/www.lassociation.fr\/en\/catalogue\/mon-lapin-quotidien-13\/"]}]},{"@type":"ImageObject","inLanguage":"en-US","@id":"https:\/\/www.lassociation.fr\/en\/catalogue\/mon-lapin-quotidien-13\/#primaryimage","url":"https:\/\/www.lassociation.fr\/backoffice\/wp-content\/uploads\/2019\/11\/9782844147837-p1-scaled.jpg","contentUrl":"https:\/\/www.lassociation.fr\/backoffice\/wp-content\/uploads\/2019\/11\/9782844147837-p1-scaled.jpg","width":1812,"height":2560},{"@type":"BreadcrumbList","@id":"https:\/\/www.lassociation.fr\/en\/catalogue\/mon-lapin-quotidien-13\/#breadcrumb","itemListElement":[{"@type":"ListItem","position":1,"name":"Accueil","item":"https:\/\/www.lassociation.fr\/en\/"},{"@type":"ListItem","position":2,"name":"Catalog","item":"https:\/\/www.lassociation.fr\/en\/catalogue\/"},{"@type":"ListItem","position":3,"name":"Mon Lapin Quotidien #13"}]},{"@type":"WebSite","@id":"https:\/\/www.lassociation.fr\/en\/#website","url":"https:\/\/www.lassociation.fr\/en\/","name":"L\u2019Association","description":"Maison d\u2019\u00e9dition fran\u00e7aise de bande dessin\u00e9e, fond\u00e9e en 1990.","publisher":{"@id":"https:\/\/www.lassociation.fr\/en\/#organization"},"potentialAction":[{"@type":"SearchAction","target":{"@type":"EntryPoint","urlTemplate":"https:\/\/www.lassociation.fr\/en\/?s={search_term_string}"},"query-input":{"@type":"PropertyValueSpecification","valueRequired":true,"valueName":"search_term_string"}}],"inLanguage":"en-US"},{"@type":"Organization","@id":"https:\/\/www.lassociation.fr\/en\/#organization","name":"L\u2019Association","url":"https:\/\/www.lassociation.fr\/en\/","logo":{"@type":"ImageObject","inLanguage":"en-US","@id":"https:\/\/www.lassociation.fr\/en\/#\/schema\/logo\/image\/","url":"https:\/\/www.lassociation.fr\/backoffice\/wp-content\/uploads\/2019\/11\/asso_large.png","contentUrl":"https:\/\/www.lassociation.fr\/backoffice\/wp-content\/uploads\/2019\/11\/asso_large.png","width":1200,"height":630,"caption":"L\u2019Association"},"image":{"@id":"https:\/\/www.lassociation.fr\/en\/#\/schema\/logo\/image\/"},"sameAs":["https:\/\/www.facebook.com\/lhydrelasso\/","https:\/\/x.com\/lassociation","https:\/\/www.instagram.com\/editions_lassociation","https:\/\/fr.wikipedia.org\/wiki\/LAssociation","https:\/\/www.youtube.com\/@editions_lassociation"]}]}},"_links":{"self":[{"href":"https:\/\/www.lassociation.fr\/en\/wp-json\/wp\/v2\/product\/9600","targetHints":{"allow":["GET"]}}],"collection":[{"href":"https:\/\/www.lassociation.fr\/en\/wp-json\/wp\/v2\/product"}],"about":[{"href":"https:\/\/www.lassociation.fr\/en\/wp-json\/wp\/v2\/types\/product"}],"wp:featuredmedia":[{"embeddable":true,"href":"https:\/\/www.lassociation.fr\/en\/wp-json\/wp\/v2\/media\/9601"}],"wp:attachment":[{"href":"https:\/\/www.lassociation.fr\/en\/wp-json\/wp\/v2\/media?parent=9600"}],"wp:term":[{"taxonomy":"product_cat","embeddable":true,"href":"https:\/\/www.lassociation.fr\/en\/wp-json\/wp\/v2\/product_cat?post=9600"},{"taxonomy":"product_tag","embeddable":true,"href":"https:\/\/www.lassociation.fr\/en\/wp-json\/wp\/v2\/product_tag?post=9600"}],"curies":[{"name":"wp","href":"https:\/\/api.w.org\/{rel}","templated":true}]}}